{"id":5324,"date":"2025-10-08T11:27:44","date_gmt":"2025-10-08T09:27:44","guid":{"rendered":"https:\/\/maisonshop.ch\/progetto\/insectenschutz-sonvico-lugano\/"},"modified":"2025-10-10T09:35:50","modified_gmt":"2025-10-10T07:35:50","slug":"insektenschutz-sonvico-lugano","status":"publish","type":"avada_portfolio","link":"https:\/\/maisonshop.ch\/de\/projekt\/insektenschutz-sonvico-lugano\/","title":{"rendered":"Insektenschutz Sonvico, Lugano"},"content":{"rendered":"<p><div class=\"fusion-fullwidth fullwidth-box fusion-builder-row-1 fusion-flex-container has-pattern-background has-mask-background nonhundred-percent-fullwidth non-hundred-percent-height-scrolling\" style=\"--awb-border-radius-top-left:0px;--awb-border-radius-top-right:0px;--awb-border-radius-bottom-right:0px;--awb-border-radius-bottom-left:0px;--awb-padding-top:0%;--awb-padding-bottom:3%;--awb-margin-bottom:0px;--awb-flex-wrap:wrap;\" ><div class=\"fusion-builder-row fusion-row fusion-flex-align-items-flex-start fusion-flex-content-wrap\" style=\"max-width:1320.8px;margin-left: calc(-4% \/ 2 );margin-right: calc(-4% \/ 2 );\"><div class=\"fusion-layout-column fusion_builder_column fusion-builder-column-0 fusion_builder_column_1_1 1_1 fusion-flex-column\" style=\"--awb-bg-size:cover;--awb-width-large:100%;--awb-margin-top-large:25px;--awb-spacing-right-large:1.92%;--awb-margin-bottom-large:25px;--awb-spacing-left-large:1.92%;--awb-width-medium:100%;--awb-order-medium:0;--awb-spacing-right-medium:1.92%;--awb-spacing-left-medium:1.92%;--awb-width-small:100%;--awb-order-small:0;--awb-spacing-right-small:1.92%;--awb-spacing-left-small:1.92%;\"><div class=\"fusion-column-wrapper fusion-column-has-shadow fusion-flex-justify-content-flex-start fusion-content-layout-column\"><div class=\"fusion-title title fusion-title-1 fusion-sep-none fusion-title-text fusion-title-size-two\" style=\"--awb-margin-top-small:8px;--awb-margin-right-small:0px;--awb-margin-bottom-small:16px;--awb-margin-left-small:0px;\"><h2 class=\"fusion-title-heading title-heading-left fusion-responsive-typography-calculated\" style=\"margin:0;--fontSize:44;line-height:1.26;\">Insektenschutz in Sonvico installiert<\/h2><\/div><div class=\"fusion-text fusion-text-1\"><p>Im Herzen des Luganese, in Sonvico, haben wir ein neues Projekt zur Installation von ma\u00dfgefertigten Insektenschutzgittern f\u00fcr ein privates Wohnhaus im Gr\u00fcnen realisiert. <span style=\"color: var(--awb-text-color); font-family: var(--awb-text-font-family); font-size: var(--awb-font-size); font-style: var(--awb-text-font-style); letter-spacing: var(--awb-letter-spacing); text-align: var(--awb-content-alignment); text-transform: var(--awb-text-transform); background-color: var(--awb-bg-color-hover);\">Die Installation wurde so geplant, dass sie maximalen Schutz vor M\u00fccken und anderen Insekten bietet, ohne auf Helligkeit und die \u00c4sthetik der Fenster zu verzichten.<\/span><\/p>\n<\/div><div class=\"fusion-title title fusion-title-2 fusion-sep-none fusion-title-text fusion-title-size-three\" style=\"--awb-margin-top-small:8px;--awb-margin-right-small:0px;--awb-margin-bottom-small:16px;--awb-margin-left-small:0px;\"><h3 class=\"fusion-title-heading title-heading-left fusion-responsive-typography-calculated\" style=\"margin:0;--fontSize:28;line-height:1.32;\">Ziel des Projekts<\/h3><\/div><div class=\"fusion-text fusion-text-2\"><p>Der Wunsch des Kunden war klar: Jeden Raum des Hauses \u2013 insbesondere die Zimmer mit Blick auf den Garten \u2013 vor der zunehmend verbreiteten Tigerm\u00fccke und anderen Insekten zu sch\u00fctzen, dabei aber einen eleganten Stil und klare Linien beizubehalten.<br \/>Wir haben uns f\u00fcr Bettio Insektenschutzgitter entschieden \u2013 wegen ihrer Zuverl\u00e4ssigkeit, Benutzerfreundlichkeit und der perfekten Integration in die bestehenden Fensterrahmen.<\/p>\n<\/div><\/div><\/div><div class=\"fusion-layout-column fusion_builder_column fusion-builder-column-1 fusion_builder_column_1_3 1_3 fusion-flex-column\" style=\"--awb-bg-size:cover;--awb-width-large:33.333333333333%;--awb-margin-top-large:25px;--awb-spacing-right-large:5.76%;--awb-margin-bottom-large:25px;--awb-spacing-left-large:5.76%;--awb-width-medium:100%;--awb-order-medium:0;--awb-spacing-right-medium:1.92%;--awb-spacing-left-medium:1.92%;--awb-width-small:100%;--awb-order-small:0;--awb-spacing-right-small:1.92%;--awb-spacing-left-small:1.92%;\"><div class=\"fusion-column-wrapper fusion-column-has-shadow fusion-flex-justify-content-flex-end fusion-content-layout-column\"><div class=\"fusion-title title fusion-title-3 fusion-sep-none fusion-title-text fusion-title-size-three\" style=\"--awb-margin-top-small:8px;--awb-margin-right-small:0px;--awb-margin-bottom-small:16px;--awb-margin-left-small:0px;\"><h3 class=\"fusion-title-heading title-heading-left fusion-responsive-typography-calculated\" style=\"margin:0;--fontSize:28;line-height:1.32;\">Installationsdetails<\/h3><\/div><ul style=\"--awb-size:16px;--awb-margin-bottom:2%;--awb-margin-left:2%;--awb-line-height:27.2px;--awb-icon-width:27.2px;--awb-icon-height:27.2px;--awb-icon-margin:11.2px;--awb-content-margin:38.4px;--awb-circlecolor:var(--awb-color3);--awb-circle-yes-font-size:14.08px;\" class=\"fusion-checklist fusion-checklist-1 fusion-checklist-default type-icons\"><li class=\"fusion-li-item\" style=\"\"><span class=\"icon-wrapper circle-yes\"><i class=\"fusion-li-icon fa-map-marker-alt fas\" aria-hidden=\"true\"><\/i><\/span><div class=\"fusion-li-item-content\">\n<p>Ort: Sonvico, Lugano<\/p>\n<\/div><\/li><li class=\"fusion-li-item\" style=\"\"><span class=\"icon-wrapper circle-yes\"><i class=\"fusion-li-icon fa-border-all fas\" aria-hidden=\"true\"><\/i><\/span><div class=\"fusion-li-item-content\">\n<p>Tipologia: Insektenschutz Neoscenica<\/p>\n<\/div><\/li><li class=\"fusion-li-item\" style=\"\"><span class=\"icon-wrapper circle-yes\"><i class=\"fusion-li-icon fa-palette fas\" aria-hidden=\"true\"><\/i><\/span><div class=\"fusion-li-item-content\">\n<p>Profilfarbe: Anthrazit<\/p>\n<\/div><\/li><li class=\"fusion-li-item\" style=\"\"><span class=\"icon-wrapper circle-yes\"><i class=\"fusion-li-icon fa-chess-board fas\" aria-hidden=\"true\"><\/i><\/span><div class=\"fusion-li-item-content\">\n<p>Netz: Standard<\/p>\n<\/div><\/li><li class=\"fusion-li-item\" style=\"\"><span class=\"icon-wrapper circle-yes\"><i class=\"fusion-li-icon fa-home fas\" aria-hidden=\"true\"><\/i><\/span><div class=\"fusion-li-item-content\">\n<p>Anwendung: Balkon- und Terrassent\u00fcren<\/p>\n<\/div><\/li><\/ul><\/div><\/div><div class=\"fusion-layout-column fusion_builder_column fusion-builder-column-2 fusion_builder_column_1_3 1_3 fusion-flex-column fusion-flex-align-self-center\" style=\"--awb-bg-size:cover;--awb-width-large:33.333333333333%;--awb-margin-top-large:25px;--awb-spacing-right-large:5.76%;--awb-margin-bottom-large:25px;--awb-spacing-left-large:5.76%;--awb-width-medium:100%;--awb-order-medium:0;--awb-spacing-right-medium:1.92%;--awb-spacing-left-medium:1.92%;--awb-width-small:100%;--awb-order-small:0;--awb-spacing-right-small:1.92%;--awb-spacing-left-small:1.92%;\"><div class=\"fusion-column-wrapper fusion-column-has-shadow fusion-flex-justify-content-center fusion-content-layout-column\"><div class=\"fusion-image-element \" style=\"text-align:center;--awb-max-width:250px;--awb-caption-title-font-family:var(--h2_typography-font-family);--awb-caption-title-font-weight:var(--h2_typography-font-weight);--awb-caption-title-font-style:var(--h2_typography-font-style);--awb-caption-title-size:var(--h2_typography-font-size);--awb-caption-title-transform:var(--h2_typography-text-transform);--awb-caption-title-line-height:var(--h2_typography-line-height);--awb-caption-title-letter-spacing:var(--h2_typography-letter-spacing);\"><span class=\" fusion-imageframe imageframe-none imageframe-1 hover-type-none\"><a class=\"fusion-no-lightbox\" href=\"https:\/\/maisonshop.ch\/de\/insektenschutz\/neoscenica\/\" target=\"_blank\" aria-label=\"Zanzariera Neoscenica\" rel=\"noopener noreferrer\"><img decoding=\"async\" width=\"1000\" height=\"1000\" alt=\"Insektenschutz Bettio Neoscenica\" src=\"https:\/\/maisonshop.ch\/wp-content\/uploads\/2022\/11\/neoscenica.jpg\" data-orig-src=\"https:\/\/maisonshop.ch\/wp-content\/uploads\/2022\/11\/neoscenica.jpg\" class=\"lazyload img-responsive wp-image-4270\" srcset=\"data:image\/svg+xml,%3Csvg%20xmlns%3D%27http%3A%2F%2Fwww.w3.org%2F2000%2Fsvg%27%20width%3D%271000%27%20height%3D%271000%27%20viewBox%3D%270%200%201000%201000%27%3E%3Crect%20width%3D%271000%27%20height%3D%271000%27%20fill-opacity%3D%220%22%2F%3E%3C%2Fsvg%3E\" data-srcset=\"https:\/\/maisonshop.ch\/wp-content\/uploads\/2022\/11\/neoscenica-200x200.jpg 200w, https:\/\/maisonshop.ch\/wp-content\/uploads\/2022\/11\/neoscenica-400x400.jpg 400w, https:\/\/maisonshop.ch\/wp-content\/uploads\/2022\/11\/neoscenica-600x600.jpg 600w, https:\/\/maisonshop.ch\/wp-content\/uploads\/2022\/11\/neoscenica-800x800.jpg 800w, https:\/\/maisonshop.ch\/wp-content\/uploads\/2022\/11\/neoscenica.jpg 1000w\" data-sizes=\"auto\" data-orig-sizes=\"(max-width: 1024px) 100vw, (max-width: 640px) 100vw, 400px\" \/><\/a><\/span><\/div><div class=\"fusion-text fusion-text-3\"><p style=\"text-align: center;\"><a href=\"\/de\/insektenschutz\/neoscenica\/\">Neoscenica<\/a><\/p>\n<\/div><\/div><\/div><div class=\"fusion-layout-column fusion_builder_column fusion-builder-column-3 fusion_builder_column_1_1 1_1 fusion-flex-column\" style=\"--awb-bg-size:cover;--awb-width-large:100%;--awb-margin-top-large:25px;--awb-spacing-right-large:1.92%;--awb-margin-bottom-large:25px;--awb-spacing-left-large:1.92%;--awb-width-medium:100%;--awb-order-medium:0;--awb-spacing-right-medium:1.92%;--awb-spacing-left-medium:1.92%;--awb-width-small:100%;--awb-order-small:0;--awb-spacing-right-small:1.92%;--awb-spacing-left-small:1.92%;\"><div class=\"fusion-column-wrapper fusion-column-has-shadow fusion-flex-justify-content-flex-start fusion-content-layout-column\"><div class=\"fusion-title title fusion-title-4 fusion-sep-none fusion-title-text fusion-title-size-three\" style=\"--awb-margin-top-small:8px;--awb-margin-right-small:0px;--awb-margin-bottom-small:16px;--awb-margin-left-small:0px;\"><h3 class=\"fusion-title-heading title-heading-left fusion-responsive-typography-calculated\" style=\"margin:0;--fontSize:28;line-height:1.32;\">Das Ergebnis<\/h3><\/div><div class=\"fusion-text fusion-text-4\"><p>Die folgenden Bilder zeigen das fertige Ergebnis: Jedes Insektenschutzgitter wurde millimetergenau montiert und passt sich ideal an die \u00d6ffnungen an. <span style=\"color: var(--awb-text-color); font-family: var(--awb-text-font-family); font-size: var(--awb-font-size); font-style: var(--awb-text-font-style); letter-spacing: var(--awb-letter-spacing); text-align: var(--awb-content-alignment); text-transform: var(--awb-text-transform); background-color: var(--awb-bg-color-hover);\"><br \/>\n  <span style=\"color: var(--awb-text-color); font-family: var(--awb-text-font-family); font-size: var(--awb-font-size); font-style: var(--awb-text-font-style); letter-spacing: var(--awb-letter-spacing); text-align: var(--awb-content-alignment); text-transform: var(--awb-text-transform); background-color: var(--awb-bg-color-hover);\">Dank des feinmaschigen Netzes und der schmalen Profile ist der Schutz vollst\u00e4ndig, bleibt jedoch optisch fast unsichtbar.<\/span><br \/>\n<\/span><br \/>\nDie neuen Insektenschutzgitter erm\u00f6glichen eine sichere Bel\u00fcftung der R\u00e4ume, ohne das Eindringen von M\u00fccken, Tigerm\u00fccken, Fliegen oder anderen Insekten.<br \/>\nEine dezente, aber unverzichtbare Massnahme, besonders in den Gebieten des Sottoceneri, wo die Tigerm\u00fccke w\u00e4hrend der gesamten Sommersaison dauerhaft pr\u00e4sent ist.<\/p>\n<\/div><div class=\"awb-gallery-wrapper awb-gallery-wrapper-1 button-span-no\" style=\"--more-btn-alignment:center;\"><div style=\"margin:-10px;--awb-bordersize:0px;--awb-columns-medium:100%;--awb-columns-small:100%;\" class=\"fusion-gallery fusion-gallery-container fusion-grid-4 fusion-columns-total-8 fusion-gallery-layout-grid fusion-gallery-1\"><div style=\"padding:10px;\" class=\"fusion-grid-column fusion-gallery-column fusion-gallery-column-4 hover-type-zoomin\"><div class=\"fusion-gallery-image\"><a href=\"https:\/\/maisonshop.ch\/wp-content\/uploads\/2025\/10\/zanzariere-sonvico-postazione.jpg\" rel=\"noreferrer\" data-rel=\"iLightbox[gallery_image_1]\" class=\"fusion-lightbox\" target=\"_self\"><img decoding=\"async\" src=\"https:\/\/maisonshop.ch\/wp-content\/uploads\/2025\/10\/zanzariere-sonvico-postazione.jpg\" data-orig-src=\"https:\/\/maisonshop.ch\/wp-content\/uploads\/2025\/10\/zanzariere-sonvico-postazione.jpg\" width=\"1000\" height=\"665\" alt=\"Zanzariere Sonvice Postazione\" title=\"zanzariere-sonvico-postazione\" aria-label=\"zanzariere-sonvico-postazione\" class=\"lazyload img-responsive wp-image-5286\" srcset=\"data:image\/svg+xml,%3Csvg%20xmlns%3D%27http%3A%2F%2Fwww.w3.org%2F2000%2Fsvg%27%20width%3D%271000%27%20height%3D%27665%27%20viewBox%3D%270%200%201000%20665%27%3E%3Crect%20width%3D%271000%27%20height%3D%27665%27%20fill-opacity%3D%220%22%2F%3E%3C%2Fsvg%3E\" data-srcset=\"https:\/\/maisonshop.ch\/wp-content\/uploads\/2025\/10\/zanzariere-sonvico-postazione-200x133.jpg 200w, https:\/\/maisonshop.ch\/wp-content\/uploads\/2025\/10\/zanzariere-sonvico-postazione-400x266.jpg 400w, https:\/\/maisonshop.ch\/wp-content\/uploads\/2025\/10\/zanzariere-sonvico-postazione-600x399.jpg 600w, https:\/\/maisonshop.ch\/wp-content\/uploads\/2025\/10\/zanzariere-sonvico-postazione-800x532.jpg 800w, https:\/\/maisonshop.ch\/wp-content\/uploads\/2025\/10\/zanzariere-sonvico-postazione.jpg 1000w\" data-sizes=\"auto\" data-orig-sizes=\"(min-width: 2200px) 100vw, (min-width: 856px) 310px, (min-width: 784px) 413px, (min-width: 712px) 620px, (min-width: 640px) 712px, \" \/><\/a><\/div><\/div><div style=\"padding:10px;\" class=\"fusion-grid-column fusion-gallery-column fusion-gallery-column-4 hover-type-zoomin\"><div class=\"fusion-gallery-image\"><a href=\"https:\/\/maisonshop.ch\/wp-content\/uploads\/2025\/10\/zanzariere-sonvico-materiale.jpg\" rel=\"noreferrer\" data-rel=\"iLightbox[gallery_image_1]\" class=\"fusion-lightbox\" target=\"_self\"><img decoding=\"async\" src=\"https:\/\/maisonshop.ch\/wp-content\/uploads\/2025\/10\/zanzariere-sonvico-materiale.jpg\" data-orig-src=\"https:\/\/maisonshop.ch\/wp-content\/uploads\/2025\/10\/zanzariere-sonvico-materiale.jpg\" width=\"1000\" height=\"665\" alt=\"Zanzariere Sonvico materiale\" title=\"zanzariere-sonvico-materiale\" aria-label=\"zanzariere-sonvico-materiale\" class=\"lazyload img-responsive wp-image-5282\" srcset=\"data:image\/svg+xml,%3Csvg%20xmlns%3D%27http%3A%2F%2Fwww.w3.org%2F2000%2Fsvg%27%20width%3D%271000%27%20height%3D%27665%27%20viewBox%3D%270%200%201000%20665%27%3E%3Crect%20width%3D%271000%27%20height%3D%27665%27%20fill-opacity%3D%220%22%2F%3E%3C%2Fsvg%3E\" data-srcset=\"https:\/\/maisonshop.ch\/wp-content\/uploads\/2025\/10\/zanzariere-sonvico-materiale-200x133.jpg 200w, https:\/\/maisonshop.ch\/wp-content\/uploads\/2025\/10\/zanzariere-sonvico-materiale-400x266.jpg 400w, https:\/\/maisonshop.ch\/wp-content\/uploads\/2025\/10\/zanzariere-sonvico-materiale-600x399.jpg 600w, https:\/\/maisonshop.ch\/wp-content\/uploads\/2025\/10\/zanzariere-sonvico-materiale-800x532.jpg 800w, https:\/\/maisonshop.ch\/wp-content\/uploads\/2025\/10\/zanzariere-sonvico-materiale.jpg 1000w\" data-sizes=\"auto\" data-orig-sizes=\"(min-width: 2200px) 100vw, (min-width: 856px) 310px, (min-width: 784px) 413px, (min-width: 712px) 620px, (min-width: 640px) 712px, \" \/><\/a><\/div><\/div><div style=\"padding:10px;\" class=\"fusion-grid-column fusion-gallery-column fusion-gallery-column-4 hover-type-zoomin\"><div class=\"fusion-gallery-image\"><a href=\"https:\/\/maisonshop.ch\/wp-content\/uploads\/2025\/10\/zanzariere-sonvico-fissaggio.jpg\" rel=\"noreferrer\" data-rel=\"iLightbox[gallery_image_1]\" class=\"fusion-lightbox\" target=\"_self\"><img decoding=\"async\" src=\"https:\/\/maisonshop.ch\/wp-content\/uploads\/2025\/10\/zanzariere-sonvico-fissaggio.jpg\" data-orig-src=\"https:\/\/maisonshop.ch\/wp-content\/uploads\/2025\/10\/zanzariere-sonvico-fissaggio.jpg\" width=\"1000\" height=\"665\" alt=\"Zanzariere Sonvico fissaggio\" title=\"zanzariere-sonvico-fissaggio\" aria-label=\"zanzariere-sonvico-fissaggio\" class=\"lazyload img-responsive wp-image-5276\" srcset=\"data:image\/svg+xml,%3Csvg%20xmlns%3D%27http%3A%2F%2Fwww.w3.org%2F2000%2Fsvg%27%20width%3D%271000%27%20height%3D%27665%27%20viewBox%3D%270%200%201000%20665%27%3E%3Crect%20width%3D%271000%27%20height%3D%27665%27%20fill-opacity%3D%220%22%2F%3E%3C%2Fsvg%3E\" data-srcset=\"https:\/\/maisonshop.ch\/wp-content\/uploads\/2025\/10\/zanzariere-sonvico-fissaggio-200x133.jpg 200w, https:\/\/maisonshop.ch\/wp-content\/uploads\/2025\/10\/zanzariere-sonvico-fissaggio-400x266.jpg 400w, https:\/\/maisonshop.ch\/wp-content\/uploads\/2025\/10\/zanzariere-sonvico-fissaggio-600x399.jpg 600w, https:\/\/maisonshop.ch\/wp-content\/uploads\/2025\/10\/zanzariere-sonvico-fissaggio-800x532.jpg 800w, https:\/\/maisonshop.ch\/wp-content\/uploads\/2025\/10\/zanzariere-sonvico-fissaggio.jpg 1000w\" data-sizes=\"auto\" data-orig-sizes=\"(min-width: 2200px) 100vw, (min-width: 856px) 310px, (min-width: 784px) 413px, (min-width: 712px) 620px, (min-width: 640px) 712px, \" \/><\/a><\/div><\/div><div style=\"padding:10px;\" class=\"fusion-grid-column fusion-gallery-column fusion-gallery-column-4 hover-type-zoomin\"><div class=\"fusion-gallery-image\"><a href=\"https:\/\/maisonshop.ch\/wp-content\/uploads\/2025\/10\/zanzariere-sonvico-installazione.jpg\" rel=\"noreferrer\" data-rel=\"iLightbox[gallery_image_1]\" class=\"fusion-lightbox\" target=\"_self\"><img decoding=\"async\" src=\"https:\/\/maisonshop.ch\/wp-content\/uploads\/2025\/10\/zanzariere-sonvico-installazione.jpg\" data-orig-src=\"https:\/\/maisonshop.ch\/wp-content\/uploads\/2025\/10\/zanzariere-sonvico-installazione.jpg\" width=\"1000\" height=\"665\" alt=\"Zanzariere Sonvico installazione\" title=\"zanzariere-sonvico-installazione\" aria-label=\"zanzariere-sonvico-installazione\" class=\"lazyload img-responsive wp-image-5278\" srcset=\"data:image\/svg+xml,%3Csvg%20xmlns%3D%27http%3A%2F%2Fwww.w3.org%2F2000%2Fsvg%27%20width%3D%271000%27%20height%3D%27665%27%20viewBox%3D%270%200%201000%20665%27%3E%3Crect%20width%3D%271000%27%20height%3D%27665%27%20fill-opacity%3D%220%22%2F%3E%3C%2Fsvg%3E\" data-srcset=\"https:\/\/maisonshop.ch\/wp-content\/uploads\/2025\/10\/zanzariere-sonvico-installazione-200x133.jpg 200w, https:\/\/maisonshop.ch\/wp-content\/uploads\/2025\/10\/zanzariere-sonvico-installazione-400x266.jpg 400w, https:\/\/maisonshop.ch\/wp-content\/uploads\/2025\/10\/zanzariere-sonvico-installazione-600x399.jpg 600w, https:\/\/maisonshop.ch\/wp-content\/uploads\/2025\/10\/zanzariere-sonvico-installazione-800x532.jpg 800w, https:\/\/maisonshop.ch\/wp-content\/uploads\/2025\/10\/zanzariere-sonvico-installazione.jpg 1000w\" data-sizes=\"auto\" data-orig-sizes=\"(min-width: 2200px) 100vw, (min-width: 856px) 310px, (min-width: 784px) 413px, (min-width: 712px) 620px, (min-width: 640px) 712px, \" \/><\/a><\/div><\/div><div class=\"clearfix\"><\/div><div style=\"padding:10px;\" class=\"fusion-grid-column fusion-gallery-column fusion-gallery-column-4 hover-type-zoomin\"><div class=\"fusion-gallery-image\"><a href=\"https:\/\/maisonshop.ch\/wp-content\/uploads\/2025\/10\/zanzariere-sonvico-misurazione.jpg\" rel=\"noreferrer\" data-rel=\"iLightbox[gallery_image_1]\" class=\"fusion-lightbox\" target=\"_self\"><img decoding=\"async\" src=\"https:\/\/maisonshop.ch\/wp-content\/uploads\/2025\/10\/zanzariere-sonvico-misurazione.jpg\" data-orig-src=\"https:\/\/maisonshop.ch\/wp-content\/uploads\/2025\/10\/zanzariere-sonvico-misurazione.jpg\" width=\"1000\" height=\"665\" alt=\"Zanzariere Sonvico misurazione\" title=\"zanzariere-sonvico-misurazione\" aria-label=\"zanzariere-sonvico-misurazione\" class=\"lazyload img-responsive wp-image-5284\" srcset=\"data:image\/svg+xml,%3Csvg%20xmlns%3D%27http%3A%2F%2Fwww.w3.org%2F2000%2Fsvg%27%20width%3D%271000%27%20height%3D%27665%27%20viewBox%3D%270%200%201000%20665%27%3E%3Crect%20width%3D%271000%27%20height%3D%27665%27%20fill-opacity%3D%220%22%2F%3E%3C%2Fsvg%3E\" data-srcset=\"https:\/\/maisonshop.ch\/wp-content\/uploads\/2025\/10\/zanzariere-sonvico-misurazione-200x133.jpg 200w, https:\/\/maisonshop.ch\/wp-content\/uploads\/2025\/10\/zanzariere-sonvico-misurazione-400x266.jpg 400w, https:\/\/maisonshop.ch\/wp-content\/uploads\/2025\/10\/zanzariere-sonvico-misurazione-600x399.jpg 600w, https:\/\/maisonshop.ch\/wp-content\/uploads\/2025\/10\/zanzariere-sonvico-misurazione-800x532.jpg 800w, https:\/\/maisonshop.ch\/wp-content\/uploads\/2025\/10\/zanzariere-sonvico-misurazione.jpg 1000w\" data-sizes=\"auto\" data-orig-sizes=\"(min-width: 2200px) 100vw, (min-width: 856px) 310px, (min-width: 784px) 413px, (min-width: 712px) 620px, (min-width: 640px) 712px, \" \/><\/a><\/div><\/div><div style=\"padding:10px;\" class=\"fusion-grid-column fusion-gallery-column fusion-gallery-column-4 hover-type-zoomin\"><div class=\"fusion-gallery-image\"><a href=\"https:\/\/maisonshop.ch\/wp-content\/uploads\/2025\/10\/MS_zanzariera_48-scaled.jpg\" rel=\"noreferrer\" data-rel=\"iLightbox[gallery_image_1]\" class=\"fusion-lightbox\" target=\"_self\"><img decoding=\"async\" src=\"https:\/\/maisonshop.ch\/wp-content\/uploads\/2025\/10\/MS_zanzariera_48-scaled.jpg\" data-orig-src=\"https:\/\/maisonshop.ch\/wp-content\/uploads\/2025\/10\/MS_zanzariera_48-scaled.jpg\" width=\"2560\" height=\"1703\" alt=\"Zanzariere Sonvico Lugano test\" title=\"MS_zanzariera_48\" aria-label=\"MS_zanzariera_48\" class=\"lazyload img-responsive wp-image-5292\" srcset=\"data:image\/svg+xml,%3Csvg%20xmlns%3D%27http%3A%2F%2Fwww.w3.org%2F2000%2Fsvg%27%20width%3D%272560%27%20height%3D%271703%27%20viewBox%3D%270%200%202560%201703%27%3E%3Crect%20width%3D%272560%27%20height%3D%271703%27%20fill-opacity%3D%220%22%2F%3E%3C%2Fsvg%3E\" data-srcset=\"https:\/\/maisonshop.ch\/wp-content\/uploads\/2025\/10\/MS_zanzariera_48-200x133.jpg 200w, https:\/\/maisonshop.ch\/wp-content\/uploads\/2025\/10\/MS_zanzariera_48-400x266.jpg 400w, https:\/\/maisonshop.ch\/wp-content\/uploads\/2025\/10\/MS_zanzariera_48-600x399.jpg 600w, https:\/\/maisonshop.ch\/wp-content\/uploads\/2025\/10\/MS_zanzariera_48-800x532.jpg 800w, https:\/\/maisonshop.ch\/wp-content\/uploads\/2025\/10\/MS_zanzariera_48-1200x799.jpg 1200w, https:\/\/maisonshop.ch\/wp-content\/uploads\/2025\/10\/MS_zanzariera_48-scaled.jpg 2560w\" data-sizes=\"auto\" data-orig-sizes=\"(min-width: 2200px) 100vw, (min-width: 856px) 310px, (min-width: 784px) 413px, (min-width: 712px) 620px, (min-width: 640px) 712px, \" \/><\/a><\/div><\/div><div style=\"padding:10px;\" class=\"fusion-grid-column fusion-gallery-column fusion-gallery-column-4 hover-type-zoomin\"><div class=\"fusion-gallery-image\"><a href=\"https:\/\/maisonshop.ch\/wp-content\/uploads\/2025\/10\/zanzariere-sonvico-invisibile.jpg\" rel=\"noreferrer\" data-rel=\"iLightbox[gallery_image_1]\" class=\"fusion-lightbox\" target=\"_self\"><img decoding=\"async\" src=\"https:\/\/maisonshop.ch\/wp-content\/uploads\/2025\/10\/zanzariere-sonvico-invisibile.jpg\" data-orig-src=\"https:\/\/maisonshop.ch\/wp-content\/uploads\/2025\/10\/zanzariere-sonvico-invisibile.jpg\" width=\"1000\" height=\"665\" alt=\"Zanzariere Sonvico invisibile\" title=\"zanzariere-sonvico-invisibile\" aria-label=\"zanzariere-sonvico-invisibile\" class=\"lazyload img-responsive wp-image-5280\" srcset=\"data:image\/svg+xml,%3Csvg%20xmlns%3D%27http%3A%2F%2Fwww.w3.org%2F2000%2Fsvg%27%20width%3D%271000%27%20height%3D%27665%27%20viewBox%3D%270%200%201000%20665%27%3E%3Crect%20width%3D%271000%27%20height%3D%27665%27%20fill-opacity%3D%220%22%2F%3E%3C%2Fsvg%3E\" data-srcset=\"https:\/\/maisonshop.ch\/wp-content\/uploads\/2025\/10\/zanzariere-sonvico-invisibile-200x133.jpg 200w, https:\/\/maisonshop.ch\/wp-content\/uploads\/2025\/10\/zanzariere-sonvico-invisibile-400x266.jpg 400w, https:\/\/maisonshop.ch\/wp-content\/uploads\/2025\/10\/zanzariere-sonvico-invisibile-600x399.jpg 600w, https:\/\/maisonshop.ch\/wp-content\/uploads\/2025\/10\/zanzariere-sonvico-invisibile-800x532.jpg 800w, https:\/\/maisonshop.ch\/wp-content\/uploads\/2025\/10\/zanzariere-sonvico-invisibile.jpg 1000w\" data-sizes=\"auto\" data-orig-sizes=\"(min-width: 2200px) 100vw, (min-width: 856px) 310px, (min-width: 784px) 413px, (min-width: 712px) 620px, (min-width: 640px) 712px, \" \/><\/a><\/div><\/div><div style=\"padding:10px;\" class=\"fusion-grid-column fusion-gallery-column fusion-gallery-column-4 hover-type-zoomin\"><div class=\"fusion-gallery-image\"><a href=\"https:\/\/maisonshop.ch\/wp-content\/uploads\/2025\/10\/zanzariere-sonvico-risultato-finale.jpg\" rel=\"noreferrer\" data-rel=\"iLightbox[gallery_image_1]\" class=\"fusion-lightbox\" target=\"_self\"><img decoding=\"async\" src=\"https:\/\/maisonshop.ch\/wp-content\/uploads\/2025\/10\/zanzariere-sonvico-risultato-finale.jpg\" data-orig-src=\"https:\/\/maisonshop.ch\/wp-content\/uploads\/2025\/10\/zanzariere-sonvico-risultato-finale.jpg\" width=\"1000\" height=\"665\" alt=\"Zanzariere Sonvico Lugano risultato finale\" title=\"zanzariere-sonvico-risultato-finale\" aria-label=\"zanzariere-sonvico-risultato-finale\" class=\"lazyload img-responsive wp-image-5294\" srcset=\"data:image\/svg+xml,%3Csvg%20xmlns%3D%27http%3A%2F%2Fwww.w3.org%2F2000%2Fsvg%27%20width%3D%271000%27%20height%3D%27665%27%20viewBox%3D%270%200%201000%20665%27%3E%3Crect%20width%3D%271000%27%20height%3D%27665%27%20fill-opacity%3D%220%22%2F%3E%3C%2Fsvg%3E\" data-srcset=\"https:\/\/maisonshop.ch\/wp-content\/uploads\/2025\/10\/zanzariere-sonvico-risultato-finale-200x133.jpg 200w, https:\/\/maisonshop.ch\/wp-content\/uploads\/2025\/10\/zanzariere-sonvico-risultato-finale-400x266.jpg 400w, https:\/\/maisonshop.ch\/wp-content\/uploads\/2025\/10\/zanzariere-sonvico-risultato-finale-600x399.jpg 600w, https:\/\/maisonshop.ch\/wp-content\/uploads\/2025\/10\/zanzariere-sonvico-risultato-finale-800x532.jpg 800w, https:\/\/maisonshop.ch\/wp-content\/uploads\/2025\/10\/zanzariere-sonvico-risultato-finale.jpg 1000w\" data-sizes=\"auto\" data-orig-sizes=\"(min-width: 2200px) 100vw, (min-width: 856px) 310px, (min-width: 784px) 413px, (min-width: 712px) 620px, (min-width: 640px) 712px, \" \/><\/a><\/div><\/div><div class=\"clearfix\"><\/div><\/div><\/div><\/div><\/div><\/div><\/div><div class=\"fusion-fullwidth fullwidth-box fusion-builder-row-2 fusion-flex-container has-pattern-background has-mask-background nonhundred-percent-fullwidth non-hundred-percent-height-scrolling\" style=\"--awb-border-radius-top-left:0px;--awb-border-radius-top-right:0px;--awb-border-radius-bottom-right:0px;--awb-border-radius-bottom-left:0px;--awb-padding-top:0%;--awb-padding-bottom:0%;--awb-flex-wrap:wrap;\" ><div class=\"fusion-builder-row fusion-row fusion-flex-align-items-flex-start fusion-flex-content-wrap\" style=\"max-width:1320.8px;margin-left: calc(-4% \/ 2 );margin-right: calc(-4% \/ 2 );\"><div class=\"fusion-layout-column fusion_builder_column fusion-builder-column-4 fusion_builder_column_1_5 1_5 fusion-flex-column\" style=\"--awb-bg-size:cover;--awb-width-large:20%;--awb-margin-top-large:25px;--awb-spacing-right-large:9.6%;--awb-margin-bottom-large:25px;--awb-spacing-left-large:9.6%;--awb-width-medium:100%;--awb-order-medium:0;--awb-spacing-right-medium:1.92%;--awb-spacing-left-medium:1.92%;--awb-width-small:100%;--awb-order-small:0;--awb-spacing-right-small:1.92%;--awb-spacing-left-small:1.92%;\"><div class=\"fusion-column-wrapper fusion-column-has-shadow fusion-flex-justify-content-flex-start fusion-content-layout-column\"><\/div><\/div><div class=\"fusion-layout-column fusion_builder_column fusion-builder-column-5 fusion_builder_column_3_5 3_5 fusion-flex-column\" style=\"--awb-bg-size:cover;--awb-width-large:60%;--awb-margin-top-large:25px;--awb-spacing-right-large:3.2%;--awb-margin-bottom-large:25px;--awb-spacing-left-large:3.2%;--awb-width-medium:100%;--awb-order-medium:0;--awb-spacing-right-medium:1.92%;--awb-spacing-left-medium:1.92%;--awb-width-small:100%;--awb-order-small:0;--awb-spacing-right-small:1.92%;--awb-spacing-left-small:1.92%;\"><div class=\"fusion-column-wrapper fusion-column-has-shadow fusion-flex-justify-content-flex-start fusion-content-layout-column\"><div class=\"fusion-reading-box-container reading-box-container-1\" style=\"--awb-title-color:var(--awb-color7);--awb-margin-top:0px;--awb-margin-bottom:20px;\"><div class=\"reading-box reading-box-center\" style=\"background-color:var(--awb-color2);border-width:1px;border-color:rgba(226,226,226,0);border-top-width:3px;border-top-color:var(--primary_color);border-style:solid;\"><h2>Unverbindliche Offerte<\/h2><div class=\"reading-box-description fusion-reading-box-additional\">Wir realisieren massgeschneiderte L\u00f6sungen f\u00fcr jedes Bed\u00fcrfnis.<\/div><div class=\"fusion-clearfix\"><\/div><a class=\"button fusion-button button-default fusion-button-default-size button-default-size button-flat fusion-mobile-button continue-center\" style=\"-webkit-box-shadow:none;-moz-box-shadow:none;box-shadow:none;border-radius:0px 0px 0px 0px\" href=\"https:\/\/maisonshop.ch\/de\/kontakt\/\" target=\"_self\"><span>Unverbindliche Offerte anfordern<\/span><\/a><\/div><\/div>\n<\/div><\/div><div class=\"fusion-layout-column fusion_builder_column fusion-builder-column-6 fusion_builder_column_1_5 1_5 fusion-flex-column\" style=\"--awb-bg-size:cover;--awb-width-large:20%;--awb-margin-top-large:25px;--awb-spacing-right-large:9.6%;--awb-margin-bottom-large:25px;--awb-spacing-left-large:9.6%;--awb-width-medium:100%;--awb-order-medium:0;--awb-spacing-right-medium:1.92%;--awb-spacing-left-medium:1.92%;--awb-width-small:100%;--awb-order-small:0;--awb-spacing-right-small:1.92%;--awb-spacing-left-small:1.92%;\"><div class=\"fusion-column-wrapper fusion-column-has-shadow fusion-flex-justify-content-flex-start fusion-content-layout-column\"><\/div><\/div><\/div><\/div><\/p>\n","protected":false},"excerpt":{"rendered":"","protected":false},"author":1,"featured_media":5292,"menu_order":0,"comment_status":"closed","ping_status":"closed","template":"","format":"gallery","meta":{"_monsterinsights_skip_tracking":false,"_monsterinsights_sitenote_active":false,"_monsterinsights_sitenote_note":"","_monsterinsights_sitenote_category":0,"_themeisle_gutenberg_block_has_review":false,"footnotes":""},"portfolio_category":[44,45],"portfolio_skills":[],"portfolio_tags":[],"class_list":["post-5324","avada_portfolio","type-avada_portfolio","status-publish","format-gallery","has-post-thumbnail","hentry","portfolio_category-insektenschutz","portfolio_category-insektenschutz-lugano"],"yoast_head":"<!-- This site is optimized with the Yoast SEO plugin v27.2 - https:\/\/yoast.com\/product\/yoast-seo-wordpress\/ -->\n<title>Massgefertigte Insektenschutzgitter in Sonvico, Lugano \u2013 Eleganter SchutzTitel<\/title>\n<meta name=\"description\" content=\"Entdecke unser Projekt in Sonvico, Lugano: massgeschneiderte und elegante Bettio L\u00f6sungen zum Schutz vor M\u00fccken und Insekten.\" \/>\n<meta name=\"robots\" content=\"index, follow, max-snippet:-1, max-image-preview:large, max-video-preview:-1\" \/>\n<link rel=\"canonical\" href=\"https:\/\/maisonshop.ch\/de\/projekt\/insektenschutz-sonvico-lugano\/\" \/>\n<meta property=\"og:locale\" content=\"de_DE\" \/>\n<meta property=\"og:type\" content=\"article\" \/>\n<meta property=\"og:title\" content=\"Massgefertigte Insektenschutzgitter in Sonvico, Lugano \u2013 Eleganter SchutzTitel\" \/>\n<meta property=\"og:description\" content=\"Entdecke unser Projekt in Sonvico, Lugano: massgeschneiderte und elegante Bettio L\u00f6sungen zum Schutz vor M\u00fccken und Insekten.\" \/>\n<meta property=\"og:url\" content=\"https:\/\/maisonshop.ch\/de\/projekt\/insektenschutz-sonvico-lugano\/\" \/>\n<meta property=\"og:site_name\" content=\"Maisonshop.ch\" \/>\n<meta property=\"article:publisher\" content=\"https:\/\/www.facebook.com\/MaisonShopCh\" \/>\n<meta property=\"article:modified_time\" content=\"2025-10-10T07:35:50+00:00\" \/>\n<meta property=\"og:image\" content=\"https:\/\/maisonshop.ch\/wp-content\/uploads\/2025\/10\/MS_zanzariera_48-scaled.jpg\" \/>\n\t<meta property=\"og:image:width\" content=\"2560\" \/>\n\t<meta property=\"og:image:height\" content=\"1703\" \/>\n\t<meta property=\"og:image:type\" content=\"image\/jpeg\" \/>\n<meta name=\"twitter:card\" content=\"summary_large_image\" \/>\n<meta name=\"twitter:label1\" content=\"Gesch\u00e4tzte Lesezeit\" \/>\n\t<meta name=\"twitter:data1\" content=\"19\u00a0Minuten\" \/>\n<script type=\"application\/ld+json\" class=\"yoast-schema-graph\">{\"@context\":\"https:\/\/schema.org\",\"@graph\":[{\"@type\":\"WebPage\",\"@id\":\"https:\/\/maisonshop.ch\/de\/projekt\/insektenschutz-sonvico-lugano\/\",\"url\":\"https:\/\/maisonshop.ch\/de\/projekt\/insektenschutz-sonvico-lugano\/\",\"name\":\"Massgefertigte Insektenschutzgitter in Sonvico, Lugano \u2013 Eleganter SchutzTitel\",\"isPartOf\":{\"@id\":\"https:\/\/maisonshop.ch\/de\/#website\"},\"primaryImageOfPage\":{\"@id\":\"https:\/\/maisonshop.ch\/de\/projekt\/insektenschutz-sonvico-lugano\/#primaryimage\"},\"image\":{\"@id\":\"https:\/\/maisonshop.ch\/de\/projekt\/insektenschutz-sonvico-lugano\/#primaryimage\"},\"thumbnailUrl\":\"https:\/\/maisonshop.ch\/wp-content\/uploads\/2025\/10\/MS_zanzariera_48-scaled.jpg\",\"datePublished\":\"2025-10-08T09:27:44+00:00\",\"dateModified\":\"2025-10-10T07:35:50+00:00\",\"description\":\"Entdecke unser Projekt in Sonvico, Lugano: massgeschneiderte und elegante Bettio L\u00f6sungen zum Schutz vor M\u00fccken und Insekten.\",\"breadcrumb\":{\"@id\":\"https:\/\/maisonshop.ch\/de\/projekt\/insektenschutz-sonvico-lugano\/#breadcrumb\"},\"inLanguage\":\"de\",\"potentialAction\":[{\"@type\":\"ReadAction\",\"target\":[\"https:\/\/maisonshop.ch\/de\/projekt\/insektenschutz-sonvico-lugano\/\"]}]},{\"@type\":\"ImageObject\",\"inLanguage\":\"de\",\"@id\":\"https:\/\/maisonshop.ch\/de\/projekt\/insektenschutz-sonvico-lugano\/#primaryimage\",\"url\":\"https:\/\/maisonshop.ch\/wp-content\/uploads\/2025\/10\/MS_zanzariera_48-scaled.jpg\",\"contentUrl\":\"https:\/\/maisonshop.ch\/wp-content\/uploads\/2025\/10\/MS_zanzariera_48-scaled.jpg\",\"width\":2560,\"height\":1703,\"caption\":\"Zanzariere Sonvico Lugano test\"},{\"@type\":\"BreadcrumbList\",\"@id\":\"https:\/\/maisonshop.ch\/de\/projekt\/insektenschutz-sonvico-lugano\/#breadcrumb\",\"itemListElement\":[{\"@type\":\"ListItem\",\"position\":1,\"name\":\"Home\",\"item\":\"https:\/\/maisonshop.ch\/de\/home\/\"},{\"@type\":\"ListItem\",\"position\":2,\"name\":\"Portfolio\",\"item\":\"https:\/\/maisonshop.ch\/de\/projekt\/\"},{\"@type\":\"ListItem\",\"position\":3,\"name\":\"Insektenschutz Sonvico, Lugano\"}]},{\"@type\":\"WebSite\",\"@id\":\"https:\/\/maisonshop.ch\/de\/#website\",\"url\":\"https:\/\/maisonshop.ch\/de\/\",\"name\":\"Maisonshop.ch\",\"description\":\"Le ma\u00eetre d\u00e9corateur\",\"publisher\":{\"@id\":\"https:\/\/maisonshop.ch\/de\/#organization\"},\"alternateName\":\"Maison Shop\",\"potentialAction\":[{\"@type\":\"SearchAction\",\"target\":{\"@type\":\"EntryPoint\",\"urlTemplate\":\"https:\/\/maisonshop.ch\/de\/?s={search_term_string}\"},\"query-input\":{\"@type\":\"PropertyValueSpecification\",\"valueRequired\":true,\"valueName\":\"search_term_string\"}}],\"inLanguage\":\"de\"},{\"@type\":\"Organization\",\"@id\":\"https:\/\/maisonshop.ch\/de\/#organization\",\"name\":\"Maisonshop.ch Sagl\",\"url\":\"https:\/\/maisonshop.ch\/de\/\",\"logo\":{\"@type\":\"ImageObject\",\"inLanguage\":\"de\",\"@id\":\"https:\/\/maisonshop.ch\/de\/#\/schema\/logo\/image\/\",\"url\":\"https:\/\/maisonshop.ch\/wp-content\/uploads\/2022\/10\/ms-logo-400x90cm.png\",\"contentUrl\":\"https:\/\/maisonshop.ch\/wp-content\/uploads\/2022\/10\/ms-logo-400x90cm.png\",\"width\":400,\"height\":90,\"caption\":\"Maisonshop.ch Sagl\"},\"image\":{\"@id\":\"https:\/\/maisonshop.ch\/de\/#\/schema\/logo\/image\/\"},\"sameAs\":[\"https:\/\/www.facebook.com\/MaisonShopCh\"]}]}<\/script>\n<!-- \/ Yoast SEO plugin. -->","yoast_head_json":{"title":"Massgefertigte Insektenschutzgitter in Sonvico, Lugano \u2013 Eleganter SchutzTitel","description":"Entdecke unser Projekt in Sonvico, Lugano: massgeschneiderte und elegante Bettio L\u00f6sungen zum Schutz vor M\u00fccken und Insekten.","robots":{"index":"index","follow":"follow","max-snippet":"max-snippet:-1","max-image-preview":"max-image-preview:large","max-video-preview":"max-video-preview:-1"},"canonical":"https:\/\/maisonshop.ch\/de\/projekt\/insektenschutz-sonvico-lugano\/","og_locale":"de_DE","og_type":"article","og_title":"Massgefertigte Insektenschutzgitter in Sonvico, Lugano \u2013 Eleganter SchutzTitel","og_description":"Entdecke unser Projekt in Sonvico, Lugano: massgeschneiderte und elegante Bettio L\u00f6sungen zum Schutz vor M\u00fccken und Insekten.","og_url":"https:\/\/maisonshop.ch\/de\/projekt\/insektenschutz-sonvico-lugano\/","og_site_name":"Maisonshop.ch","article_publisher":"https:\/\/www.facebook.com\/MaisonShopCh","article_modified_time":"2025-10-10T07:35:50+00:00","og_image":[{"width":2560,"height":1703,"url":"https:\/\/maisonshop.ch\/wp-content\/uploads\/2025\/10\/MS_zanzariera_48-scaled.jpg","type":"image\/jpeg"}],"twitter_card":"summary_large_image","twitter_misc":{"Gesch\u00e4tzte Lesezeit":"19\u00a0Minuten"},"schema":{"@context":"https:\/\/schema.org","@graph":[{"@type":"WebPage","@id":"https:\/\/maisonshop.ch\/de\/projekt\/insektenschutz-sonvico-lugano\/","url":"https:\/\/maisonshop.ch\/de\/projekt\/insektenschutz-sonvico-lugano\/","name":"Massgefertigte Insektenschutzgitter in Sonvico, Lugano \u2013 Eleganter SchutzTitel","isPartOf":{"@id":"https:\/\/maisonshop.ch\/de\/#website"},"primaryImageOfPage":{"@id":"https:\/\/maisonshop.ch\/de\/projekt\/insektenschutz-sonvico-lugano\/#primaryimage"},"image":{"@id":"https:\/\/maisonshop.ch\/de\/projekt\/insektenschutz-sonvico-lugano\/#primaryimage"},"thumbnailUrl":"https:\/\/maisonshop.ch\/wp-content\/uploads\/2025\/10\/MS_zanzariera_48-scaled.jpg","datePublished":"2025-10-08T09:27:44+00:00","dateModified":"2025-10-10T07:35:50+00:00","description":"Entdecke unser Projekt in Sonvico, Lugano: massgeschneiderte und elegante Bettio L\u00f6sungen zum Schutz vor M\u00fccken und Insekten.","breadcrumb":{"@id":"https:\/\/maisonshop.ch\/de\/projekt\/insektenschutz-sonvico-lugano\/#breadcrumb"},"inLanguage":"de","potentialAction":[{"@type":"ReadAction","target":["https:\/\/maisonshop.ch\/de\/projekt\/insektenschutz-sonvico-lugano\/"]}]},{"@type":"ImageObject","inLanguage":"de","@id":"https:\/\/maisonshop.ch\/de\/projekt\/insektenschutz-sonvico-lugano\/#primaryimage","url":"https:\/\/maisonshop.ch\/wp-content\/uploads\/2025\/10\/MS_zanzariera_48-scaled.jpg","contentUrl":"https:\/\/maisonshop.ch\/wp-content\/uploads\/2025\/10\/MS_zanzariera_48-scaled.jpg","width":2560,"height":1703,"caption":"Zanzariere Sonvico Lugano test"},{"@type":"BreadcrumbList","@id":"https:\/\/maisonshop.ch\/de\/projekt\/insektenschutz-sonvico-lugano\/#breadcrumb","itemListElement":[{"@type":"ListItem","position":1,"name":"Home","item":"https:\/\/maisonshop.ch\/de\/home\/"},{"@type":"ListItem","position":2,"name":"Portfolio","item":"https:\/\/maisonshop.ch\/de\/projekt\/"},{"@type":"ListItem","position":3,"name":"Insektenschutz Sonvico, Lugano"}]},{"@type":"WebSite","@id":"https:\/\/maisonshop.ch\/de\/#website","url":"https:\/\/maisonshop.ch\/de\/","name":"Maisonshop.ch","description":"Le ma\u00eetre d\u00e9corateur","publisher":{"@id":"https:\/\/maisonshop.ch\/de\/#organization"},"alternateName":"Maison Shop","potentialAction":[{"@type":"SearchAction","target":{"@type":"EntryPoint","urlTemplate":"https:\/\/maisonshop.ch\/de\/?s={search_term_string}"},"query-input":{"@type":"PropertyValueSpecification","valueRequired":true,"valueName":"search_term_string"}}],"inLanguage":"de"},{"@type":"Organization","@id":"https:\/\/maisonshop.ch\/de\/#organization","name":"Maisonshop.ch Sagl","url":"https:\/\/maisonshop.ch\/de\/","logo":{"@type":"ImageObject","inLanguage":"de","@id":"https:\/\/maisonshop.ch\/de\/#\/schema\/logo\/image\/","url":"https:\/\/maisonshop.ch\/wp-content\/uploads\/2022\/10\/ms-logo-400x90cm.png","contentUrl":"https:\/\/maisonshop.ch\/wp-content\/uploads\/2022\/10\/ms-logo-400x90cm.png","width":400,"height":90,"caption":"Maisonshop.ch Sagl"},"image":{"@id":"https:\/\/maisonshop.ch\/de\/#\/schema\/logo\/image\/"},"sameAs":["https:\/\/www.facebook.com\/MaisonShopCh"]}]}},"_links":{"self":[{"href":"https:\/\/maisonshop.ch\/de\/wp-json\/wp\/v2\/avada_portfolio\/5324","targetHints":{"allow":["GET"]}}],"collection":[{"href":"https:\/\/maisonshop.ch\/de\/wp-json\/wp\/v2\/avada_portfolio"}],"about":[{"href":"https:\/\/maisonshop.ch\/de\/wp-json\/wp\/v2\/types\/avada_portfolio"}],"author":[{"embeddable":true,"href":"https:\/\/maisonshop.ch\/de\/wp-json\/wp\/v2\/users\/1"}],"replies":[{"embeddable":true,"href":"https:\/\/maisonshop.ch\/de\/wp-json\/wp\/v2\/comments?post=5324"}],"version-history":[{"count":17,"href":"https:\/\/maisonshop.ch\/de\/wp-json\/wp\/v2\/avada_portfolio\/5324\/revisions"}],"predecessor-version":[{"id":5392,"href":"https:\/\/maisonshop.ch\/de\/wp-json\/wp\/v2\/avada_portfolio\/5324\/revisions\/5392"}],"wp:featuredmedia":[{"embeddable":true,"href":"https:\/\/maisonshop.ch\/de\/wp-json\/wp\/v2\/media\/5292"}],"wp:attachment":[{"href":"https:\/\/maisonshop.ch\/de\/wp-json\/wp\/v2\/media?parent=5324"}],"wp:term":[{"taxonomy":"portfolio_category","embeddable":true,"href":"https:\/\/maisonshop.ch\/de\/wp-json\/wp\/v2\/portfolio_category?post=5324"},{"taxonomy":"portfolio_skills","embeddable":true,"href":"https:\/\/maisonshop.ch\/de\/wp-json\/wp\/v2\/portfolio_skills?post=5324"},{"taxonomy":"portfolio_tags","embeddable":true,"href":"https:\/\/maisonshop.ch\/de\/wp-json\/wp\/v2\/portfolio_tags?post=5324"}],"curies":[{"name":"wp","href":"https:\/\/api.w.org\/{rel}","templated":true}]}}