{"id":5388,"date":"2025-10-10T09:01:36","date_gmt":"2025-10-10T07:01:36","guid":{"rendered":"https:\/\/maisonshop.ch\/progetto\/vorhaenge-ascona-lichtvolle-eleganz-mit-seeblick\/"},"modified":"2025-10-17T11:40:17","modified_gmt":"2025-10-17T09:40:17","slug":"vorhaenge-ascona-lichtvolle-eleganz-mit-seeblick","status":"publish","type":"avada_portfolio","link":"https:\/\/maisonshop.ch\/de\/projekt\/vorhaenge-ascona-lichtvolle-eleganz-mit-seeblick\/","title":{"rendered":"Vorh\u00e4nge Ascona \u2013 Lichtvolle Eleganz mit Seeblick"},"content":{"rendered":"<p><div class=\"fusion-fullwidth fullwidth-box fusion-builder-row-1 fusion-flex-container has-pattern-background has-mask-background nonhundred-percent-fullwidth non-hundred-percent-height-scrolling\" style=\"--awb-border-radius-top-left:0px;--awb-border-radius-top-right:0px;--awb-border-radius-bottom-right:0px;--awb-border-radius-bottom-left:0px;--awb-padding-top:0%;--awb-padding-bottom:3%;--awb-margin-bottom:0px;--awb-flex-wrap:wrap;\" ><div class=\"fusion-builder-row fusion-row fusion-flex-align-items-flex-start fusion-flex-content-wrap\" style=\"max-width:1320.8px;margin-left: calc(-4% \/ 2 );margin-right: calc(-4% \/ 2 );\"><div class=\"fusion-layout-column fusion_builder_column fusion-builder-column-0 fusion_builder_column_1_1 1_1 fusion-flex-column\" style=\"--awb-bg-size:cover;--awb-width-large:100%;--awb-margin-top-large:25px;--awb-spacing-right-large:1.92%;--awb-margin-bottom-large:25px;--awb-spacing-left-large:1.92%;--awb-width-medium:100%;--awb-order-medium:0;--awb-spacing-right-medium:1.92%;--awb-spacing-left-medium:1.92%;--awb-width-small:100%;--awb-order-small:0;--awb-spacing-right-small:1.92%;--awb-spacing-left-small:1.92%;\"><div class=\"fusion-column-wrapper fusion-column-has-shadow fusion-flex-justify-content-flex-start fusion-content-layout-column\"><div class=\"fusion-title title fusion-title-1 fusion-sep-none fusion-title-text fusion-title-size-two\" style=\"--awb-margin-top-small:8px;--awb-margin-right-small:0px;--awb-margin-bottom-small:16px;--awb-margin-left-small:0px;\"><h2 class=\"fusion-title-heading title-heading-left fusion-responsive-typography-calculated\" style=\"margin:0;--fontSize:44;line-height:1.26;\">Nat\u00fcrliche Eleganz in Ascona<\/h2><\/div><div class=\"fusion-text fusion-text-1\"><p>Ein Projekt, das Funktionalit\u00e4t und Stil vereint, entworfen, um die nat\u00fcrliche Helligkeit der H\u00e4user am See zu betonen und visuellen Komfort das ganze Jahr \u00fcber zu bieten.<\/p>\n<\/div><div class=\"fusion-title title fusion-title-2 fusion-sep-none fusion-title-text fusion-title-size-three\" style=\"--awb-margin-top-small:8px;--awb-margin-right-small:0px;--awb-margin-bottom-small:16px;--awb-margin-left-small:0px;\"><h3 class=\"fusion-title-heading title-heading-left fusion-responsive-typography-calculated\" style=\"margin:0;--fontSize:28;line-height:1.32;\">Der Wunsch des Kunden<\/h3><\/div><div class=\"fusion-text fusion-text-2\"><p>Der Kunde w\u00fcnschte sich ein <b>helles und elegantes Ambiente<\/b>, mit Vorh\u00e4ngen, die das <b>nat\u00fcrliche Licht filtern<\/b>, ohne die Panoramaaussicht auf den Lago Maggiore zu beeintr\u00e4chtigen. Ziel war es, eine einladende Atmosph\u00e4re zu schaffen, die mit der modernen Einrichtung des Hauses und der offenen Raumgestaltung nach aussen harmoniert. <\/p>\n<\/div><\/div><\/div><div class=\"fusion-layout-column fusion_builder_column fusion-builder-column-1 fusion_builder_column_1_1 1_1 fusion-flex-column\" style=\"--awb-bg-size:cover;--awb-width-large:100%;--awb-margin-top-large:25px;--awb-spacing-right-large:1.92%;--awb-margin-bottom-large:25px;--awb-spacing-left-large:1.92%;--awb-width-medium:100%;--awb-order-medium:0;--awb-spacing-right-medium:1.92%;--awb-spacing-left-medium:1.92%;--awb-width-small:100%;--awb-order-small:0;--awb-spacing-right-small:1.92%;--awb-spacing-left-small:1.92%;\"><div class=\"fusion-column-wrapper fusion-column-has-shadow fusion-flex-justify-content-flex-end fusion-content-layout-column\"><div class=\"fusion-title title fusion-title-3 fusion-sep-none fusion-title-text fusion-title-size-three\" style=\"--awb-margin-top-small:8px;--awb-margin-right-small:0px;--awb-margin-bottom-small:16px;--awb-margin-left-small:0px;\"><h3 class=\"fusion-title-heading title-heading-left fusion-responsive-typography-calculated\" style=\"margin:0;--fontSize:28;line-height:1.32;\">Technische Details<\/h3><\/div><ul style=\"--awb-size:16px;--awb-margin-bottom:2%;--awb-margin-left:2%;--awb-line-height:27.2px;--awb-icon-width:27.2px;--awb-icon-height:27.2px;--awb-icon-margin:11.2px;--awb-content-margin:38.4px;--awb-circlecolor:var(--awb-color3);--awb-circle-yes-font-size:14.08px;\" class=\"fusion-checklist fusion-checklist-1 fusion-checklist-default type-icons\"><li class=\"fusion-li-item\" style=\"\"><span class=\"icon-wrapper circle-yes\"><i class=\"fusion-li-icon fa-map-marker-alt fas\" aria-hidden=\"true\"><\/i><\/span><div class=\"fusion-li-item-content\">\n<p>Ort: Ascona<\/p>\n<\/div><\/li><li class=\"fusion-li-item\" style=\"\"><span class=\"icon-wrapper circle-yes\"><i class=\"fusion-li-icon fa-border-all fas\" aria-hidden=\"true\"><\/i><\/span><div class=\"fusion-li-item-content\">\n<p>Typologie: Wave-Vorh\u00e4nge<\/p>\n<\/div><\/li><li class=\"fusion-li-item\" style=\"\"><span class=\"icon-wrapper circle-yes\"><i class=\"fusion-li-icon fa-palette fas\" aria-hidden=\"true\"><\/i><\/span><div class=\"fusion-li-item-content\">\n<p>Farbe: Elfenbein, Dunkelblau<\/p>\n<\/div><\/li><li class=\"fusion-li-item\" style=\"\"><span class=\"icon-wrapper circle-yes\"><i class=\"fusion-li-icon fa-chess-board fas\" aria-hidden=\"true\"><\/i><\/span><div class=\"fusion-li-item-content\">\n<p>Stoff: Halbtransparent<\/p>\n<\/div><\/li><li class=\"fusion-li-item\" style=\"\"><span class=\"icon-wrapper circle-yes\"><i class=\"fusion-li-icon fa-home fas\" aria-hidden=\"true\"><\/i><\/span><div class=\"fusion-li-item-content\">\n<p>Anwendung: Fenster und Fenstert\u00fcren<\/p>\n<\/div><\/li><\/ul><\/div><\/div><div class=\"fusion-layout-column fusion_builder_column fusion-builder-column-2 fusion_builder_column_1_1 1_1 fusion-flex-column\" style=\"--awb-bg-size:cover;--awb-width-large:100%;--awb-margin-top-large:25px;--awb-spacing-right-large:1.92%;--awb-margin-bottom-large:25px;--awb-spacing-left-large:1.92%;--awb-width-medium:100%;--awb-order-medium:0;--awb-spacing-right-medium:1.92%;--awb-spacing-left-medium:1.92%;--awb-width-small:100%;--awb-order-small:0;--awb-spacing-right-small:1.92%;--awb-spacing-left-small:1.92%;\"><div class=\"fusion-column-wrapper fusion-column-has-shadow fusion-flex-justify-content-flex-start fusion-content-layout-column\"><div class=\"fusion-title title fusion-title-4 fusion-sep-none fusion-title-text fusion-title-size-three\" style=\"--awb-margin-top-small:8px;--awb-margin-right-small:0px;--awb-margin-bottom-small:16px;--awb-margin-left-small:0px;\"><h3 class=\"fusion-title-heading title-heading-left fusion-responsive-typography-calculated\" style=\"margin:0;--fontSize:28;line-height:1.32;\">Das Ergebnis<\/h3><\/div><div class=\"fusion-text fusion-text-3\"><p>Die Bilder zeigen ein harmonisches und raffiniertes Ergebnis: Die Stoffe treten in Dialog mit den hellen M\u00f6beln und den lichtdurchfluteten Fl\u00e4chen, wodurch ein Gleichgewicht zwischen Komfort und Design entsteht.<\/p>\n<p>Die Vorh\u00e4nge integrieren sich perfekt in die Architektur der R\u00e4ume und sorgen f\u00fcr Privatsph\u00e4re, visuelle Leichtigkeit und eine gleichm\u00e4ssige Lichtverteilung.<\/p>\n<\/div><div class=\"awb-gallery-wrapper awb-gallery-wrapper-1 button-span-no\" style=\"--more-btn-alignment:center;\"><div style=\"margin:-10px;--awb-bordersize:0px;--awb-columns-medium:100%;--awb-columns-small:100%;\" class=\"fusion-gallery fusion-gallery-container fusion-grid-4 fusion-columns-total-5 fusion-gallery-layout-grid fusion-gallery-1\"><div style=\"padding:10px;\" class=\"fusion-grid-column fusion-gallery-column fusion-gallery-column-4 hover-type-zoomin\"><div class=\"fusion-gallery-image\"><a href=\"https:\/\/maisonshop.ch\/wp-content\/uploads\/2025\/10\/tende-soggiorno.jpg\" rel=\"noreferrer\" data-rel=\"iLightbox[gallery_image_1]\" class=\"fusion-lightbox\" target=\"_self\"><img decoding=\"async\" src=\"https:\/\/maisonshop.ch\/wp-content\/uploads\/2025\/10\/tende-soggiorno.jpg\" data-orig-src=\"https:\/\/maisonshop.ch\/wp-content\/uploads\/2025\/10\/tende-soggiorno.jpg\" width=\"1000\" height=\"750\" alt=\"Tende Soggiorno soggiorno\" title=\"tende soggiorno\" aria-label=\"tende soggiorno\" class=\"lazyload img-responsive wp-image-5377\" srcset=\"data:image\/svg+xml,%3Csvg%20xmlns%3D%27http%3A%2F%2Fwww.w3.org%2F2000%2Fsvg%27%20width%3D%271000%27%20height%3D%27750%27%20viewBox%3D%270%200%201000%20750%27%3E%3Crect%20width%3D%271000%27%20height%3D%27750%27%20fill-opacity%3D%220%22%2F%3E%3C%2Fsvg%3E\" data-srcset=\"https:\/\/maisonshop.ch\/wp-content\/uploads\/2025\/10\/tende-soggiorno-200x150.jpg 200w, https:\/\/maisonshop.ch\/wp-content\/uploads\/2025\/10\/tende-soggiorno-400x300.jpg 400w, https:\/\/maisonshop.ch\/wp-content\/uploads\/2025\/10\/tende-soggiorno-600x450.jpg 600w, https:\/\/maisonshop.ch\/wp-content\/uploads\/2025\/10\/tende-soggiorno-800x600.jpg 800w, https:\/\/maisonshop.ch\/wp-content\/uploads\/2025\/10\/tende-soggiorno.jpg 1000w\" data-sizes=\"auto\" data-orig-sizes=\"(min-width: 2200px) 100vw, (min-width: 856px) 310px, (min-width: 784px) 413px, (min-width: 712px) 620px, (min-width: 640px) 712px, \" \/><\/a><\/div><\/div><div style=\"padding:10px;\" class=\"fusion-grid-column fusion-gallery-column fusion-gallery-column-4 hover-type-zoomin\"><div class=\"fusion-gallery-image\"><a href=\"https:\/\/maisonshop.ch\/wp-content\/uploads\/2025\/10\/tende-cucina.jpg\" rel=\"noreferrer\" data-rel=\"iLightbox[gallery_image_1]\" class=\"fusion-lightbox\" target=\"_self\"><img decoding=\"async\" src=\"https:\/\/maisonshop.ch\/wp-content\/uploads\/2025\/10\/tende-cucina.jpg\" data-orig-src=\"https:\/\/maisonshop.ch\/wp-content\/uploads\/2025\/10\/tende-cucina.jpg\" width=\"750\" height=\"1000\" alt=\"Tende zona pranzo\" title=\"tende cucina\" aria-label=\"tende cucina\" class=\"lazyload img-responsive wp-image-5373\" srcset=\"data:image\/svg+xml,%3Csvg%20xmlns%3D%27http%3A%2F%2Fwww.w3.org%2F2000%2Fsvg%27%20width%3D%27750%27%20height%3D%271000%27%20viewBox%3D%270%200%20750%201000%27%3E%3Crect%20width%3D%27750%27%20height%3D%271000%27%20fill-opacity%3D%220%22%2F%3E%3C%2Fsvg%3E\" data-srcset=\"https:\/\/maisonshop.ch\/wp-content\/uploads\/2025\/10\/tende-cucina-200x267.jpg 200w, https:\/\/maisonshop.ch\/wp-content\/uploads\/2025\/10\/tende-cucina-400x533.jpg 400w, https:\/\/maisonshop.ch\/wp-content\/uploads\/2025\/10\/tende-cucina-600x800.jpg 600w, https:\/\/maisonshop.ch\/wp-content\/uploads\/2025\/10\/tende-cucina.jpg 750w\" data-sizes=\"auto\" data-orig-sizes=\"(min-width: 2200px) 100vw, (min-width: 856px) 310px, (min-width: 784px) 413px, (min-width: 712px) 620px, (min-width: 640px) 712px, \" \/><\/a><\/div><\/div><div style=\"padding:10px;\" class=\"fusion-grid-column fusion-gallery-column fusion-gallery-column-4 hover-type-zoomin\"><div class=\"fusion-gallery-image\"><a href=\"https:\/\/maisonshop.ch\/wp-content\/uploads\/2025\/10\/tende-bianche.jpg\" rel=\"noreferrer\" data-rel=\"iLightbox[gallery_image_1]\" class=\"fusion-lightbox\" target=\"_self\"><img decoding=\"async\" src=\"https:\/\/maisonshop.ch\/wp-content\/uploads\/2025\/10\/tende-bianche.jpg\" data-orig-src=\"https:\/\/maisonshop.ch\/wp-content\/uploads\/2025\/10\/tende-bianche.jpg\" width=\"1000\" height=\"750\" alt=\"Tende semitrasparenti\" title=\"tende bianche\" aria-label=\"tende bianche\" class=\"lazyload img-responsive wp-image-5369\" srcset=\"data:image\/svg+xml,%3Csvg%20xmlns%3D%27http%3A%2F%2Fwww.w3.org%2F2000%2Fsvg%27%20width%3D%271000%27%20height%3D%27750%27%20viewBox%3D%270%200%201000%20750%27%3E%3Crect%20width%3D%271000%27%20height%3D%27750%27%20fill-opacity%3D%220%22%2F%3E%3C%2Fsvg%3E\" data-srcset=\"https:\/\/maisonshop.ch\/wp-content\/uploads\/2025\/10\/tende-bianche-200x150.jpg 200w, https:\/\/maisonshop.ch\/wp-content\/uploads\/2025\/10\/tende-bianche-400x300.jpg 400w, https:\/\/maisonshop.ch\/wp-content\/uploads\/2025\/10\/tende-bianche-600x450.jpg 600w, https:\/\/maisonshop.ch\/wp-content\/uploads\/2025\/10\/tende-bianche-800x600.jpg 800w, https:\/\/maisonshop.ch\/wp-content\/uploads\/2025\/10\/tende-bianche.jpg 1000w\" data-sizes=\"auto\" data-orig-sizes=\"(min-width: 2200px) 100vw, (min-width: 856px) 310px, (min-width: 784px) 413px, (min-width: 712px) 620px, (min-width: 640px) 712px, \" \/><\/a><\/div><\/div><div style=\"padding:10px;\" class=\"fusion-grid-column fusion-gallery-column fusion-gallery-column-4 hover-type-zoomin\"><div class=\"fusion-gallery-image\"><a href=\"https:\/\/maisonshop.ch\/wp-content\/uploads\/2025\/10\/tende-marroni-cameretta.jpg\" rel=\"noreferrer\" data-rel=\"iLightbox[gallery_image_1]\" class=\"fusion-lightbox\" target=\"_self\"><img decoding=\"async\" src=\"https:\/\/maisonshop.ch\/wp-content\/uploads\/2025\/10\/tende-marroni-cameretta.jpg\" data-orig-src=\"https:\/\/maisonshop.ch\/wp-content\/uploads\/2025\/10\/tende-marroni-cameretta.jpg\" width=\"750\" height=\"1000\" alt=\"Tende semi trasparenti marroni\" title=\"tende marroni cameretta\" aria-label=\"tende marroni cameretta\" class=\"lazyload img-responsive wp-image-5375\" srcset=\"data:image\/svg+xml,%3Csvg%20xmlns%3D%27http%3A%2F%2Fwww.w3.org%2F2000%2Fsvg%27%20width%3D%27750%27%20height%3D%271000%27%20viewBox%3D%270%200%20750%201000%27%3E%3Crect%20width%3D%27750%27%20height%3D%271000%27%20fill-opacity%3D%220%22%2F%3E%3C%2Fsvg%3E\" data-srcset=\"https:\/\/maisonshop.ch\/wp-content\/uploads\/2025\/10\/tende-marroni-cameretta-200x267.jpg 200w, https:\/\/maisonshop.ch\/wp-content\/uploads\/2025\/10\/tende-marroni-cameretta-400x533.jpg 400w, https:\/\/maisonshop.ch\/wp-content\/uploads\/2025\/10\/tende-marroni-cameretta-600x800.jpg 600w, https:\/\/maisonshop.ch\/wp-content\/uploads\/2025\/10\/tende-marroni-cameretta.jpg 750w\" data-sizes=\"auto\" data-orig-sizes=\"(min-width: 2200px) 100vw, (min-width: 856px) 310px, (min-width: 784px) 413px, (min-width: 712px) 620px, (min-width: 640px) 712px, \" \/><\/a><\/div><\/div><div class=\"clearfix\"><\/div><div style=\"padding:10px;\" class=\"fusion-grid-column fusion-gallery-column fusion-gallery-column-4 hover-type-zoomin\"><div class=\"fusion-gallery-image\"><a href=\"https:\/\/maisonshop.ch\/wp-content\/uploads\/2025\/10\/tende-con-finetre-vista-mare.jpg\" rel=\"noreferrer\" data-rel=\"iLightbox[gallery_image_1]\" class=\"fusion-lightbox\" target=\"_self\"><img decoding=\"async\" src=\"https:\/\/maisonshop.ch\/wp-content\/uploads\/2025\/10\/tende-con-finetre-vista-mare.jpg\" data-orig-src=\"https:\/\/maisonshop.ch\/wp-content\/uploads\/2025\/10\/tende-con-finetre-vista-mare.jpg\" width=\"1000\" height=\"750\" alt=\"Teste ooscuranti con vista Lago Maggiore \" title=\"tende con finetre vista mare\" aria-label=\"tende con finetre vista mare\" class=\"lazyload img-responsive wp-image-5371\" srcset=\"data:image\/svg+xml,%3Csvg%20xmlns%3D%27http%3A%2F%2Fwww.w3.org%2F2000%2Fsvg%27%20width%3D%271000%27%20height%3D%27750%27%20viewBox%3D%270%200%201000%20750%27%3E%3Crect%20width%3D%271000%27%20height%3D%27750%27%20fill-opacity%3D%220%22%2F%3E%3C%2Fsvg%3E\" data-srcset=\"https:\/\/maisonshop.ch\/wp-content\/uploads\/2025\/10\/tende-con-finetre-vista-mare-200x150.jpg 200w, https:\/\/maisonshop.ch\/wp-content\/uploads\/2025\/10\/tende-con-finetre-vista-mare-400x300.jpg 400w, https:\/\/maisonshop.ch\/wp-content\/uploads\/2025\/10\/tende-con-finetre-vista-mare-600x450.jpg 600w, https:\/\/maisonshop.ch\/wp-content\/uploads\/2025\/10\/tende-con-finetre-vista-mare-800x600.jpg 800w, https:\/\/maisonshop.ch\/wp-content\/uploads\/2025\/10\/tende-con-finetre-vista-mare.jpg 1000w\" data-sizes=\"auto\" data-orig-sizes=\"(min-width: 2200px) 100vw, (min-width: 856px) 310px, (min-width: 784px) 413px, (min-width: 712px) 620px, (min-width: 640px) 712px, \" \/><\/a><\/div><\/div><\/div><\/div><\/div><\/div><\/div><\/div><div class=\"fusion-fullwidth fullwidth-box fusion-builder-row-2 fusion-flex-container has-pattern-background has-mask-background nonhundred-percent-fullwidth non-hundred-percent-height-scrolling\" style=\"--awb-border-radius-top-left:0px;--awb-border-radius-top-right:0px;--awb-border-radius-bottom-right:0px;--awb-border-radius-bottom-left:0px;--awb-padding-top:0%;--awb-padding-bottom:0%;--awb-flex-wrap:wrap;\" ><div class=\"fusion-builder-row fusion-row fusion-flex-align-items-flex-start fusion-flex-content-wrap\" style=\"max-width:1320.8px;margin-left: calc(-4% \/ 2 );margin-right: calc(-4% \/ 2 );\"><div class=\"fusion-layout-column fusion_builder_column fusion-builder-column-3 fusion_builder_column_1_5 1_5 fusion-flex-column\" style=\"--awb-bg-size:cover;--awb-width-large:20%;--awb-margin-top-large:25px;--awb-spacing-right-large:9.6%;--awb-margin-bottom-large:25px;--awb-spacing-left-large:9.6%;--awb-width-medium:100%;--awb-order-medium:0;--awb-spacing-right-medium:1.92%;--awb-spacing-left-medium:1.92%;--awb-width-small:100%;--awb-order-small:0;--awb-spacing-right-small:1.92%;--awb-spacing-left-small:1.92%;\"><div class=\"fusion-column-wrapper fusion-column-has-shadow fusion-flex-justify-content-flex-start fusion-content-layout-column\"><\/div><\/div><div class=\"fusion-layout-column fusion_builder_column fusion-builder-column-4 fusion_builder_column_3_5 3_5 fusion-flex-column\" style=\"--awb-bg-size:cover;--awb-width-large:60%;--awb-margin-top-large:25px;--awb-spacing-right-large:3.2%;--awb-margin-bottom-large:25px;--awb-spacing-left-large:3.2%;--awb-width-medium:100%;--awb-order-medium:0;--awb-spacing-right-medium:1.92%;--awb-spacing-left-medium:1.92%;--awb-width-small:100%;--awb-order-small:0;--awb-spacing-right-small:1.92%;--awb-spacing-left-small:1.92%;\"><div class=\"fusion-column-wrapper fusion-column-has-shadow fusion-flex-justify-content-flex-start fusion-content-layout-column\"><div class=\"fusion-reading-box-container reading-box-container-1\" style=\"--awb-title-color:var(--awb-color7);--awb-margin-top:0px;--awb-margin-bottom:20px;\"><div class=\"reading-box reading-box-center\" style=\"background-color:var(--awb-color2);border-width:1px;border-color:rgba(226,226,226,0);border-top-width:3px;border-top-color:var(--primary_color);border-style:solid;\"><h2>Unverbindliche Offerte<\/h2><div class=\"reading-box-description fusion-reading-box-additional\">Wir realisieren massgeschneiderte L\u00f6sungen f\u00fcr jedes Bed\u00fcrfnis.<\/div><div class=\"fusion-clearfix\"><\/div><a class=\"button fusion-button button-default fusion-button-default-size button-default-size button-flat fusion-mobile-button continue-center\" style=\"-webkit-box-shadow:none;-moz-box-shadow:none;box-shadow:none;border-radius:0px 0px 0px 0px\" href=\"https:\/\/maisonshop.ch\/de\/kontakt\/\" target=\"_self\"><span>Unverbindliche Offerte anfordern<\/span><\/a><\/div><\/div>\n<\/div><\/div><div class=\"fusion-layout-column fusion_builder_column fusion-builder-column-5 fusion_builder_column_1_5 1_5 fusion-flex-column\" style=\"--awb-bg-size:cover;--awb-width-large:20%;--awb-margin-top-large:25px;--awb-spacing-right-large:9.6%;--awb-margin-bottom-large:25px;--awb-spacing-left-large:9.6%;--awb-width-medium:100%;--awb-order-medium:0;--awb-spacing-right-medium:1.92%;--awb-spacing-left-medium:1.92%;--awb-width-small:100%;--awb-order-small:0;--awb-spacing-right-small:1.92%;--awb-spacing-left-small:1.92%;\"><div class=\"fusion-column-wrapper fusion-column-has-shadow fusion-flex-justify-content-flex-start fusion-content-layout-column\"><\/div><\/div><\/div><\/div><\/p>\n","protected":false},"excerpt":{"rendered":"","protected":false},"author":1,"featured_media":5377,"menu_order":0,"comment_status":"closed","ping_status":"closed","template":"","format":"standard","meta":{"_monsterinsights_skip_tracking":false,"_monsterinsights_sitenote_active":false,"_monsterinsights_sitenote_note":"","_monsterinsights_sitenote_category":0,"_themeisle_gutenberg_block_has_review":false,"footnotes":""},"portfolio_category":[58,59],"portfolio_skills":[],"portfolio_tags":[89],"class_list":["post-5388","avada_portfolio","type-avada_portfolio","status-publish","format-standard","has-post-thumbnail","hentry","portfolio_category-vorhange","portfolio_category-vorhange-ascona","portfolio_tags-wave-vorhange"],"yoast_head":"<!-- This site is optimized with the Yoast SEO plugin v27.2 - https:\/\/yoast.com\/product\/yoast-seo-wordpress\/ -->\n<title>Vorh\u00e4nge Ascona \u2013 Lichtvolle Eleganz mit Seeblick<\/title>\n<meta name=\"description\" content=\"Massgeschneidertes Vorhangprojekt in Ascona. Helle und elegante L\u00f6sungen f\u00fcr R\u00e4ume mit Seeblick \u2013 leichte Stoffe, pr\u00e4zise Montage und raffiniertes Design.\" \/>\n<meta name=\"robots\" content=\"index, follow, max-snippet:-1, max-image-preview:large, max-video-preview:-1\" \/>\n<link rel=\"canonical\" href=\"https:\/\/maisonshop.ch\/de\/projekt\/vorhaenge-ascona-lichtvolle-eleganz-mit-seeblick\/\" \/>\n<meta property=\"og:locale\" content=\"de_DE\" \/>\n<meta property=\"og:type\" content=\"article\" \/>\n<meta property=\"og:title\" content=\"Vorh\u00e4nge Ascona \u2013 Lichtvolle Eleganz mit Seeblick\" \/>\n<meta property=\"og:description\" content=\"Massgeschneidertes Vorhangprojekt in Ascona. Helle und elegante L\u00f6sungen f\u00fcr R\u00e4ume mit Seeblick \u2013 leichte Stoffe, pr\u00e4zise Montage und raffiniertes Design.\" \/>\n<meta property=\"og:url\" content=\"https:\/\/maisonshop.ch\/de\/projekt\/vorhaenge-ascona-lichtvolle-eleganz-mit-seeblick\/\" \/>\n<meta property=\"og:site_name\" content=\"Maisonshop.ch\" \/>\n<meta property=\"article:publisher\" content=\"https:\/\/www.facebook.com\/MaisonShopCh\" \/>\n<meta property=\"article:modified_time\" content=\"2025-10-17T09:40:17+00:00\" \/>\n<meta property=\"og:image\" content=\"https:\/\/maisonshop.ch\/wp-content\/uploads\/2025\/10\/tende-soggiorno.jpg\" \/>\n\t<meta property=\"og:image:width\" content=\"1000\" \/>\n\t<meta property=\"og:image:height\" content=\"750\" \/>\n\t<meta property=\"og:image:type\" content=\"image\/jpeg\" \/>\n<meta name=\"twitter:card\" content=\"summary_large_image\" \/>\n<meta name=\"twitter:label1\" content=\"Gesch\u00e4tzte Lesezeit\" \/>\n\t<meta name=\"twitter:data1\" content=\"15\u00a0Minuten\" \/>\n<script type=\"application\/ld+json\" class=\"yoast-schema-graph\">{\"@context\":\"https:\/\/schema.org\",\"@graph\":[{\"@type\":\"WebPage\",\"@id\":\"https:\/\/maisonshop.ch\/de\/projekt\/vorhaenge-ascona-lichtvolle-eleganz-mit-seeblick\/\",\"url\":\"https:\/\/maisonshop.ch\/de\/projekt\/vorhaenge-ascona-lichtvolle-eleganz-mit-seeblick\/\",\"name\":\"Vorh\u00e4nge Ascona \u2013 Lichtvolle Eleganz mit Seeblick\",\"isPartOf\":{\"@id\":\"https:\/\/maisonshop.ch\/de\/#website\"},\"primaryImageOfPage\":{\"@id\":\"https:\/\/maisonshop.ch\/de\/projekt\/vorhaenge-ascona-lichtvolle-eleganz-mit-seeblick\/#primaryimage\"},\"image\":{\"@id\":\"https:\/\/maisonshop.ch\/de\/projekt\/vorhaenge-ascona-lichtvolle-eleganz-mit-seeblick\/#primaryimage\"},\"thumbnailUrl\":\"https:\/\/maisonshop.ch\/wp-content\/uploads\/2025\/10\/tende-soggiorno.jpg\",\"datePublished\":\"2025-10-10T07:01:36+00:00\",\"dateModified\":\"2025-10-17T09:40:17+00:00\",\"description\":\"Massgeschneidertes Vorhangprojekt in Ascona. Helle und elegante L\u00f6sungen f\u00fcr R\u00e4ume mit Seeblick \u2013 leichte Stoffe, pr\u00e4zise Montage und raffiniertes Design.\",\"breadcrumb\":{\"@id\":\"https:\/\/maisonshop.ch\/de\/projekt\/vorhaenge-ascona-lichtvolle-eleganz-mit-seeblick\/#breadcrumb\"},\"inLanguage\":\"de\",\"potentialAction\":[{\"@type\":\"ReadAction\",\"target\":[\"https:\/\/maisonshop.ch\/de\/projekt\/vorhaenge-ascona-lichtvolle-eleganz-mit-seeblick\/\"]}]},{\"@type\":\"ImageObject\",\"inLanguage\":\"de\",\"@id\":\"https:\/\/maisonshop.ch\/de\/projekt\/vorhaenge-ascona-lichtvolle-eleganz-mit-seeblick\/#primaryimage\",\"url\":\"https:\/\/maisonshop.ch\/wp-content\/uploads\/2025\/10\/tende-soggiorno.jpg\",\"contentUrl\":\"https:\/\/maisonshop.ch\/wp-content\/uploads\/2025\/10\/tende-soggiorno.jpg\",\"width\":1000,\"height\":750,\"caption\":\"Tende Soggiorno soggiorno\"},{\"@type\":\"BreadcrumbList\",\"@id\":\"https:\/\/maisonshop.ch\/de\/projekt\/vorhaenge-ascona-lichtvolle-eleganz-mit-seeblick\/#breadcrumb\",\"itemListElement\":[{\"@type\":\"ListItem\",\"position\":1,\"name\":\"Home\",\"item\":\"https:\/\/maisonshop.ch\/de\/home\/\"},{\"@type\":\"ListItem\",\"position\":2,\"name\":\"Portfolio\",\"item\":\"https:\/\/maisonshop.ch\/de\/projekt\/\"},{\"@type\":\"ListItem\",\"position\":3,\"name\":\"Vorh\u00e4nge Ascona \u2013 Lichtvolle Eleganz mit Seeblick\"}]},{\"@type\":\"WebSite\",\"@id\":\"https:\/\/maisonshop.ch\/de\/#website\",\"url\":\"https:\/\/maisonshop.ch\/de\/\",\"name\":\"Maisonshop.ch\",\"description\":\"Le ma\u00eetre d\u00e9corateur\",\"publisher\":{\"@id\":\"https:\/\/maisonshop.ch\/de\/#organization\"},\"alternateName\":\"Maison Shop\",\"potentialAction\":[{\"@type\":\"SearchAction\",\"target\":{\"@type\":\"EntryPoint\",\"urlTemplate\":\"https:\/\/maisonshop.ch\/de\/?s={search_term_string}\"},\"query-input\":{\"@type\":\"PropertyValueSpecification\",\"valueRequired\":true,\"valueName\":\"search_term_string\"}}],\"inLanguage\":\"de\"},{\"@type\":\"Organization\",\"@id\":\"https:\/\/maisonshop.ch\/de\/#organization\",\"name\":\"Maisonshop.ch Sagl\",\"url\":\"https:\/\/maisonshop.ch\/de\/\",\"logo\":{\"@type\":\"ImageObject\",\"inLanguage\":\"de\",\"@id\":\"https:\/\/maisonshop.ch\/de\/#\/schema\/logo\/image\/\",\"url\":\"https:\/\/maisonshop.ch\/wp-content\/uploads\/2022\/10\/ms-logo-400x90cm.png\",\"contentUrl\":\"https:\/\/maisonshop.ch\/wp-content\/uploads\/2022\/10\/ms-logo-400x90cm.png\",\"width\":400,\"height\":90,\"caption\":\"Maisonshop.ch Sagl\"},\"image\":{\"@id\":\"https:\/\/maisonshop.ch\/de\/#\/schema\/logo\/image\/\"},\"sameAs\":[\"https:\/\/www.facebook.com\/MaisonShopCh\"]}]}<\/script>\n<!-- \/ Yoast SEO plugin. -->","yoast_head_json":{"title":"Vorh\u00e4nge Ascona \u2013 Lichtvolle Eleganz mit Seeblick","description":"Massgeschneidertes Vorhangprojekt in Ascona. Helle und elegante L\u00f6sungen f\u00fcr R\u00e4ume mit Seeblick \u2013 leichte Stoffe, pr\u00e4zise Montage und raffiniertes Design.","robots":{"index":"index","follow":"follow","max-snippet":"max-snippet:-1","max-image-preview":"max-image-preview:large","max-video-preview":"max-video-preview:-1"},"canonical":"https:\/\/maisonshop.ch\/de\/projekt\/vorhaenge-ascona-lichtvolle-eleganz-mit-seeblick\/","og_locale":"de_DE","og_type":"article","og_title":"Vorh\u00e4nge Ascona \u2013 Lichtvolle Eleganz mit Seeblick","og_description":"Massgeschneidertes Vorhangprojekt in Ascona. Helle und elegante L\u00f6sungen f\u00fcr R\u00e4ume mit Seeblick \u2013 leichte Stoffe, pr\u00e4zise Montage und raffiniertes Design.","og_url":"https:\/\/maisonshop.ch\/de\/projekt\/vorhaenge-ascona-lichtvolle-eleganz-mit-seeblick\/","og_site_name":"Maisonshop.ch","article_publisher":"https:\/\/www.facebook.com\/MaisonShopCh","article_modified_time":"2025-10-17T09:40:17+00:00","og_image":[{"width":1000,"height":750,"url":"https:\/\/maisonshop.ch\/wp-content\/uploads\/2025\/10\/tende-soggiorno.jpg","type":"image\/jpeg"}],"twitter_card":"summary_large_image","twitter_misc":{"Gesch\u00e4tzte Lesezeit":"15\u00a0Minuten"},"schema":{"@context":"https:\/\/schema.org","@graph":[{"@type":"WebPage","@id":"https:\/\/maisonshop.ch\/de\/projekt\/vorhaenge-ascona-lichtvolle-eleganz-mit-seeblick\/","url":"https:\/\/maisonshop.ch\/de\/projekt\/vorhaenge-ascona-lichtvolle-eleganz-mit-seeblick\/","name":"Vorh\u00e4nge Ascona \u2013 Lichtvolle Eleganz mit Seeblick","isPartOf":{"@id":"https:\/\/maisonshop.ch\/de\/#website"},"primaryImageOfPage":{"@id":"https:\/\/maisonshop.ch\/de\/projekt\/vorhaenge-ascona-lichtvolle-eleganz-mit-seeblick\/#primaryimage"},"image":{"@id":"https:\/\/maisonshop.ch\/de\/projekt\/vorhaenge-ascona-lichtvolle-eleganz-mit-seeblick\/#primaryimage"},"thumbnailUrl":"https:\/\/maisonshop.ch\/wp-content\/uploads\/2025\/10\/tende-soggiorno.jpg","datePublished":"2025-10-10T07:01:36+00:00","dateModified":"2025-10-17T09:40:17+00:00","description":"Massgeschneidertes Vorhangprojekt in Ascona. Helle und elegante L\u00f6sungen f\u00fcr R\u00e4ume mit Seeblick \u2013 leichte Stoffe, pr\u00e4zise Montage und raffiniertes Design.","breadcrumb":{"@id":"https:\/\/maisonshop.ch\/de\/projekt\/vorhaenge-ascona-lichtvolle-eleganz-mit-seeblick\/#breadcrumb"},"inLanguage":"de","potentialAction":[{"@type":"ReadAction","target":["https:\/\/maisonshop.ch\/de\/projekt\/vorhaenge-ascona-lichtvolle-eleganz-mit-seeblick\/"]}]},{"@type":"ImageObject","inLanguage":"de","@id":"https:\/\/maisonshop.ch\/de\/projekt\/vorhaenge-ascona-lichtvolle-eleganz-mit-seeblick\/#primaryimage","url":"https:\/\/maisonshop.ch\/wp-content\/uploads\/2025\/10\/tende-soggiorno.jpg","contentUrl":"https:\/\/maisonshop.ch\/wp-content\/uploads\/2025\/10\/tende-soggiorno.jpg","width":1000,"height":750,"caption":"Tende Soggiorno soggiorno"},{"@type":"BreadcrumbList","@id":"https:\/\/maisonshop.ch\/de\/projekt\/vorhaenge-ascona-lichtvolle-eleganz-mit-seeblick\/#breadcrumb","itemListElement":[{"@type":"ListItem","position":1,"name":"Home","item":"https:\/\/maisonshop.ch\/de\/home\/"},{"@type":"ListItem","position":2,"name":"Portfolio","item":"https:\/\/maisonshop.ch\/de\/projekt\/"},{"@type":"ListItem","position":3,"name":"Vorh\u00e4nge Ascona \u2013 Lichtvolle Eleganz mit Seeblick"}]},{"@type":"WebSite","@id":"https:\/\/maisonshop.ch\/de\/#website","url":"https:\/\/maisonshop.ch\/de\/","name":"Maisonshop.ch","description":"Le ma\u00eetre d\u00e9corateur","publisher":{"@id":"https:\/\/maisonshop.ch\/de\/#organization"},"alternateName":"Maison Shop","potentialAction":[{"@type":"SearchAction","target":{"@type":"EntryPoint","urlTemplate":"https:\/\/maisonshop.ch\/de\/?s={search_term_string}"},"query-input":{"@type":"PropertyValueSpecification","valueRequired":true,"valueName":"search_term_string"}}],"inLanguage":"de"},{"@type":"Organization","@id":"https:\/\/maisonshop.ch\/de\/#organization","name":"Maisonshop.ch Sagl","url":"https:\/\/maisonshop.ch\/de\/","logo":{"@type":"ImageObject","inLanguage":"de","@id":"https:\/\/maisonshop.ch\/de\/#\/schema\/logo\/image\/","url":"https:\/\/maisonshop.ch\/wp-content\/uploads\/2022\/10\/ms-logo-400x90cm.png","contentUrl":"https:\/\/maisonshop.ch\/wp-content\/uploads\/2022\/10\/ms-logo-400x90cm.png","width":400,"height":90,"caption":"Maisonshop.ch Sagl"},"image":{"@id":"https:\/\/maisonshop.ch\/de\/#\/schema\/logo\/image\/"},"sameAs":["https:\/\/www.facebook.com\/MaisonShopCh"]}]}},"_links":{"self":[{"href":"https:\/\/maisonshop.ch\/de\/wp-json\/wp\/v2\/avada_portfolio\/5388","targetHints":{"allow":["GET"]}}],"collection":[{"href":"https:\/\/maisonshop.ch\/de\/wp-json\/wp\/v2\/avada_portfolio"}],"about":[{"href":"https:\/\/maisonshop.ch\/de\/wp-json\/wp\/v2\/types\/avada_portfolio"}],"author":[{"embeddable":true,"href":"https:\/\/maisonshop.ch\/de\/wp-json\/wp\/v2\/users\/1"}],"replies":[{"embeddable":true,"href":"https:\/\/maisonshop.ch\/de\/wp-json\/wp\/v2\/comments?post=5388"}],"version-history":[{"count":3,"href":"https:\/\/maisonshop.ch\/de\/wp-json\/wp\/v2\/avada_portfolio\/5388\/revisions"}],"predecessor-version":[{"id":5391,"href":"https:\/\/maisonshop.ch\/de\/wp-json\/wp\/v2\/avada_portfolio\/5388\/revisions\/5391"}],"wp:featuredmedia":[{"embeddable":true,"href":"https:\/\/maisonshop.ch\/de\/wp-json\/wp\/v2\/media\/5377"}],"wp:attachment":[{"href":"https:\/\/maisonshop.ch\/de\/wp-json\/wp\/v2\/media?parent=5388"}],"wp:term":[{"taxonomy":"portfolio_category","embeddable":true,"href":"https:\/\/maisonshop.ch\/de\/wp-json\/wp\/v2\/portfolio_category?post=5388"},{"taxonomy":"portfolio_skills","embeddable":true,"href":"https:\/\/maisonshop.ch\/de\/wp-json\/wp\/v2\/portfolio_skills?post=5388"},{"taxonomy":"portfolio_tags","embeddable":true,"href":"https:\/\/maisonshop.ch\/de\/wp-json\/wp\/v2\/portfolio_tags?post=5388"}],"curies":[{"name":"wp","href":"https:\/\/api.w.org\/{rel}","templated":true}]}}