{"id":6015,"date":"2025-11-14T08:31:19","date_gmt":"2025-11-14T07:31:19","guid":{"rendered":"https:\/\/maisonshop.ch\/?post_type=avada_portfolio&#038;p=6015"},"modified":"2025-11-14T09:09:02","modified_gmt":"2025-11-14T08:09:02","slug":"massgeschneiderte-lichtloesungen-fuer-ein-modernes-zuhause-in-minusio","status":"publish","type":"avada_portfolio","link":"https:\/\/maisonshop.ch\/de\/projekt\/massgeschneiderte-lichtloesungen-fuer-ein-modernes-zuhause-in-minusio\/","title":{"rendered":"Massgeschneiderte Lichtl\u00f6sungen f\u00fcr ein modernes Zuhause in Minusio"},"content":{"rendered":"<p><div class=\"fusion-fullwidth fullwidth-box fusion-builder-row-1 fusion-flex-container has-pattern-background has-mask-background nonhundred-percent-fullwidth non-hundred-percent-height-scrolling\" style=\"--awb-border-radius-top-left:0px;--awb-border-radius-top-right:0px;--awb-border-radius-bottom-right:0px;--awb-border-radius-bottom-left:0px;--awb-padding-top:0%;--awb-padding-bottom:3%;--awb-margin-bottom:0px;--awb-flex-wrap:wrap;\" ><div class=\"fusion-builder-row fusion-row fusion-flex-align-items-flex-start fusion-flex-content-wrap\" style=\"max-width:1320.8px;margin-left: calc(-4% \/ 2 );margin-right: calc(-4% \/ 2 );\"><div class=\"fusion-layout-column fusion_builder_column fusion-builder-column-0 fusion_builder_column_1_1 1_1 fusion-flex-column\" style=\"--awb-bg-size:cover;--awb-width-large:100%;--awb-margin-top-large:25px;--awb-spacing-right-large:1.92%;--awb-margin-bottom-large:25px;--awb-spacing-left-large:1.92%;--awb-width-medium:100%;--awb-order-medium:0;--awb-spacing-right-medium:1.92%;--awb-spacing-left-medium:1.92%;--awb-width-small:100%;--awb-order-small:0;--awb-spacing-right-small:1.92%;--awb-spacing-left-small:1.92%;\"><div class=\"fusion-column-wrapper fusion-column-has-shadow fusion-flex-justify-content-flex-start fusion-content-layout-column\"><div class=\"fusion-title title fusion-title-1 fusion-sep-none fusion-title-text fusion-title-size-two\" style=\"--awb-margin-top-small:8px;--awb-margin-right-small:0px;--awb-margin-bottom-small:16px;--awb-margin-left-small:0px;\"><h2 class=\"fusion-title-heading title-heading-left fusion-responsive-typography-calculated\" style=\"margin:0;--fontSize:44;line-height:1.26;\">Massgeschneidertes Licht f\u00fcr ein modernes Zuhause in Minusio<\/h2><\/div><div class=\"fusion-text fusion-text-1\"><p>Ein Projekt, das \u00c4sthetik und Alltag perfekt verbindet: <b>Wave-Vorh\u00e4nge in Weiss<\/b> im Schlafzimmer und <b>Wave-Vorh\u00e4nge in warmem Taupe im Wohnzimmer<\/b>, beide aus dem Stoff Universal von Cr\u00e9ation Baumann.<\/p>\n<p>Zwei unterschiedliche R\u00e4ume, zwei Atmosph\u00e4ren \u2013 verbunden durch Harmonie, Leichtigkeit und eine sanft gefilterte Lichtstimmung.<\/p>\n<\/div><div class=\"fusion-title title fusion-title-2 fusion-sep-none fusion-title-text fusion-title-size-three\" style=\"--awb-margin-top-small:8px;--awb-margin-right-small:0px;--awb-margin-bottom-small:16px;--awb-margin-left-small:0px;\"><h3 class=\"fusion-title-heading title-heading-left fusion-responsive-typography-calculated\" style=\"margin:0;--fontSize:28;line-height:1.32;\">Der Wunsch des Kunden<\/h3><\/div><div class=\"fusion-text fusion-text-2\"><p>Der Kunde w\u00fcnschte sich:<\/p>\n<ul>\n<li><b>im Schlafzimmer<\/b> einen leichten, dezenten Vorhang, der Privatsph\u00e4re bietet und gleichzeitig viel Tageslicht zul\u00e4sst, passend zu den hellen und klaren Linien des Raumes<\/li>\n<li><b>im Wohnzimmer<\/b> eine sichtbarere, dekorative L\u00f6sung, die die grossen Fensterfl\u00e4chen unterstreicht und mit den warmen T\u00f6nen des Interiors harmoniert<\/li>\n<\/ul>\n<\/div><div class=\"fusion-title title fusion-title-3 fusion-sep-none fusion-title-text fusion-title-size-three\" style=\"--awb-margin-top-small:8px;--awb-margin-right-small:0px;--awb-margin-bottom-small:16px;--awb-margin-left-small:0px;\"><h3 class=\"fusion-title-heading title-heading-left fusion-responsive-typography-calculated\" style=\"margin:0;--fontSize:28;line-height:1.32;\">Unsere L\u00f6sung<\/h3><\/div><div class=\"fusion-text fusion-text-3\"><p>Im <b>Schlafzimmer<\/b> haben wir uns f\u00fcr den <b>Stoff Universal (Cr\u00e9ation Baumann<\/b>) in <b>Weiss<\/b> entschieden, konfektioniert als <b>Wave-System<\/b>.<\/p>\n<p>Die regelm\u00e4ssigen Wellen sorgen f\u00fcr ein weiches, gleichm\u00e4ssiges Licht und schaffen eine ruhige, entspannte Atmosph\u00e4re. <span style=\"color: var(--awb-text-color); font-family: var(--awb-text-font-family); font-size: var(--awb-font-size); font-style: var(--awb-text-font-style); letter-spacing: var(--awb-letter-spacing); text-align: var(--awb-content-alignment); text-transform: var(--awb-text-transform); background-color: var(--awb-bg-color-hover);\">Der weisse Stoff passt ideal zu den hellen M\u00f6beln und verst\u00e4rkt die klare, aufger\u00e4umte Wirkung des Raumes.<\/span><\/p>\n<p>Im <b>Wohnzimmer<\/b> kam derselbe Stoff Universal zum Einsatz, diesmal jedoch in der <b>Farbe warmes Taupe<\/b>.<\/p>\n<p>Die weichen Wellen geben der Fensterfront Struktur, w\u00e4hrend der warme Farbton dem Raum Tiefe und eine elegante Note verleiht. <span style=\"color: var(--awb-text-color); font-family: var(--awb-text-font-family); font-size: var(--awb-font-size); font-style: var(--awb-text-font-style); letter-spacing: var(--awb-letter-spacing); text-align: var(--awb-content-alignment); text-transform: var(--awb-text-transform); background-color: var(--awb-bg-color-hover);\">Der filternde Stoff sorgt f\u00fcr angenehmes Licht und verhindert Blendung \u2013 perfekt f\u00fcr Lesen, Entspannen oder Geselligkeit.<\/span><\/p>\n<\/div><\/div><\/div><div class=\"fusion-layout-column fusion_builder_column fusion-builder-column-1 fusion_builder_column_1_1 1_1 fusion-flex-column\" style=\"--awb-bg-size:cover;--awb-width-large:100%;--awb-margin-top-large:25px;--awb-spacing-right-large:1.92%;--awb-margin-bottom-large:25px;--awb-spacing-left-large:1.92%;--awb-width-medium:100%;--awb-order-medium:0;--awb-spacing-right-medium:1.92%;--awb-spacing-left-medium:1.92%;--awb-width-small:100%;--awb-order-small:0;--awb-spacing-right-small:1.92%;--awb-spacing-left-small:1.92%;\"><div class=\"fusion-column-wrapper fusion-column-has-shadow fusion-flex-justify-content-flex-end fusion-content-layout-column\"><div class=\"fusion-title title fusion-title-4 fusion-sep-none fusion-title-text fusion-title-size-three\" style=\"--awb-margin-top-small:8px;--awb-margin-right-small:0px;--awb-margin-bottom-small:16px;--awb-margin-left-small:0px;\"><h3 class=\"fusion-title-heading title-heading-left fusion-responsive-typography-calculated\" style=\"margin:0;--fontSize:28;line-height:1.32;\">Technische Details<\/h3><\/div><ul style=\"--awb-size:16px;--awb-margin-bottom:2%;--awb-margin-left:2%;--awb-line-height:27.2px;--awb-icon-width:27.2px;--awb-icon-height:27.2px;--awb-icon-margin:11.2px;--awb-content-margin:38.4px;--awb-circlecolor:var(--awb-color3);--awb-circle-yes-font-size:14.08px;\" class=\"fusion-checklist fusion-checklist-1 fusion-checklist-default type-icons\"><li class=\"fusion-li-item\" style=\"\"><span class=\"icon-wrapper circle-yes\"><i class=\"fusion-li-icon fa-map-marker-alt fas\" aria-hidden=\"true\"><\/i><\/span><div class=\"fusion-li-item-content\">\n<p><b>Ort:<\/b> Minusio<\/p>\n<\/div><\/li><li class=\"fusion-li-item\" style=\"\"><span class=\"icon-wrapper circle-yes\"><i class=\"fusion-li-icon fa-home fas\" aria-hidden=\"true\"><\/i><\/span><div class=\"fusion-li-item-content\">\n<p><b>R\u00e4ume:<\/b> Schlafzimmer und Wohnzimmer<\/p>\n<\/div><\/li><li class=\"fusion-li-item\" style=\"\"><span class=\"icon-wrapper circle-yes\"><i class=\"fusion-li-icon fa-border-all fas\" aria-hidden=\"true\"><\/i><\/span><div class=\"fusion-li-item-content\">\n<p><b>Typologie:<\/b> Wave-Vorh\u00e4nge<\/p>\n<\/div><\/li><li class=\"fusion-li-item\" style=\"\"><span class=\"icon-wrapper circle-yes\"><i class=\"fusion-li-icon fa-copyright far\" aria-hidden=\"true\"><\/i><\/span><div class=\"fusion-li-item-content\">\n<p><b>Marke:<\/b> Cr\u00e9ation Bauman Universal<\/p>\n<\/div><\/li><li class=\"fusion-li-item\" style=\"\"><span class=\"icon-wrapper circle-yes\"><i class=\"fusion-li-icon fa-palette fas\" aria-hidden=\"true\"><\/i><\/span><div class=\"fusion-li-item-content\">\n<p>Farben: Weiss im Schlafzimmer, warmes Taupe im Wohnzimmer<\/p>\n<\/div><\/li><li class=\"fusion-li-item\" style=\"\"><span class=\"icon-wrapper circle-yes\"><i class=\"fusion-li-icon fa-chess-board fas\" aria-hidden=\"true\"><\/i><\/span><div class=\"fusion-li-item-content\">\n<p><b>Stoff:<\/b> filternd, weich, leicht transparent<\/p>\n<\/div><\/li><li class=\"fusion-li-item\" style=\"\"><span class=\"icon-wrapper circle-yes\"><i class=\"fusion-li-icon fa-home fas\" aria-hidden=\"true\"><\/i><\/span><div class=\"fusion-li-item-content\">\n<p><b>Anwendung:<\/b> Fenster und Balkont\u00fcren<\/p>\n<\/div><\/li><\/ul><\/div><\/div><div class=\"fusion-layout-column fusion_builder_column fusion-builder-column-2 fusion_builder_column_1_1 1_1 fusion-flex-column\" style=\"--awb-bg-size:cover;--awb-width-large:100%;--awb-margin-top-large:25px;--awb-spacing-right-large:1.92%;--awb-margin-bottom-large:25px;--awb-spacing-left-large:1.92%;--awb-width-medium:100%;--awb-order-medium:0;--awb-spacing-right-medium:1.92%;--awb-spacing-left-medium:1.92%;--awb-width-small:100%;--awb-order-small:0;--awb-spacing-right-small:1.92%;--awb-spacing-left-small:1.92%;\"><div class=\"fusion-column-wrapper fusion-column-has-shadow fusion-flex-justify-content-flex-start fusion-content-layout-column\"><div class=\"fusion-title title fusion-title-5 fusion-sep-none fusion-title-text fusion-title-size-three\" style=\"--awb-margin-top-small:8px;--awb-margin-right-small:0px;--awb-margin-bottom-small:16px;--awb-margin-left-small:0px;\"><h3 class=\"fusion-title-heading title-heading-left fusion-responsive-typography-calculated\" style=\"margin:0;--fontSize:28;line-height:1.32;\">Das Ergebnis<\/h3><\/div><div class=\"fusion-text fusion-text-4\"><p>Das Ergebnis ist ein harmonisches, modernes Zuhause, in dem jede Zone optimal belichtet wird:<\/p>\n<ul>\n<li>Das Schlafzimmer wirkt hell, ruhig und entspannend \u2013 ideal f\u00fcr erholsame Momente.<\/li>\n<li>Das Wohnzimmer gewinnt durch die Vorh\u00e4nge in warmem Taupe an Charakter, W\u00e4rme und gestalterischer Tiefe.<\/li>\n<\/ul>\n<p>Ein massgeschneidertes Vorhangprojekt, das die Architektur des Hauses in Minusio unterstreicht und den Wohnkomfort von morgens bis abends verbessert.<\/p>\n<\/div><div class=\"awb-gallery-wrapper awb-gallery-wrapper-1 button-span-no\" style=\"--more-btn-alignment:center;\"><div style=\"margin:-10px;--awb-bordersize:0px;--awb-columns-medium:100%;--awb-columns-small:100%;\" class=\"fusion-gallery fusion-gallery-container fusion-grid-4 fusion-columns-total-6 fusion-gallery-layout-grid fusion-gallery-1\"><div style=\"padding:10px;\" class=\"fusion-grid-column fusion-gallery-column fusion-gallery-column-4 hover-type-zoomin\"><div class=\"fusion-gallery-image\"><a href=\"https:\/\/maisonshop.ch\/wp-content\/uploads\/2025\/11\/Tende-Wave-Creation-Bauman-Universal-Soggiorno-a-Minusio-con-vista.jpg\" rel=\"noreferrer\" data-rel=\"iLightbox[gallery_image_1]\" class=\"fusion-lightbox\" target=\"_self\"><img decoding=\"async\" src=\"https:\/\/maisonshop.ch\/wp-content\/uploads\/2025\/11\/Tende-Wave-Creation-Bauman-Universal-Soggiorno-a-Minusio-con-vista.jpg\" data-orig-src=\"https:\/\/maisonshop.ch\/wp-content\/uploads\/2025\/11\/Tende-Wave-Creation-Bauman-Universal-Soggiorno-a-Minusio-con-vista.jpg\" width=\"1000\" height=\"750\" alt=\"Wave-Vorh\u00e4nge Cr\u00e9ation Baumann Universal im Wohnzimmer in Minusio\" title=\"Wave-Vorh\u00e4nge Cr\u00e9ation Baumann Universal im Wohnzimmer in Minusio\" aria-label=\"Wave-Vorh\u00e4nge Cr\u00e9ation Baumann Universal im Wohnzimmer in Minusio\" class=\"lazyload img-responsive wp-image-6009\" srcset=\"data:image\/svg+xml,%3Csvg%20xmlns%3D%27http%3A%2F%2Fwww.w3.org%2F2000%2Fsvg%27%20width%3D%271000%27%20height%3D%27750%27%20viewBox%3D%270%200%201000%20750%27%3E%3Crect%20width%3D%271000%27%20height%3D%27750%27%20fill-opacity%3D%220%22%2F%3E%3C%2Fsvg%3E\" data-srcset=\"https:\/\/maisonshop.ch\/wp-content\/uploads\/2025\/11\/Tende-Wave-Creation-Bauman-Universal-Soggiorno-a-Minusio-con-vista-200x150.jpg 200w, https:\/\/maisonshop.ch\/wp-content\/uploads\/2025\/11\/Tende-Wave-Creation-Bauman-Universal-Soggiorno-a-Minusio-con-vista-400x300.jpg 400w, https:\/\/maisonshop.ch\/wp-content\/uploads\/2025\/11\/Tende-Wave-Creation-Bauman-Universal-Soggiorno-a-Minusio-con-vista-600x450.jpg 600w, https:\/\/maisonshop.ch\/wp-content\/uploads\/2025\/11\/Tende-Wave-Creation-Bauman-Universal-Soggiorno-a-Minusio-con-vista-800x600.jpg 800w, https:\/\/maisonshop.ch\/wp-content\/uploads\/2025\/11\/Tende-Wave-Creation-Bauman-Universal-Soggiorno-a-Minusio-con-vista.jpg 1000w\" data-sizes=\"auto\" data-orig-sizes=\"(min-width: 2200px) 100vw, (min-width: 856px) 310px, (min-width: 784px) 413px, (min-width: 712px) 620px, (min-width: 640px) 712px, \" \/><\/a><\/div><\/div><div style=\"padding:10px;\" class=\"fusion-grid-column fusion-gallery-column fusion-gallery-column-4 hover-type-zoomin\"><div class=\"fusion-gallery-image\"><a href=\"https:\/\/maisonshop.ch\/wp-content\/uploads\/2025\/11\/Tende-Wave-Creation-Baumann-soggiorno-Minusio.jpg\" rel=\"noreferrer\" data-rel=\"iLightbox[gallery_image_1]\" class=\"fusion-lightbox\" target=\"_self\"><img decoding=\"async\" src=\"https:\/\/maisonshop.ch\/wp-content\/uploads\/2025\/11\/Tende-Wave-Creation-Baumann-soggiorno-Minusio.jpg\" data-orig-src=\"https:\/\/maisonshop.ch\/wp-content\/uploads\/2025\/11\/Tende-Wave-Creation-Baumann-soggiorno-Minusio.jpg\" width=\"1000\" height=\"750\" alt=\"Wave-Vorh\u00e4nge taupe Cr\u00e9ation Baumann Universal im Wohnzimmer in Minusio\" title=\"Wave-Vorh\u00e4nge taupe Cr\u00e9ation Baumann Universal im Wohnzimmer in Minusio\" aria-label=\"Wave-Vorh\u00e4nge taupe Cr\u00e9ation Baumann Universal im Wohnzimmer in Minusio\" class=\"lazyload img-responsive wp-image-6010\" srcset=\"data:image\/svg+xml,%3Csvg%20xmlns%3D%27http%3A%2F%2Fwww.w3.org%2F2000%2Fsvg%27%20width%3D%271000%27%20height%3D%27750%27%20viewBox%3D%270%200%201000%20750%27%3E%3Crect%20width%3D%271000%27%20height%3D%27750%27%20fill-opacity%3D%220%22%2F%3E%3C%2Fsvg%3E\" data-srcset=\"https:\/\/maisonshop.ch\/wp-content\/uploads\/2025\/11\/Tende-Wave-Creation-Baumann-soggiorno-Minusio-200x150.jpg 200w, https:\/\/maisonshop.ch\/wp-content\/uploads\/2025\/11\/Tende-Wave-Creation-Baumann-soggiorno-Minusio-400x300.jpg 400w, https:\/\/maisonshop.ch\/wp-content\/uploads\/2025\/11\/Tende-Wave-Creation-Baumann-soggiorno-Minusio-600x450.jpg 600w, https:\/\/maisonshop.ch\/wp-content\/uploads\/2025\/11\/Tende-Wave-Creation-Baumann-soggiorno-Minusio-800x600.jpg 800w, https:\/\/maisonshop.ch\/wp-content\/uploads\/2025\/11\/Tende-Wave-Creation-Baumann-soggiorno-Minusio.jpg 1000w\" data-sizes=\"auto\" data-orig-sizes=\"(min-width: 2200px) 100vw, (min-width: 856px) 310px, (min-width: 784px) 413px, (min-width: 712px) 620px, (min-width: 640px) 712px, \" \/><\/a><\/div><\/div><div style=\"padding:10px;\" class=\"fusion-grid-column fusion-gallery-column fusion-gallery-column-4 hover-type-zoomin\"><div class=\"fusion-gallery-image\"><a href=\"https:\/\/maisonshop.ch\/wp-content\/uploads\/2025\/11\/Tende-Wave-bianche-Creation-Bauman-Universal-camera-da-letto.jpg\" rel=\"noreferrer\" data-rel=\"iLightbox[gallery_image_1]\" class=\"fusion-lightbox\" target=\"_self\"><img decoding=\"async\" src=\"https:\/\/maisonshop.ch\/wp-content\/uploads\/2025\/11\/Tende-Wave-bianche-Creation-Bauman-Universal-camera-da-letto.jpg\" data-orig-src=\"https:\/\/maisonshop.ch\/wp-content\/uploads\/2025\/11\/Tende-Wave-bianche-Creation-Bauman-Universal-camera-da-letto.jpg\" width=\"750\" height=\"1000\" alt=\"Weisse Wave-Vorh\u00e4nge Cr\u00e9ation Baumann Universal Schlafzimmer in Minusio\" title=\"Weisse Wave-Vorh\u00e4nge Cr\u00e9ation Baumann Universal Schlafzimmer in Minusio\" aria-label=\"Weisse Wave-Vorh\u00e4nge Cr\u00e9ation Baumann Universal Schlafzimmer in Minusio\" class=\"lazyload img-responsive wp-image-6011\" srcset=\"data:image\/svg+xml,%3Csvg%20xmlns%3D%27http%3A%2F%2Fwww.w3.org%2F2000%2Fsvg%27%20width%3D%27750%27%20height%3D%271000%27%20viewBox%3D%270%200%20750%201000%27%3E%3Crect%20width%3D%27750%27%20height%3D%271000%27%20fill-opacity%3D%220%22%2F%3E%3C%2Fsvg%3E\" data-srcset=\"https:\/\/maisonshop.ch\/wp-content\/uploads\/2025\/11\/Tende-Wave-bianche-Creation-Bauman-Universal-camera-da-letto-200x267.jpg 200w, https:\/\/maisonshop.ch\/wp-content\/uploads\/2025\/11\/Tende-Wave-bianche-Creation-Bauman-Universal-camera-da-letto-400x533.jpg 400w, https:\/\/maisonshop.ch\/wp-content\/uploads\/2025\/11\/Tende-Wave-bianche-Creation-Bauman-Universal-camera-da-letto-600x800.jpg 600w, https:\/\/maisonshop.ch\/wp-content\/uploads\/2025\/11\/Tende-Wave-bianche-Creation-Bauman-Universal-camera-da-letto.jpg 750w\" data-sizes=\"auto\" data-orig-sizes=\"(min-width: 2200px) 100vw, (min-width: 856px) 310px, (min-width: 784px) 413px, (min-width: 712px) 620px, (min-width: 640px) 712px, \" \/><\/a><\/div><\/div><div style=\"padding:10px;\" class=\"fusion-grid-column fusion-gallery-column fusion-gallery-column-4 hover-type-zoomin\"><div class=\"fusion-gallery-image\"><a href=\"https:\/\/maisonshop.ch\/wp-content\/uploads\/2025\/11\/Tende-Wave-Creation-Bauman-Universal-camera-da-letto.jpg\" rel=\"noreferrer\" data-rel=\"iLightbox[gallery_image_1]\" class=\"fusion-lightbox\" target=\"_self\"><img decoding=\"async\" src=\"https:\/\/maisonshop.ch\/wp-content\/uploads\/2025\/11\/Tende-Wave-Creation-Bauman-Universal-camera-da-letto.jpg\" data-orig-src=\"https:\/\/maisonshop.ch\/wp-content\/uploads\/2025\/11\/Tende-Wave-Creation-Bauman-Universal-camera-da-letto.jpg\" width=\"750\" height=\"1000\" alt=\"Weisse Wave-Vorh\u00e4nge Cr\u00e9ation Baumann Universal Schlafzimmer in Minusio\" title=\"Weisse Wave-Vorh\u00e4nge Cr\u00e9ation Baumann Universal Schlafzimmer in Minusio\" aria-label=\"Weisse Wave-Vorh\u00e4nge Cr\u00e9ation Baumann Universal Schlafzimmer in Minusio\" class=\"lazyload img-responsive wp-image-6012\" srcset=\"data:image\/svg+xml,%3Csvg%20xmlns%3D%27http%3A%2F%2Fwww.w3.org%2F2000%2Fsvg%27%20width%3D%27750%27%20height%3D%271000%27%20viewBox%3D%270%200%20750%201000%27%3E%3Crect%20width%3D%27750%27%20height%3D%271000%27%20fill-opacity%3D%220%22%2F%3E%3C%2Fsvg%3E\" data-srcset=\"https:\/\/maisonshop.ch\/wp-content\/uploads\/2025\/11\/Tende-Wave-Creation-Bauman-Universal-camera-da-letto-200x267.jpg 200w, https:\/\/maisonshop.ch\/wp-content\/uploads\/2025\/11\/Tende-Wave-Creation-Bauman-Universal-camera-da-letto-400x533.jpg 400w, https:\/\/maisonshop.ch\/wp-content\/uploads\/2025\/11\/Tende-Wave-Creation-Bauman-Universal-camera-da-letto-600x800.jpg 600w, https:\/\/maisonshop.ch\/wp-content\/uploads\/2025\/11\/Tende-Wave-Creation-Bauman-Universal-camera-da-letto.jpg 750w\" data-sizes=\"auto\" data-orig-sizes=\"(min-width: 2200px) 100vw, (min-width: 856px) 310px, (min-width: 784px) 413px, (min-width: 712px) 620px, (min-width: 640px) 712px, \" \/><\/a><\/div><\/div><div class=\"clearfix\"><\/div><div style=\"padding:10px;\" class=\"fusion-grid-column fusion-gallery-column fusion-gallery-column-4 hover-type-zoomin\"><div class=\"fusion-gallery-image\"><a href=\"https:\/\/maisonshop.ch\/wp-content\/uploads\/2025\/11\/Tende-Wave-Creation-Bauman-Universal-Soggiorno.jpg\" rel=\"noreferrer\" data-rel=\"iLightbox[gallery_image_1]\" class=\"fusion-lightbox\" target=\"_self\"><img decoding=\"async\" src=\"https:\/\/maisonshop.ch\/wp-content\/uploads\/2025\/11\/Tende-Wave-Creation-Bauman-Universal-Soggiorno.jpg\" data-orig-src=\"https:\/\/maisonshop.ch\/wp-content\/uploads\/2025\/11\/Tende-Wave-Creation-Bauman-Universal-Soggiorno.jpg\" width=\"1000\" height=\"750\" alt=\"Wave-Vorh\u00e4nge taupe Cr\u00e9ation Baumann Universal im Wohnzimmer in Minusio 2\" title=\"Wave-Vorh\u00e4nge taupe Cr\u00e9ation Baumann Universal im Wohnzimmer in Minusio 2\" aria-label=\"Wave-Vorh\u00e4nge taupe Cr\u00e9ation Baumann Universal im Wohnzimmer in Minusio 2\" class=\"lazyload img-responsive wp-image-6013\" srcset=\"data:image\/svg+xml,%3Csvg%20xmlns%3D%27http%3A%2F%2Fwww.w3.org%2F2000%2Fsvg%27%20width%3D%271000%27%20height%3D%27750%27%20viewBox%3D%270%200%201000%20750%27%3E%3Crect%20width%3D%271000%27%20height%3D%27750%27%20fill-opacity%3D%220%22%2F%3E%3C%2Fsvg%3E\" data-srcset=\"https:\/\/maisonshop.ch\/wp-content\/uploads\/2025\/11\/Tende-Wave-Creation-Bauman-Universal-Soggiorno-200x150.jpg 200w, https:\/\/maisonshop.ch\/wp-content\/uploads\/2025\/11\/Tende-Wave-Creation-Bauman-Universal-Soggiorno-400x300.jpg 400w, https:\/\/maisonshop.ch\/wp-content\/uploads\/2025\/11\/Tende-Wave-Creation-Bauman-Universal-Soggiorno-600x450.jpg 600w, https:\/\/maisonshop.ch\/wp-content\/uploads\/2025\/11\/Tende-Wave-Creation-Bauman-Universal-Soggiorno-800x600.jpg 800w, https:\/\/maisonshop.ch\/wp-content\/uploads\/2025\/11\/Tende-Wave-Creation-Bauman-Universal-Soggiorno.jpg 1000w\" data-sizes=\"auto\" data-orig-sizes=\"(min-width: 2200px) 100vw, (min-width: 856px) 310px, (min-width: 784px) 413px, (min-width: 712px) 620px, (min-width: 640px) 712px, \" \/><\/a><\/div><\/div><div style=\"padding:10px;\" class=\"fusion-grid-column fusion-gallery-column fusion-gallery-column-4 hover-type-zoomin\"><div class=\"fusion-gallery-image\"><a href=\"https:\/\/maisonshop.ch\/wp-content\/uploads\/2025\/11\/Tende-Wave-Creation-Bauman-Universal-Soggiorno-a-Minusio.jpg\" rel=\"noreferrer\" data-rel=\"iLightbox[gallery_image_1]\" class=\"fusion-lightbox\" target=\"_self\"><img decoding=\"async\" src=\"https:\/\/maisonshop.ch\/wp-content\/uploads\/2025\/11\/Tende-Wave-Creation-Bauman-Universal-Soggiorno-a-Minusio.jpg\" data-orig-src=\"https:\/\/maisonshop.ch\/wp-content\/uploads\/2025\/11\/Tende-Wave-Creation-Bauman-Universal-Soggiorno-a-Minusio.jpg\" width=\"750\" height=\"1000\" alt=\"Wave-Vorh\u00e4nge taupe Cr\u00e9ation Baumann Universal im Wohnzimmer in Minusio 3\" title=\"Wave-Vorh\u00e4nge taupe Cr\u00e9ation Baumann Universal im Wohnzimmer in Minusio 3\" aria-label=\"Wave-Vorh\u00e4nge taupe Cr\u00e9ation Baumann Universal im Wohnzimmer in Minusio 3\" class=\"lazyload img-responsive wp-image-6014\" srcset=\"data:image\/svg+xml,%3Csvg%20xmlns%3D%27http%3A%2F%2Fwww.w3.org%2F2000%2Fsvg%27%20width%3D%27750%27%20height%3D%271000%27%20viewBox%3D%270%200%20750%201000%27%3E%3Crect%20width%3D%27750%27%20height%3D%271000%27%20fill-opacity%3D%220%22%2F%3E%3C%2Fsvg%3E\" data-srcset=\"https:\/\/maisonshop.ch\/wp-content\/uploads\/2025\/11\/Tende-Wave-Creation-Bauman-Universal-Soggiorno-a-Minusio-200x267.jpg 200w, https:\/\/maisonshop.ch\/wp-content\/uploads\/2025\/11\/Tende-Wave-Creation-Bauman-Universal-Soggiorno-a-Minusio-400x533.jpg 400w, https:\/\/maisonshop.ch\/wp-content\/uploads\/2025\/11\/Tende-Wave-Creation-Bauman-Universal-Soggiorno-a-Minusio-600x800.jpg 600w, https:\/\/maisonshop.ch\/wp-content\/uploads\/2025\/11\/Tende-Wave-Creation-Bauman-Universal-Soggiorno-a-Minusio.jpg 750w\" data-sizes=\"auto\" data-orig-sizes=\"(min-width: 2200px) 100vw, (min-width: 856px) 310px, (min-width: 784px) 413px, (min-width: 712px) 620px, (min-width: 640px) 712px, \" \/><\/a><\/div><\/div><\/div><\/div><\/div><\/div><\/div><\/div><div class=\"fusion-fullwidth fullwidth-box fusion-builder-row-2 fusion-flex-container has-pattern-background has-mask-background nonhundred-percent-fullwidth non-hundred-percent-height-scrolling\" style=\"--awb-border-radius-top-left:0px;--awb-border-radius-top-right:0px;--awb-border-radius-bottom-right:0px;--awb-border-radius-bottom-left:0px;--awb-padding-top:0%;--awb-padding-bottom:0%;--awb-flex-wrap:wrap;\" ><div class=\"fusion-builder-row fusion-row fusion-flex-align-items-flex-start fusion-flex-content-wrap\" style=\"max-width:1320.8px;margin-left: calc(-4% \/ 2 );margin-right: calc(-4% \/ 2 );\"><div class=\"fusion-layout-column fusion_builder_column fusion-builder-column-3 fusion_builder_column_1_5 1_5 fusion-flex-column\" style=\"--awb-bg-size:cover;--awb-width-large:20%;--awb-margin-top-large:25px;--awb-spacing-right-large:9.6%;--awb-margin-bottom-large:25px;--awb-spacing-left-large:9.6%;--awb-width-medium:100%;--awb-order-medium:0;--awb-spacing-right-medium:1.92%;--awb-spacing-left-medium:1.92%;--awb-width-small:100%;--awb-order-small:0;--awb-spacing-right-small:1.92%;--awb-spacing-left-small:1.92%;\"><div class=\"fusion-column-wrapper fusion-column-has-shadow fusion-flex-justify-content-flex-start fusion-content-layout-column\"><\/div><\/div><div class=\"fusion-layout-column fusion_builder_column fusion-builder-column-4 fusion_builder_column_3_5 3_5 fusion-flex-column\" style=\"--awb-bg-size:cover;--awb-width-large:60%;--awb-margin-top-large:25px;--awb-spacing-right-large:3.2%;--awb-margin-bottom-large:25px;--awb-spacing-left-large:3.2%;--awb-width-medium:100%;--awb-order-medium:0;--awb-spacing-right-medium:1.92%;--awb-spacing-left-medium:1.92%;--awb-width-small:100%;--awb-order-small:0;--awb-spacing-right-small:1.92%;--awb-spacing-left-small:1.92%;\"><div class=\"fusion-column-wrapper fusion-column-has-shadow fusion-flex-justify-content-flex-start fusion-content-layout-column\"><div class=\"fusion-reading-box-container reading-box-container-1\" style=\"--awb-title-color:var(--awb-color7);--awb-margin-top:0px;--awb-margin-bottom:20px;\"><div class=\"reading-box reading-box-center\" style=\"background-color:var(--awb-color2);border-width:1px;border-color:rgba(226,226,226,0);border-top-width:3px;border-top-color:var(--primary_color);border-style:solid;\"><h2>Unverbindliche Offerte<\/h2><div class=\"reading-box-description fusion-reading-box-additional\">Wir realisieren massgeschneiderte L\u00f6sungen f\u00fcr jedes Bed\u00fcrfnis.<\/div><div class=\"fusion-clearfix\"><\/div><a class=\"button fusion-button button-default fusion-button-default-size button-default-size button-flat fusion-mobile-button continue-center\" style=\"-webkit-box-shadow:none;-moz-box-shadow:none;box-shadow:none;border-radius:0px 0px 0px 0px\" href=\"https:\/\/maisonshop.ch\/de\/kontakt\/\" target=\"_self\"><span>Unverbindliche Offerte anfordern<\/span><\/a><\/div><\/div>\n<\/div><\/div><div class=\"fusion-layout-column fusion_builder_column fusion-builder-column-5 fusion_builder_column_1_5 1_5 fusion-flex-column\" style=\"--awb-bg-size:cover;--awb-width-large:20%;--awb-margin-top-large:25px;--awb-spacing-right-large:9.6%;--awb-margin-bottom-large:25px;--awb-spacing-left-large:9.6%;--awb-width-medium:100%;--awb-order-medium:0;--awb-spacing-right-medium:1.92%;--awb-spacing-left-medium:1.92%;--awb-width-small:100%;--awb-order-small:0;--awb-spacing-right-small:1.92%;--awb-spacing-left-small:1.92%;\"><div class=\"fusion-column-wrapper fusion-column-has-shadow fusion-flex-justify-content-flex-start fusion-content-layout-column\"><\/div><\/div><\/div><\/div><\/p>\n","protected":false},"excerpt":{"rendered":"","protected":false},"author":1,"featured_media":6009,"menu_order":0,"comment_status":"closed","ping_status":"closed","template":"","format":"standard","meta":{"_monsterinsights_skip_tracking":false,"_monsterinsights_sitenote_active":false,"_monsterinsights_sitenote_note":"","_monsterinsights_sitenote_category":0,"_themeisle_gutenberg_block_has_review":false,"footnotes":""},"portfolio_category":[58,95],"portfolio_skills":[],"portfolio_tags":[89],"class_list":["post-6015","avada_portfolio","type-avada_portfolio","status-publish","format-standard","has-post-thumbnail","hentry","portfolio_category-vorhange","portfolio_category-vorhange-locarno","portfolio_tags-wave-vorhange"],"yoast_head":"<!-- This site is optimized with the Yoast SEO plugin v27.2 - https:\/\/yoast.com\/product\/yoast-seo-wordpress\/ -->\n<title>Wave-Vorh\u00e4nge in Minusio aus Universal von Cr\u00e9ation Baumann.<\/title>\n<meta name=\"description\" content=\"Wave-Vorh\u00e4nge in Weiss und warmem Taupe in Minusio: Universal-Stoff von Cr\u00e9ation Baumann f\u00fcr ein modernes, harmonisches Zuhause.\" \/>\n<meta name=\"robots\" content=\"index, follow, max-snippet:-1, max-image-preview:large, max-video-preview:-1\" \/>\n<link rel=\"canonical\" href=\"https:\/\/maisonshop.ch\/de\/projekt\/massgeschneiderte-lichtloesungen-fuer-ein-modernes-zuhause-in-minusio\/\" \/>\n<meta property=\"og:locale\" content=\"de_DE\" \/>\n<meta property=\"og:type\" content=\"article\" \/>\n<meta property=\"og:title\" content=\"Wave-Vorh\u00e4nge in Minusio aus Universal von Cr\u00e9ation Baumann.\" \/>\n<meta property=\"og:description\" content=\"Wave-Vorh\u00e4nge in Weiss und warmem Taupe in Minusio: Universal-Stoff von Cr\u00e9ation Baumann f\u00fcr ein modernes, harmonisches Zuhause.\" \/>\n<meta property=\"og:url\" content=\"https:\/\/maisonshop.ch\/de\/projekt\/massgeschneiderte-lichtloesungen-fuer-ein-modernes-zuhause-in-minusio\/\" \/>\n<meta property=\"og:site_name\" content=\"Maisonshop.ch\" \/>\n<meta property=\"article:publisher\" content=\"https:\/\/www.facebook.com\/MaisonShopCh\" \/>\n<meta property=\"article:modified_time\" content=\"2025-11-14T08:09:02+00:00\" \/>\n<meta property=\"og:image\" content=\"https:\/\/maisonshop.ch\/wp-content\/uploads\/2025\/11\/Tende-Wave-Creation-Bauman-Universal-Soggiorno-a-Minusio-con-vista.jpg\" \/>\n\t<meta property=\"og:image:width\" content=\"1000\" \/>\n\t<meta property=\"og:image:height\" content=\"750\" \/>\n\t<meta property=\"og:image:type\" content=\"image\/jpeg\" \/>\n<meta name=\"twitter:card\" content=\"summary_large_image\" \/>\n<meta name=\"twitter:label1\" content=\"Gesch\u00e4tzte Lesezeit\" \/>\n\t<meta name=\"twitter:data1\" content=\"17\u00a0Minuten\" \/>\n<script type=\"application\/ld+json\" class=\"yoast-schema-graph\">{\"@context\":\"https:\/\/schema.org\",\"@graph\":[{\"@type\":\"WebPage\",\"@id\":\"https:\/\/maisonshop.ch\/de\/projekt\/massgeschneiderte-lichtloesungen-fuer-ein-modernes-zuhause-in-minusio\/\",\"url\":\"https:\/\/maisonshop.ch\/de\/projekt\/massgeschneiderte-lichtloesungen-fuer-ein-modernes-zuhause-in-minusio\/\",\"name\":\"Wave-Vorh\u00e4nge in Minusio aus Universal von Cr\u00e9ation Baumann.\",\"isPartOf\":{\"@id\":\"https:\/\/maisonshop.ch\/de\/#website\"},\"primaryImageOfPage\":{\"@id\":\"https:\/\/maisonshop.ch\/de\/projekt\/massgeschneiderte-lichtloesungen-fuer-ein-modernes-zuhause-in-minusio\/#primaryimage\"},\"image\":{\"@id\":\"https:\/\/maisonshop.ch\/de\/projekt\/massgeschneiderte-lichtloesungen-fuer-ein-modernes-zuhause-in-minusio\/#primaryimage\"},\"thumbnailUrl\":\"https:\/\/maisonshop.ch\/wp-content\/uploads\/2025\/11\/Tende-Wave-Creation-Bauman-Universal-Soggiorno-a-Minusio-con-vista.jpg\",\"datePublished\":\"2025-11-14T07:31:19+00:00\",\"dateModified\":\"2025-11-14T08:09:02+00:00\",\"description\":\"Wave-Vorh\u00e4nge in Weiss und warmem Taupe in Minusio: Universal-Stoff von Cr\u00e9ation Baumann f\u00fcr ein modernes, harmonisches Zuhause.\",\"breadcrumb\":{\"@id\":\"https:\/\/maisonshop.ch\/de\/projekt\/massgeschneiderte-lichtloesungen-fuer-ein-modernes-zuhause-in-minusio\/#breadcrumb\"},\"inLanguage\":\"de\",\"potentialAction\":[{\"@type\":\"ReadAction\",\"target\":[\"https:\/\/maisonshop.ch\/de\/projekt\/massgeschneiderte-lichtloesungen-fuer-ein-modernes-zuhause-in-minusio\/\"]}]},{\"@type\":\"ImageObject\",\"inLanguage\":\"de\",\"@id\":\"https:\/\/maisonshop.ch\/de\/projekt\/massgeschneiderte-lichtloesungen-fuer-ein-modernes-zuhause-in-minusio\/#primaryimage\",\"url\":\"https:\/\/maisonshop.ch\/wp-content\/uploads\/2025\/11\/Tende-Wave-Creation-Bauman-Universal-Soggiorno-a-Minusio-con-vista.jpg\",\"contentUrl\":\"https:\/\/maisonshop.ch\/wp-content\/uploads\/2025\/11\/Tende-Wave-Creation-Bauman-Universal-Soggiorno-a-Minusio-con-vista.jpg\",\"width\":1000,\"height\":750,\"caption\":\"Wave-Vorh\u00e4nge Cr\u00e9ation Baumann Universal im Wohnzimmer in Minusio\"},{\"@type\":\"BreadcrumbList\",\"@id\":\"https:\/\/maisonshop.ch\/de\/projekt\/massgeschneiderte-lichtloesungen-fuer-ein-modernes-zuhause-in-minusio\/#breadcrumb\",\"itemListElement\":[{\"@type\":\"ListItem\",\"position\":1,\"name\":\"Home\",\"item\":\"https:\/\/maisonshop.ch\/de\/home\/\"},{\"@type\":\"ListItem\",\"position\":2,\"name\":\"Portfolio\",\"item\":\"https:\/\/maisonshop.ch\/de\/projekt\/\"},{\"@type\":\"ListItem\",\"position\":3,\"name\":\"Massgeschneiderte Lichtl\u00f6sungen f\u00fcr ein modernes Zuhause in Minusio\"}]},{\"@type\":\"WebSite\",\"@id\":\"https:\/\/maisonshop.ch\/de\/#website\",\"url\":\"https:\/\/maisonshop.ch\/de\/\",\"name\":\"Maisonshop.ch\",\"description\":\"Le ma\u00eetre d\u00e9corateur\",\"publisher\":{\"@id\":\"https:\/\/maisonshop.ch\/de\/#organization\"},\"alternateName\":\"Maison Shop\",\"potentialAction\":[{\"@type\":\"SearchAction\",\"target\":{\"@type\":\"EntryPoint\",\"urlTemplate\":\"https:\/\/maisonshop.ch\/de\/?s={search_term_string}\"},\"query-input\":{\"@type\":\"PropertyValueSpecification\",\"valueRequired\":true,\"valueName\":\"search_term_string\"}}],\"inLanguage\":\"de\"},{\"@type\":\"Organization\",\"@id\":\"https:\/\/maisonshop.ch\/de\/#organization\",\"name\":\"Maisonshop.ch Sagl\",\"url\":\"https:\/\/maisonshop.ch\/de\/\",\"logo\":{\"@type\":\"ImageObject\",\"inLanguage\":\"de\",\"@id\":\"https:\/\/maisonshop.ch\/de\/#\/schema\/logo\/image\/\",\"url\":\"https:\/\/maisonshop.ch\/wp-content\/uploads\/2022\/10\/ms-logo-400x90cm.png\",\"contentUrl\":\"https:\/\/maisonshop.ch\/wp-content\/uploads\/2022\/10\/ms-logo-400x90cm.png\",\"width\":400,\"height\":90,\"caption\":\"Maisonshop.ch Sagl\"},\"image\":{\"@id\":\"https:\/\/maisonshop.ch\/de\/#\/schema\/logo\/image\/\"},\"sameAs\":[\"https:\/\/www.facebook.com\/MaisonShopCh\"]}]}<\/script>\n<!-- \/ Yoast SEO plugin. -->","yoast_head_json":{"title":"Wave-Vorh\u00e4nge in Minusio aus Universal von Cr\u00e9ation Baumann.","description":"Wave-Vorh\u00e4nge in Weiss und warmem Taupe in Minusio: Universal-Stoff von Cr\u00e9ation Baumann f\u00fcr ein modernes, harmonisches Zuhause.","robots":{"index":"index","follow":"follow","max-snippet":"max-snippet:-1","max-image-preview":"max-image-preview:large","max-video-preview":"max-video-preview:-1"},"canonical":"https:\/\/maisonshop.ch\/de\/projekt\/massgeschneiderte-lichtloesungen-fuer-ein-modernes-zuhause-in-minusio\/","og_locale":"de_DE","og_type":"article","og_title":"Wave-Vorh\u00e4nge in Minusio aus Universal von Cr\u00e9ation Baumann.","og_description":"Wave-Vorh\u00e4nge in Weiss und warmem Taupe in Minusio: Universal-Stoff von Cr\u00e9ation Baumann f\u00fcr ein modernes, harmonisches Zuhause.","og_url":"https:\/\/maisonshop.ch\/de\/projekt\/massgeschneiderte-lichtloesungen-fuer-ein-modernes-zuhause-in-minusio\/","og_site_name":"Maisonshop.ch","article_publisher":"https:\/\/www.facebook.com\/MaisonShopCh","article_modified_time":"2025-11-14T08:09:02+00:00","og_image":[{"width":1000,"height":750,"url":"https:\/\/maisonshop.ch\/wp-content\/uploads\/2025\/11\/Tende-Wave-Creation-Bauman-Universal-Soggiorno-a-Minusio-con-vista.jpg","type":"image\/jpeg"}],"twitter_card":"summary_large_image","twitter_misc":{"Gesch\u00e4tzte Lesezeit":"17\u00a0Minuten"},"schema":{"@context":"https:\/\/schema.org","@graph":[{"@type":"WebPage","@id":"https:\/\/maisonshop.ch\/de\/projekt\/massgeschneiderte-lichtloesungen-fuer-ein-modernes-zuhause-in-minusio\/","url":"https:\/\/maisonshop.ch\/de\/projekt\/massgeschneiderte-lichtloesungen-fuer-ein-modernes-zuhause-in-minusio\/","name":"Wave-Vorh\u00e4nge in Minusio aus Universal von Cr\u00e9ation Baumann.","isPartOf":{"@id":"https:\/\/maisonshop.ch\/de\/#website"},"primaryImageOfPage":{"@id":"https:\/\/maisonshop.ch\/de\/projekt\/massgeschneiderte-lichtloesungen-fuer-ein-modernes-zuhause-in-minusio\/#primaryimage"},"image":{"@id":"https:\/\/maisonshop.ch\/de\/projekt\/massgeschneiderte-lichtloesungen-fuer-ein-modernes-zuhause-in-minusio\/#primaryimage"},"thumbnailUrl":"https:\/\/maisonshop.ch\/wp-content\/uploads\/2025\/11\/Tende-Wave-Creation-Bauman-Universal-Soggiorno-a-Minusio-con-vista.jpg","datePublished":"2025-11-14T07:31:19+00:00","dateModified":"2025-11-14T08:09:02+00:00","description":"Wave-Vorh\u00e4nge in Weiss und warmem Taupe in Minusio: Universal-Stoff von Cr\u00e9ation Baumann f\u00fcr ein modernes, harmonisches Zuhause.","breadcrumb":{"@id":"https:\/\/maisonshop.ch\/de\/projekt\/massgeschneiderte-lichtloesungen-fuer-ein-modernes-zuhause-in-minusio\/#breadcrumb"},"inLanguage":"de","potentialAction":[{"@type":"ReadAction","target":["https:\/\/maisonshop.ch\/de\/projekt\/massgeschneiderte-lichtloesungen-fuer-ein-modernes-zuhause-in-minusio\/"]}]},{"@type":"ImageObject","inLanguage":"de","@id":"https:\/\/maisonshop.ch\/de\/projekt\/massgeschneiderte-lichtloesungen-fuer-ein-modernes-zuhause-in-minusio\/#primaryimage","url":"https:\/\/maisonshop.ch\/wp-content\/uploads\/2025\/11\/Tende-Wave-Creation-Bauman-Universal-Soggiorno-a-Minusio-con-vista.jpg","contentUrl":"https:\/\/maisonshop.ch\/wp-content\/uploads\/2025\/11\/Tende-Wave-Creation-Bauman-Universal-Soggiorno-a-Minusio-con-vista.jpg","width":1000,"height":750,"caption":"Wave-Vorh\u00e4nge Cr\u00e9ation Baumann Universal im Wohnzimmer in Minusio"},{"@type":"BreadcrumbList","@id":"https:\/\/maisonshop.ch\/de\/projekt\/massgeschneiderte-lichtloesungen-fuer-ein-modernes-zuhause-in-minusio\/#breadcrumb","itemListElement":[{"@type":"ListItem","position":1,"name":"Home","item":"https:\/\/maisonshop.ch\/de\/home\/"},{"@type":"ListItem","position":2,"name":"Portfolio","item":"https:\/\/maisonshop.ch\/de\/projekt\/"},{"@type":"ListItem","position":3,"name":"Massgeschneiderte Lichtl\u00f6sungen f\u00fcr ein modernes Zuhause in Minusio"}]},{"@type":"WebSite","@id":"https:\/\/maisonshop.ch\/de\/#website","url":"https:\/\/maisonshop.ch\/de\/","name":"Maisonshop.ch","description":"Le ma\u00eetre d\u00e9corateur","publisher":{"@id":"https:\/\/maisonshop.ch\/de\/#organization"},"alternateName":"Maison Shop","potentialAction":[{"@type":"SearchAction","target":{"@type":"EntryPoint","urlTemplate":"https:\/\/maisonshop.ch\/de\/?s={search_term_string}"},"query-input":{"@type":"PropertyValueSpecification","valueRequired":true,"valueName":"search_term_string"}}],"inLanguage":"de"},{"@type":"Organization","@id":"https:\/\/maisonshop.ch\/de\/#organization","name":"Maisonshop.ch Sagl","url":"https:\/\/maisonshop.ch\/de\/","logo":{"@type":"ImageObject","inLanguage":"de","@id":"https:\/\/maisonshop.ch\/de\/#\/schema\/logo\/image\/","url":"https:\/\/maisonshop.ch\/wp-content\/uploads\/2022\/10\/ms-logo-400x90cm.png","contentUrl":"https:\/\/maisonshop.ch\/wp-content\/uploads\/2022\/10\/ms-logo-400x90cm.png","width":400,"height":90,"caption":"Maisonshop.ch Sagl"},"image":{"@id":"https:\/\/maisonshop.ch\/de\/#\/schema\/logo\/image\/"},"sameAs":["https:\/\/www.facebook.com\/MaisonShopCh"]}]}},"_links":{"self":[{"href":"https:\/\/maisonshop.ch\/de\/wp-json\/wp\/v2\/avada_portfolio\/6015","targetHints":{"allow":["GET"]}}],"collection":[{"href":"https:\/\/maisonshop.ch\/de\/wp-json\/wp\/v2\/avada_portfolio"}],"about":[{"href":"https:\/\/maisonshop.ch\/de\/wp-json\/wp\/v2\/types\/avada_portfolio"}],"author":[{"embeddable":true,"href":"https:\/\/maisonshop.ch\/de\/wp-json\/wp\/v2\/users\/1"}],"replies":[{"embeddable":true,"href":"https:\/\/maisonshop.ch\/de\/wp-json\/wp\/v2\/comments?post=6015"}],"version-history":[{"count":6,"href":"https:\/\/maisonshop.ch\/de\/wp-json\/wp\/v2\/avada_portfolio\/6015\/revisions"}],"predecessor-version":[{"id":6022,"href":"https:\/\/maisonshop.ch\/de\/wp-json\/wp\/v2\/avada_portfolio\/6015\/revisions\/6022"}],"wp:featuredmedia":[{"embeddable":true,"href":"https:\/\/maisonshop.ch\/de\/wp-json\/wp\/v2\/media\/6009"}],"wp:attachment":[{"href":"https:\/\/maisonshop.ch\/de\/wp-json\/wp\/v2\/media?parent=6015"}],"wp:term":[{"taxonomy":"portfolio_category","embeddable":true,"href":"https:\/\/maisonshop.ch\/de\/wp-json\/wp\/v2\/portfolio_category?post=6015"},{"taxonomy":"portfolio_skills","embeddable":true,"href":"https:\/\/maisonshop.ch\/de\/wp-json\/wp\/v2\/portfolio_skills?post=6015"},{"taxonomy":"portfolio_tags","embeddable":true,"href":"https:\/\/maisonshop.ch\/de\/wp-json\/wp\/v2\/portfolio_tags?post=6015"}],"curies":[{"name":"wp","href":"https:\/\/api.w.org\/{rel}","templated":true}]}}