{"id":5411,"date":"2025-10-10T09:12:36","date_gmt":"2025-10-10T07:12:36","guid":{"rendered":"https:\/\/maisonshop.ch\/projekte\/"},"modified":"2025-10-10T11:45:32","modified_gmt":"2025-10-10T09:45:32","slug":"projekte","status":"publish","type":"page","link":"https:\/\/maisonshop.ch\/de\/projekte\/","title":{"rendered":"Projekte"},"content":{"rendered":"<div class=\"fusion-fullwidth fullwidth-box fusion-builder-row-1 fusion-flex-container has-pattern-background has-mask-background nonhundred-percent-fullwidth non-hundred-percent-height-scrolling\" style=\"--awb-border-radius-top-left:0px;--awb-border-radius-top-right:0px;--awb-border-radius-bottom-right:0px;--awb-border-radius-bottom-left:0px;--awb-flex-wrap:wrap;\" ><div class=\"fusion-builder-row fusion-row fusion-flex-align-items-flex-start fusion-flex-content-wrap\" style=\"max-width:1320.8px;margin-left: calc(-4% \/ 2 );margin-right: calc(-4% \/ 2 );\"><div class=\"fusion-layout-column fusion_builder_column fusion-builder-column-0 fusion_builder_column_1_1 1_1 fusion-flex-column\" style=\"--awb-bg-size:cover;--awb-width-large:100%;--awb-margin-top-large:0px;--awb-spacing-right-large:1.92%;--awb-margin-bottom-large:25px;--awb-spacing-left-large:1.92%;--awb-width-medium:100%;--awb-order-medium:0;--awb-spacing-right-medium:1.92%;--awb-spacing-left-medium:1.92%;--awb-width-small:100%;--awb-order-small:0;--awb-spacing-right-small:1.92%;--awb-spacing-left-small:1.92%;\"><div class=\"fusion-column-wrapper fusion-column-has-shadow fusion-flex-justify-content-flex-start fusion-content-layout-column\"><style type=\"text\/css\">.fusion-portfolio-wrapper#fusion-portfolio-1 .fusion-portfolio-content{ padding: 30px 35px 35px 35px; text-align: left; }<\/style><div class=\"fusion-recent-works fusion-portfolio-element fusion-portfolio fusion-portfolio-1 fusion-portfolio-grid fusion-portfolio-paging-load-more-button fusion-portfolio-three fusion-portfolio-boxed fusion-portfolio-text fusion-portfolio-rollover\" data-id=\"-rw-1\" data-columns=\"three\"><div><ul class=\"fusion-filters\" role=\"menu\" aria-label=\"Portfolio Filters\"><li role=\"presentation\" class=\"fusion-filter fusion-filter-all fusion-active\"><a href=\"#\" data-filter=\"*\" role=\"menuitem\">Alle<\/a><\/li><li role=\"presentation\" class=\"fusion-filter fusion-hidden\"><a href=\"#\" data-filter=\".bodenbelage\" role=\"menuitem\">Bodenbel\u00e4ge<\/a><\/li><li role=\"presentation\" class=\"fusion-filter fusion-hidden\"><a href=\"#\" data-filter=\".insektenschutz\" role=\"menuitem\">Insektenschutz<\/a><\/li><li role=\"presentation\" class=\"fusion-filter fusion-hidden\"><a href=\"#\" data-filter=\".markisen\" role=\"menuitem\">Markisen<\/a><\/li><li role=\"presentation\" class=\"fusion-filter fusion-hidden\"><a href=\"#\" data-filter=\".polsteratelier\" role=\"menuitem\">Polsteratelier<\/a><\/li><li role=\"presentation\" class=\"fusion-filter fusion-hidden\"><a href=\"#\" data-filter=\".tapeten\" role=\"menuitem\">Tapeten<\/a><\/li><li role=\"presentation\" class=\"fusion-filter fusion-hidden\"><a href=\"#\" data-filter=\".vorhange\" role=\"menuitem\">Vorh\u00e4nge<\/a><\/li><\/ul><\/div><style type=\"text\/css\">.fusion-portfolio-1 .fusion-portfolio-wrapper .fusion-col-spacing{padding:20px;}<\/style><div class=\"fusion-portfolio-wrapper\" id=\"fusion-portfolio-1\" data-picturesize=\"auto\" data-pages=\"2\" style=\"margin:-20px;\"><article id=\"portfolio-1-post-6149\" class=\"fusion-portfolio-post vorhange vorhange-locarno fusion-col-spacing post-6149\"><div class=\"fusion-portfolio-content-wrapper\" style=\"border:1px solid var(--awb-color3);border-bottom-width:3px;background-color:var(--awb-color2);\"><div  class=\"fusion-image-wrapper\" aria-haspopup=\"true\">\n\t\t\t\t<img decoding=\"async\" width=\"1000\" height=\"750\" src=\"https:\/\/maisonshop.ch\/wp-content\/uploads\/2025\/11\/Tende-esterne-a-rullo-Gambarogno2.jpg\" class=\"attachment-full size-full lazyload wp-post-image\" alt=\"Aussenrollos Gambarogno\" srcset=\"data:image\/svg+xml,%3Csvg%20xmlns%3D%27http%3A%2F%2Fwww.w3.org%2F2000%2Fsvg%27%20width%3D%271000%27%20height%3D%27750%27%20viewBox%3D%270%200%201000%20750%27%3E%3Crect%20width%3D%271000%27%20height%3D%27750%27%20fill-opacity%3D%220%22%2F%3E%3C%2Fsvg%3E\" data-orig-src=\"https:\/\/maisonshop.ch\/wp-content\/uploads\/2025\/11\/Tende-esterne-a-rullo-Gambarogno2.jpg\" data-srcset=\"https:\/\/maisonshop.ch\/wp-content\/uploads\/2025\/11\/Tende-esterne-a-rullo-Gambarogno2-200x150.jpg 200w, https:\/\/maisonshop.ch\/wp-content\/uploads\/2025\/11\/Tende-esterne-a-rullo-Gambarogno2-400x300.jpg 400w, https:\/\/maisonshop.ch\/wp-content\/uploads\/2025\/11\/Tende-esterne-a-rullo-Gambarogno2-600x450.jpg 600w, https:\/\/maisonshop.ch\/wp-content\/uploads\/2025\/11\/Tende-esterne-a-rullo-Gambarogno2-800x600.jpg 800w, https:\/\/maisonshop.ch\/wp-content\/uploads\/2025\/11\/Tende-esterne-a-rullo-Gambarogno2.jpg 1000w\" data-sizes=\"auto\" \/><div class=\"fusion-rollover\">\n\t<div class=\"fusion-rollover-content\">\n\n\t\t\t\t\n\t\t\n\t\t\t\t\t\t\t\t\n\t\t\t\t\t\t\t\t\n\t\t\n\t\t\t\t\t\t<a class=\"fusion-link-wrapper\" href=\"https:\/\/maisonshop.ch\/de\/projekt\/aussenrollos-in-gambarogno\/?portfolioCats=46%2C61%2C62%2C58%2C63%2C44%2C64\" aria-label=\"Aussenrollos in Gambarogno\"><\/a>\n\t<\/div>\n<\/div>\n<\/div>\n<div class=\"fusion-portfolio-content\" style=\"background-color:var(--awb-color2);\"><h2 class=\"fusion-post-title\"><a href=\"https:\/\/maisonshop.ch\/de\/projekt\/aussenrollos-in-gambarogno\/?portfolioCats=46%2C61%2C62%2C58%2C63%2C44%2C64\">Aussenrollos in Gambarogno<\/a><\/h2><div class=\"fusion-content-sep sep-none\" style=\"border-color:var(--awb-color3);\"><\/div><div class=\"fusion-post-content\"><p>Eine elegante L\u00f6sung f\u00fcr Terrassen mit starker Sonneneinstrahlung am Lago Maggiore  In einem wundersch\u00f6nen  ...<\/p><\/div><\/div><\/div><\/article><article id=\"portfolio-1-post-6085\" class=\"fusion-portfolio-post vorhange vorhange-bellinzona fusion-col-spacing post-6085\"><div class=\"fusion-portfolio-content-wrapper\" style=\"border:1px solid var(--awb-color3);border-bottom-width:3px;background-color:var(--awb-color2);\"><div  class=\"fusion-image-wrapper\" aria-haspopup=\"true\">\n\t\t\t\t<img decoding=\"async\" width=\"1000\" height=\"750\" src=\"https:\/\/maisonshop.ch\/wp-content\/uploads\/2025\/11\/Tende-verticali-Slope-a-Giubiasco.jpg\" class=\"attachment-full size-full lazyload wp-post-image\" alt=\"Vertikalstoren Slope motorisiert in Giubiasco\" srcset=\"data:image\/svg+xml,%3Csvg%20xmlns%3D%27http%3A%2F%2Fwww.w3.org%2F2000%2Fsvg%27%20width%3D%271000%27%20height%3D%27750%27%20viewBox%3D%270%200%201000%20750%27%3E%3Crect%20width%3D%271000%27%20height%3D%27750%27%20fill-opacity%3D%220%22%2F%3E%3C%2Fsvg%3E\" data-orig-src=\"https:\/\/maisonshop.ch\/wp-content\/uploads\/2025\/11\/Tende-verticali-Slope-a-Giubiasco.jpg\" data-srcset=\"https:\/\/maisonshop.ch\/wp-content\/uploads\/2025\/11\/Tende-verticali-Slope-a-Giubiasco-200x150.jpg 200w, https:\/\/maisonshop.ch\/wp-content\/uploads\/2025\/11\/Tende-verticali-Slope-a-Giubiasco-400x300.jpg 400w, https:\/\/maisonshop.ch\/wp-content\/uploads\/2025\/11\/Tende-verticali-Slope-a-Giubiasco-600x450.jpg 600w, https:\/\/maisonshop.ch\/wp-content\/uploads\/2025\/11\/Tende-verticali-Slope-a-Giubiasco-800x600.jpg 800w, https:\/\/maisonshop.ch\/wp-content\/uploads\/2025\/11\/Tende-verticali-Slope-a-Giubiasco.jpg 1000w\" data-sizes=\"auto\" \/><div class=\"fusion-rollover\">\n\t<div class=\"fusion-rollover-content\">\n\n\t\t\t\t\n\t\t\n\t\t\t\t\t\t\t\t\n\t\t\t\t\t\t\t\t\n\t\t\n\t\t\t\t\t\t<a class=\"fusion-link-wrapper\" href=\"https:\/\/maisonshop.ch\/de\/projekt\/vertikalstoren-slope-giubiasco-motorisierte-loesung-fuer-trapezfoermige-fenster\/?portfolioCats=46%2C61%2C62%2C58%2C63%2C44%2C64\" aria-label=\"Vertikalstoren Slope Giubiasco \u2013 Motorisierte L\u00f6sung f\u00fcr trapezf\u00f6rmige Fenster\"><\/a>\n\t<\/div>\n<\/div>\n<\/div>\n<div class=\"fusion-portfolio-content\" style=\"background-color:var(--awb-color2);\"><h2 class=\"fusion-post-title\"><a href=\"https:\/\/maisonshop.ch\/de\/projekt\/vertikalstoren-slope-giubiasco-motorisierte-loesung-fuer-trapezfoermige-fenster\/?portfolioCats=46%2C61%2C62%2C58%2C63%2C44%2C64\">Vertikalstoren Slope Giubiasco \u2013 Motorisierte L\u00f6sung f\u00fcr trapezf\u00f6rmige Fenster<\/a><\/h2><div class=\"fusion-content-sep sep-none\" style=\"border-color:var(--awb-color3);\"><\/div><div class=\"fusion-post-content\"><p> Lichtkontrolle und technisches Design f\u00fcr moderne Architektur  Ein Projekt zur optimalen Beschattung eines  ...<\/p><\/div><\/div><\/div><\/article><article id=\"portfolio-1-post-6074\" class=\"fusion-portfolio-post vorhange vorhange-bellinzona fusion-col-spacing post-6074\"><div class=\"fusion-portfolio-content-wrapper\" style=\"border:1px solid var(--awb-color3);border-bottom-width:3px;background-color:var(--awb-color2);\"><div  class=\"fusion-image-wrapper\" aria-haspopup=\"true\">\n\t\t\t\t<img decoding=\"async\" width=\"1000\" height=\"750\" src=\"https:\/\/maisonshop.ch\/wp-content\/uploads\/2025\/11\/Tende-a-pacchetto-Bellinzona.jpg\" class=\"attachment-full size-full lazyload wp-post-image\" alt=\"Faltrollos Bellinzona\" srcset=\"data:image\/svg+xml,%3Csvg%20xmlns%3D%27http%3A%2F%2Fwww.w3.org%2F2000%2Fsvg%27%20width%3D%271000%27%20height%3D%27750%27%20viewBox%3D%270%200%201000%20750%27%3E%3Crect%20width%3D%271000%27%20height%3D%27750%27%20fill-opacity%3D%220%22%2F%3E%3C%2Fsvg%3E\" data-orig-src=\"https:\/\/maisonshop.ch\/wp-content\/uploads\/2025\/11\/Tende-a-pacchetto-Bellinzona.jpg\" data-srcset=\"https:\/\/maisonshop.ch\/wp-content\/uploads\/2025\/11\/Tende-a-pacchetto-Bellinzona-200x150.jpg 200w, https:\/\/maisonshop.ch\/wp-content\/uploads\/2025\/11\/Tende-a-pacchetto-Bellinzona-400x300.jpg 400w, https:\/\/maisonshop.ch\/wp-content\/uploads\/2025\/11\/Tende-a-pacchetto-Bellinzona-600x450.jpg 600w, https:\/\/maisonshop.ch\/wp-content\/uploads\/2025\/11\/Tende-a-pacchetto-Bellinzona-800x600.jpg 800w, https:\/\/maisonshop.ch\/wp-content\/uploads\/2025\/11\/Tende-a-pacchetto-Bellinzona.jpg 1000w\" data-sizes=\"auto\" \/><div class=\"fusion-rollover\">\n\t<div class=\"fusion-rollover-content\">\n\n\t\t\t\t\n\t\t\n\t\t\t\t\t\t\t\t\n\t\t\t\t\t\t\t\t\n\t\t\n\t\t\t\t\t\t<a class=\"fusion-link-wrapper\" href=\"https:\/\/maisonshop.ch\/de\/projekt\/faltrollos-bellinzona-helligkeit-und-komfort-im-modernen-schlafzimmer\/?portfolioCats=46%2C61%2C62%2C58%2C63%2C44%2C64\" aria-label=\"Faltrollos Bellinzona \u2013 Helligkeit und Komfort im modernen Schlafzimmer\"><\/a>\n\t<\/div>\n<\/div>\n<\/div>\n<div class=\"fusion-portfolio-content\" style=\"background-color:var(--awb-color2);\"><h2 class=\"fusion-post-title\"><a href=\"https:\/\/maisonshop.ch\/de\/projekt\/faltrollos-bellinzona-helligkeit-und-komfort-im-modernen-schlafzimmer\/?portfolioCats=46%2C61%2C62%2C58%2C63%2C44%2C64\">Faltrollos Bellinzona \u2013 Helligkeit und Komfort im modernen Schlafzimmer<\/a><\/h2><div class=\"fusion-content-sep sep-none\" style=\"border-color:var(--awb-color3);\"><\/div><div class=\"fusion-post-content\"><p>Sanftes Licht und eine beruhigende Atmosph\u00e4re  Ein Projekt, das darauf ausgerichtet ist, Komfort, Privatsph\u00e4re  ...<\/p><\/div><\/div><\/div><\/article><article id=\"portfolio-1-post-6058\" class=\"fusion-portfolio-post vorhange vorhange-bellinzona fusion-col-spacing post-6058\"><div class=\"fusion-portfolio-content-wrapper\" style=\"border:1px solid var(--awb-color3);border-bottom-width:3px;background-color:var(--awb-color2);\"><div  class=\"fusion-image-wrapper\" aria-haspopup=\"true\">\n\t\t\t\t<img decoding=\"async\" width=\"750\" height=\"1000\" src=\"https:\/\/maisonshop.ch\/wp-content\/uploads\/2025\/11\/Tende-Wave-semitrasparenti-Humabds-Biomed.jpg\" class=\"attachment-full size-full lazyload wp-post-image\" alt=\"Halbtransparente Wave-Vorh\u00e4nge Cr\u00e9ation Baumann f\u00fcr Humabs Biomed\" srcset=\"data:image\/svg+xml,%3Csvg%20xmlns%3D%27http%3A%2F%2Fwww.w3.org%2F2000%2Fsvg%27%20width%3D%27750%27%20height%3D%271000%27%20viewBox%3D%270%200%20750%201000%27%3E%3Crect%20width%3D%27750%27%20height%3D%271000%27%20fill-opacity%3D%220%22%2F%3E%3C%2Fsvg%3E\" data-orig-src=\"https:\/\/maisonshop.ch\/wp-content\/uploads\/2025\/11\/Tende-Wave-semitrasparenti-Humabds-Biomed.jpg\" data-srcset=\"https:\/\/maisonshop.ch\/wp-content\/uploads\/2025\/11\/Tende-Wave-semitrasparenti-Humabds-Biomed-200x267.jpg 200w, https:\/\/maisonshop.ch\/wp-content\/uploads\/2025\/11\/Tende-Wave-semitrasparenti-Humabds-Biomed-400x533.jpg 400w, https:\/\/maisonshop.ch\/wp-content\/uploads\/2025\/11\/Tende-Wave-semitrasparenti-Humabds-Biomed-600x800.jpg 600w, https:\/\/maisonshop.ch\/wp-content\/uploads\/2025\/11\/Tende-Wave-semitrasparenti-Humabds-Biomed.jpg 750w\" data-sizes=\"auto\" \/><div class=\"fusion-rollover\">\n\t<div class=\"fusion-rollover-content\">\n\n\t\t\t\t\n\t\t\n\t\t\t\t\t\t\t\t\n\t\t\t\t\t\t\t\t\n\t\t\n\t\t\t\t\t\t<a class=\"fusion-link-wrapper\" href=\"https:\/\/maisonshop.ch\/de\/projekt\/vorhaenge-bellinzona-funktion-und-farbe-bei-humabs-biomed\/?portfolioCats=46%2C61%2C62%2C58%2C63%2C44%2C64\" aria-label=\"Vorh\u00e4nge Bellinzona \u2013 Funktion und Farbe bei Humabs Biomed\"><\/a>\n\t<\/div>\n<\/div>\n<\/div>\n<div class=\"fusion-portfolio-content\" style=\"background-color:var(--awb-color2);\"><h2 class=\"fusion-post-title\"><a href=\"https:\/\/maisonshop.ch\/de\/projekt\/vorhaenge-bellinzona-funktion-und-farbe-bei-humabs-biomed\/?portfolioCats=46%2C61%2C62%2C58%2C63%2C44%2C64\">Vorh\u00e4nge Bellinzona \u2013 Funktion und Farbe bei Humabs Biomed<\/a><\/h2><div class=\"fusion-content-sep sep-none\" style=\"border-color:var(--awb-color3);\"><\/div><div class=\"fusion-post-content\"><p> Massgeschneidertes Licht f\u00fcr ein modernes Arbeitsumfeld in Bellinzona Ein Projekt, das Funktionalit\u00e4t, Komfort und  ...<\/p><\/div><\/div><\/div><\/article><article id=\"portfolio-1-post-6029\" class=\"fusion-portfolio-post vorhange vorhange-bellinzona fusion-col-spacing post-6029\"><div class=\"fusion-portfolio-content-wrapper\" style=\"border:1px solid var(--awb-color3);border-bottom-width:3px;background-color:var(--awb-color2);\"><div  class=\"fusion-image-wrapper\" aria-haspopup=\"true\">\n\t\t\t\t<img decoding=\"async\" width=\"1000\" height=\"585\" src=\"https:\/\/maisonshop.ch\/wp-content\/uploads\/2025\/11\/Tende-a-rullo-motorizzate-Teba-a-Monte-Carasso-Bellinzona.jpg\" class=\"attachment-full size-full lazyload wp-post-image\" alt=\"Motorisierte Rollos Teba in Monte Carasso - Bellinzona\" srcset=\"data:image\/svg+xml,%3Csvg%20xmlns%3D%27http%3A%2F%2Fwww.w3.org%2F2000%2Fsvg%27%20width%3D%271000%27%20height%3D%27585%27%20viewBox%3D%270%200%201000%20585%27%3E%3Crect%20width%3D%271000%27%20height%3D%27585%27%20fill-opacity%3D%220%22%2F%3E%3C%2Fsvg%3E\" data-orig-src=\"https:\/\/maisonshop.ch\/wp-content\/uploads\/2025\/11\/Tende-a-rullo-motorizzate-Teba-a-Monte-Carasso-Bellinzona.jpg\" data-srcset=\"https:\/\/maisonshop.ch\/wp-content\/uploads\/2025\/11\/Tende-a-rullo-motorizzate-Teba-a-Monte-Carasso-Bellinzona-200x117.jpg 200w, https:\/\/maisonshop.ch\/wp-content\/uploads\/2025\/11\/Tende-a-rullo-motorizzate-Teba-a-Monte-Carasso-Bellinzona-400x234.jpg 400w, https:\/\/maisonshop.ch\/wp-content\/uploads\/2025\/11\/Tende-a-rullo-motorizzate-Teba-a-Monte-Carasso-Bellinzona-600x351.jpg 600w, https:\/\/maisonshop.ch\/wp-content\/uploads\/2025\/11\/Tende-a-rullo-motorizzate-Teba-a-Monte-Carasso-Bellinzona-800x468.jpg 800w, https:\/\/maisonshop.ch\/wp-content\/uploads\/2025\/11\/Tende-a-rullo-motorizzate-Teba-a-Monte-Carasso-Bellinzona.jpg 1000w\" data-sizes=\"auto\" \/><div class=\"fusion-rollover\">\n\t<div class=\"fusion-rollover-content\">\n\n\t\t\t\t\n\t\t\n\t\t\t\t\t\t\t\t\n\t\t\t\t\t\t\t\t\n\t\t\n\t\t\t\t\t\t<a class=\"fusion-link-wrapper\" href=\"https:\/\/maisonshop.ch\/de\/projekt\/motorisierte-rollos-fuer-ein-modernes-wohnzimmer-in-monte-carasso\/?portfolioCats=46%2C61%2C62%2C58%2C63%2C44%2C64\" aria-label=\"Motorisierte Rollos f\u00fcr ein modernes Wohnzimmer in Monte Carasso\"><\/a>\n\t<\/div>\n<\/div>\n<\/div>\n<div class=\"fusion-portfolio-content\" style=\"background-color:var(--awb-color2);\"><h2 class=\"fusion-post-title\"><a href=\"https:\/\/maisonshop.ch\/de\/projekt\/motorisierte-rollos-fuer-ein-modernes-wohnzimmer-in-monte-carasso\/?portfolioCats=46%2C61%2C62%2C58%2C63%2C44%2C64\">Motorisierte Rollos f\u00fcr ein modernes Wohnzimmer in Monte Carasso<\/a><\/h2><div class=\"fusion-content-sep sep-none\" style=\"border-color:var(--awb-color3);\"><\/div><div class=\"fusion-post-content\"><p> Komfort, gefiltertes Licht und minimalistisches Design mit den kabellosen Teba-Rollos  Ein Projekt, das  ...<\/p><\/div><\/div><\/div><\/article><article id=\"portfolio-1-post-6015\" class=\"fusion-portfolio-post vorhange vorhange-locarno fusion-col-spacing post-6015\"><div class=\"fusion-portfolio-content-wrapper\" style=\"border:1px solid var(--awb-color3);border-bottom-width:3px;background-color:var(--awb-color2);\"><div  class=\"fusion-image-wrapper\" aria-haspopup=\"true\">\n\t\t\t\t<img decoding=\"async\" width=\"1000\" height=\"750\" src=\"https:\/\/maisonshop.ch\/wp-content\/uploads\/2025\/11\/Tende-Wave-Creation-Bauman-Universal-Soggiorno-a-Minusio-con-vista.jpg\" class=\"attachment-full size-full lazyload wp-post-image\" alt=\"Wave-Vorh\u00e4nge Cr\u00e9ation Baumann Universal im Wohnzimmer in Minusio\" srcset=\"data:image\/svg+xml,%3Csvg%20xmlns%3D%27http%3A%2F%2Fwww.w3.org%2F2000%2Fsvg%27%20width%3D%271000%27%20height%3D%27750%27%20viewBox%3D%270%200%201000%20750%27%3E%3Crect%20width%3D%271000%27%20height%3D%27750%27%20fill-opacity%3D%220%22%2F%3E%3C%2Fsvg%3E\" data-orig-src=\"https:\/\/maisonshop.ch\/wp-content\/uploads\/2025\/11\/Tende-Wave-Creation-Bauman-Universal-Soggiorno-a-Minusio-con-vista.jpg\" data-srcset=\"https:\/\/maisonshop.ch\/wp-content\/uploads\/2025\/11\/Tende-Wave-Creation-Bauman-Universal-Soggiorno-a-Minusio-con-vista-200x150.jpg 200w, https:\/\/maisonshop.ch\/wp-content\/uploads\/2025\/11\/Tende-Wave-Creation-Bauman-Universal-Soggiorno-a-Minusio-con-vista-400x300.jpg 400w, https:\/\/maisonshop.ch\/wp-content\/uploads\/2025\/11\/Tende-Wave-Creation-Bauman-Universal-Soggiorno-a-Minusio-con-vista-600x450.jpg 600w, https:\/\/maisonshop.ch\/wp-content\/uploads\/2025\/11\/Tende-Wave-Creation-Bauman-Universal-Soggiorno-a-Minusio-con-vista-800x600.jpg 800w, https:\/\/maisonshop.ch\/wp-content\/uploads\/2025\/11\/Tende-Wave-Creation-Bauman-Universal-Soggiorno-a-Minusio-con-vista.jpg 1000w\" data-sizes=\"auto\" \/><div class=\"fusion-rollover\">\n\t<div class=\"fusion-rollover-content\">\n\n\t\t\t\t\n\t\t\n\t\t\t\t\t\t\t\t\n\t\t\t\t\t\t\t\t\n\t\t\n\t\t\t\t\t\t<a class=\"fusion-link-wrapper\" href=\"https:\/\/maisonshop.ch\/de\/projekt\/massgeschneiderte-lichtloesungen-fuer-ein-modernes-zuhause-in-minusio\/?portfolioCats=46%2C61%2C62%2C58%2C63%2C44%2C64\" aria-label=\"Massgeschneiderte Lichtl\u00f6sungen f\u00fcr ein modernes Zuhause in Minusio\"><\/a>\n\t<\/div>\n<\/div>\n<\/div>\n<div class=\"fusion-portfolio-content\" style=\"background-color:var(--awb-color2);\"><h2 class=\"fusion-post-title\"><a href=\"https:\/\/maisonshop.ch\/de\/projekt\/massgeschneiderte-lichtloesungen-fuer-ein-modernes-zuhause-in-minusio\/?portfolioCats=46%2C61%2C62%2C58%2C63%2C44%2C64\">Massgeschneiderte Lichtl\u00f6sungen f\u00fcr ein modernes Zuhause in Minusio<\/a><\/h2><div class=\"fusion-content-sep sep-none\" style=\"border-color:var(--awb-color3);\"><\/div><div class=\"fusion-post-content\"><p>Massgeschneidertes Licht f\u00fcr ein modernes Zuhause in Minusio  Ein Projekt, das \u00c4sthetik und Alltag  ...<\/p><\/div><\/div><\/div><\/article><article id=\"portfolio-1-post-5993\" class=\"fusion-portfolio-post vorhange vorhange-locarno fusion-col-spacing post-5993\"><div class=\"fusion-portfolio-content-wrapper\" style=\"border:1px solid var(--awb-color3);border-bottom-width:3px;background-color:var(--awb-color2);\"><div  class=\"fusion-image-wrapper\" aria-haspopup=\"true\">\n\t\t\t\t<img decoding=\"async\" width=\"1000\" height=\"750\" src=\"https:\/\/maisonshop.ch\/wp-content\/uploads\/2025\/11\/Tende-a-rullo-Creation-Baumann3.jpg\" class=\"attachment-full size-full lazyload wp-post-image\" alt=\"Rollo-Vorh\u00e4nge von Cr\u00e9ation Baumann Wohnzimmer\" srcset=\"data:image\/svg+xml,%3Csvg%20xmlns%3D%27http%3A%2F%2Fwww.w3.org%2F2000%2Fsvg%27%20width%3D%271000%27%20height%3D%27750%27%20viewBox%3D%270%200%201000%20750%27%3E%3Crect%20width%3D%271000%27%20height%3D%27750%27%20fill-opacity%3D%220%22%2F%3E%3C%2Fsvg%3E\" data-orig-src=\"https:\/\/maisonshop.ch\/wp-content\/uploads\/2025\/11\/Tende-a-rullo-Creation-Baumann3.jpg\" data-srcset=\"https:\/\/maisonshop.ch\/wp-content\/uploads\/2025\/11\/Tende-a-rullo-Creation-Baumann3-200x150.jpg 200w, https:\/\/maisonshop.ch\/wp-content\/uploads\/2025\/11\/Tende-a-rullo-Creation-Baumann3-400x300.jpg 400w, https:\/\/maisonshop.ch\/wp-content\/uploads\/2025\/11\/Tende-a-rullo-Creation-Baumann3-600x450.jpg 600w, https:\/\/maisonshop.ch\/wp-content\/uploads\/2025\/11\/Tende-a-rullo-Creation-Baumann3-800x600.jpg 800w, https:\/\/maisonshop.ch\/wp-content\/uploads\/2025\/11\/Tende-a-rullo-Creation-Baumann3.jpg 1000w\" data-sizes=\"auto\" \/><div class=\"fusion-rollover\">\n\t<div class=\"fusion-rollover-content\">\n\n\t\t\t\t\n\t\t\n\t\t\t\t\t\t\t\t\n\t\t\t\t\t\t\t\t\n\t\t\n\t\t\t\t\t\t<a class=\"fusion-link-wrapper\" href=\"https:\/\/maisonshop.ch\/de\/projekt\/vorhaenge-locarno-komfort-und-stil-fuer-schlafzimmer-und-wohnzimmer\/?portfolioCats=46%2C61%2C62%2C58%2C63%2C44%2C64\" aria-label=\"Vorh\u00e4nge Locarno \u2013 Komfort und Stil f\u00fcr Schlafzimmer und Wohnzimmer\"><\/a>\n\t<\/div>\n<\/div>\n<\/div>\n<div class=\"fusion-portfolio-content\" style=\"background-color:var(--awb-color2);\"><h2 class=\"fusion-post-title\"><a href=\"https:\/\/maisonshop.ch\/de\/projekt\/vorhaenge-locarno-komfort-und-stil-fuer-schlafzimmer-und-wohnzimmer\/?portfolioCats=46%2C61%2C62%2C58%2C63%2C44%2C64\">Vorh\u00e4nge Locarno \u2013 Komfort und Stil f\u00fcr Schlafzimmer und Wohnzimmer<\/a><\/h2><div class=\"fusion-content-sep sep-none\" style=\"border-color:var(--awb-color3);\"><\/div><div class=\"fusion-post-content\"><p>Licht nach Mass f\u00fcr den Alltag  Ein Projekt, das Funktionalit\u00e4t und \u00c4sthetik vereint: dezente,  ...<\/p><\/div><\/div><\/div><\/article><article id=\"portfolio-1-post-5801\" class=\"fusion-portfolio-post vorhange fusion-col-spacing post-5801\"><div class=\"fusion-portfolio-content-wrapper\" style=\"border:1px solid var(--awb-color3);border-bottom-width:3px;background-color:var(--awb-color2);\"><div  class=\"fusion-image-wrapper\" aria-haspopup=\"true\">\n\t\t\t\t<img decoding=\"async\" width=\"741\" height=\"1000\" src=\"https:\/\/maisonshop.ch\/wp-content\/uploads\/2025\/10\/Tende-pergola-2.jpg\" class=\"attachment-full size-full lazyload wp-post-image\" alt=\"Tende pergola\" srcset=\"data:image\/svg+xml,%3Csvg%20xmlns%3D%27http%3A%2F%2Fwww.w3.org%2F2000%2Fsvg%27%20width%3D%27741%27%20height%3D%271000%27%20viewBox%3D%270%200%20741%201000%27%3E%3Crect%20width%3D%27741%27%20height%3D%271000%27%20fill-opacity%3D%220%22%2F%3E%3C%2Fsvg%3E\" data-orig-src=\"https:\/\/maisonshop.ch\/wp-content\/uploads\/2025\/10\/Tende-pergola-2.jpg\" data-srcset=\"https:\/\/maisonshop.ch\/wp-content\/uploads\/2025\/10\/Tende-pergola-2-200x270.jpg 200w, https:\/\/maisonshop.ch\/wp-content\/uploads\/2025\/10\/Tende-pergola-2-400x540.jpg 400w, https:\/\/maisonshop.ch\/wp-content\/uploads\/2025\/10\/Tende-pergola-2-600x810.jpg 600w, https:\/\/maisonshop.ch\/wp-content\/uploads\/2025\/10\/Tende-pergola-2.jpg 741w\" data-sizes=\"auto\" \/><div class=\"fusion-rollover\">\n\t<div class=\"fusion-rollover-content\">\n\n\t\t\t\t\n\t\t\n\t\t\t\t\t\t\t\t\n\t\t\t\t\t\t\t\t\n\t\t\n\t\t\t\t\t\t<a class=\"fusion-link-wrapper\" href=\"https:\/\/maisonshop.ch\/de\/projekt\/wave-vorhaenge-fuer-pergola-in-stabio\/?portfolioCats=46%2C61%2C62%2C58%2C63%2C44%2C64\" aria-label=\"Wave-Vorh\u00e4nge f\u00fcr Pergola in Stabio\"><\/a>\n\t<\/div>\n<\/div>\n<\/div>\n<div class=\"fusion-portfolio-content\" style=\"background-color:var(--awb-color2);\"><h2 class=\"fusion-post-title\"><a href=\"https:\/\/maisonshop.ch\/de\/projekt\/wave-vorhaenge-fuer-pergola-in-stabio\/?portfolioCats=46%2C61%2C62%2C58%2C63%2C44%2C64\">Wave-Vorh\u00e4nge f\u00fcr Pergola in Stabio<\/a><\/h2><div class=\"fusion-content-sep sep-none\" style=\"border-color:var(--awb-color3);\"><\/div><div class=\"fusion-post-content\"><p>Eleganz und Privatsph\u00e4re unter einer bioklimatischen Pergola Der Wunsch des Kunden  Der Kunde wollte  ...<\/p><\/div><\/div><\/div><\/article><article id=\"portfolio-1-post-5685\" class=\"fusion-portfolio-post markisen fusion-col-spacing post-5685\"><div class=\"fusion-portfolio-content-wrapper\" style=\"border:1px solid var(--awb-color3);border-bottom-width:3px;background-color:var(--awb-color2);\"><div  class=\"fusion-image-wrapper\" aria-haspopup=\"true\">\n\t\t\t\t<img decoding=\"async\" width=\"679\" height=\"1000\" src=\"https:\/\/maisonshop.ch\/wp-content\/uploads\/2025\/10\/Montaggio-ombrelloni-Codeborgo.jpg\" class=\"attachment-full size-full lazyload wp-post-image\" alt=\"Montaggio ombrelloni Codeborgo\" srcset=\"data:image\/svg+xml,%3Csvg%20xmlns%3D%27http%3A%2F%2Fwww.w3.org%2F2000%2Fsvg%27%20width%3D%27679%27%20height%3D%271000%27%20viewBox%3D%270%200%20679%201000%27%3E%3Crect%20width%3D%27679%27%20height%3D%271000%27%20fill-opacity%3D%220%22%2F%3E%3C%2Fsvg%3E\" data-orig-src=\"https:\/\/maisonshop.ch\/wp-content\/uploads\/2025\/10\/Montaggio-ombrelloni-Codeborgo.jpg\" data-srcset=\"https:\/\/maisonshop.ch\/wp-content\/uploads\/2025\/10\/Montaggio-ombrelloni-Codeborgo-200x295.jpg 200w, https:\/\/maisonshop.ch\/wp-content\/uploads\/2025\/10\/Montaggio-ombrelloni-Codeborgo-400x589.jpg 400w, https:\/\/maisonshop.ch\/wp-content\/uploads\/2025\/10\/Montaggio-ombrelloni-Codeborgo-600x884.jpg 600w, https:\/\/maisonshop.ch\/wp-content\/uploads\/2025\/10\/Montaggio-ombrelloni-Codeborgo.jpg 679w\" data-sizes=\"auto\" \/><div class=\"fusion-rollover\">\n\t<div class=\"fusion-rollover-content\">\n\n\t\t\t\t\n\t\t\n\t\t\t\t\t\t\t\t\n\t\t\t\t\t\t\t\t\n\t\t\n\t\t\t\t\t\t<a class=\"fusion-link-wrapper\" href=\"https:\/\/maisonshop.ch\/de\/projekt\/erneuerung-der-bahama-jumbrella-bespannungen-im-bar-codeborgo-bellinzona\/?portfolioCats=46%2C61%2C62%2C58%2C63%2C44%2C64\" aria-label=\"Erneuerung der Bahama Jumbrella-Bespannungen im Bar Codeborgo Bellinzona\"><\/a>\n\t<\/div>\n<\/div>\n<\/div>\n<div class=\"fusion-portfolio-content\" style=\"background-color:var(--awb-color2);\"><h2 class=\"fusion-post-title\"><a href=\"https:\/\/maisonshop.ch\/de\/projekt\/erneuerung-der-bahama-jumbrella-bespannungen-im-bar-codeborgo-bellinzona\/?portfolioCats=46%2C61%2C62%2C58%2C63%2C44%2C64\">Erneuerung der Bahama Jumbrella-Bespannungen im Bar Codeborgo Bellinzona<\/a><\/h2><div class=\"fusion-content-sep sep-none\" style=\"border-color:var(--awb-color3);\"><\/div><div class=\"fusion-post-content\"><p>Erneuerung der Bahama Jumbrella-Bespannungen im Bar Codeborgo Bellinzona  Im Zentrum von Bellinzona, beim Bar  ...<\/p><\/div><\/div><\/div><\/article><article id=\"portfolio-1-post-5675\" class=\"fusion-portfolio-post markisen fusion-col-spacing post-5675\"><div class=\"fusion-portfolio-content-wrapper\" style=\"border:1px solid var(--awb-color3);border-bottom-width:3px;background-color:var(--awb-color2);\"><div  class=\"fusion-image-wrapper\" aria-haspopup=\"true\">\n\t\t\t\t<img decoding=\"async\" width=\"887\" height=\"999\" src=\"https:\/\/maisonshop.ch\/wp-content\/uploads\/2025\/10\/Blu-Bar-ombrellone.jpg\" class=\"attachment-full size-full lazyload wp-post-image\" alt=\"Blu Bar ombrellone\" srcset=\"data:image\/svg+xml,%3Csvg%20xmlns%3D%27http%3A%2F%2Fwww.w3.org%2F2000%2Fsvg%27%20width%3D%27887%27%20height%3D%27999%27%20viewBox%3D%270%200%20887%20999%27%3E%3Crect%20width%3D%27887%27%20height%3D%27999%27%20fill-opacity%3D%220%22%2F%3E%3C%2Fsvg%3E\" data-orig-src=\"https:\/\/maisonshop.ch\/wp-content\/uploads\/2025\/10\/Blu-Bar-ombrellone.jpg\" data-srcset=\"https:\/\/maisonshop.ch\/wp-content\/uploads\/2025\/10\/Blu-Bar-ombrellone-200x225.jpg 200w, https:\/\/maisonshop.ch\/wp-content\/uploads\/2025\/10\/Blu-Bar-ombrellone-400x451.jpg 400w, https:\/\/maisonshop.ch\/wp-content\/uploads\/2025\/10\/Blu-Bar-ombrellone-600x676.jpg 600w, https:\/\/maisonshop.ch\/wp-content\/uploads\/2025\/10\/Blu-Bar-ombrellone-800x901.jpg 800w, https:\/\/maisonshop.ch\/wp-content\/uploads\/2025\/10\/Blu-Bar-ombrellone.jpg 887w\" data-sizes=\"auto\" \/><div class=\"fusion-rollover\">\n\t<div class=\"fusion-rollover-content\">\n\n\t\t\t\t\n\t\t\n\t\t\t\t\t\t\t\t\n\t\t\t\t\t\t\t\t\n\t\t\n\t\t\t\t\t\t<a class=\"fusion-link-wrapper\" href=\"https:\/\/maisonshop.ch\/de\/projekt\/sonnenschirm-blu-bar-camorino\/?portfolioCats=46%2C61%2C62%2C58%2C63%2C44%2C64\" aria-label=\"Sonnenschirm Blu Bar Camorino\"><\/a>\n\t<\/div>\n<\/div>\n<\/div>\n<div class=\"fusion-portfolio-content\" style=\"background-color:var(--awb-color2);\"><h2 class=\"fusion-post-title\"><a href=\"https:\/\/maisonshop.ch\/de\/projekt\/sonnenschirm-blu-bar-camorino\/?portfolioCats=46%2C61%2C62%2C58%2C63%2C44%2C64\">Sonnenschirm Blu Bar Camorino<\/a><\/h2><div class=\"fusion-content-sep sep-none\" style=\"border-color:var(--awb-color3);\"><\/div><div class=\"fusion-post-content\"><p>Jumbrella-Sonnenschirm f\u00fcr die Blu Bar in Camorino: Design und Funktion f\u00fcr den Au\u00dfenbereich  F\u00fcr  ...<\/p><\/div><\/div><\/div><\/article><article id=\"portfolio-1-post-5652\" class=\"fusion-portfolio-post markisen fusion-col-spacing post-5652\"><div class=\"fusion-portfolio-content-wrapper\" style=\"border:1px solid var(--awb-color3);border-bottom-width:3px;background-color:var(--awb-color2);\"><div  class=\"fusion-image-wrapper\" aria-haspopup=\"true\">\n\t\t\t\t<img decoding=\"async\" width=\"1000\" height=\"1000\" src=\"https:\/\/maisonshop.ch\/wp-content\/uploads\/2025\/10\/ombrelloni-ospedale-mendrisio.jpg\" class=\"attachment-full size-full lazyload wp-post-image\" alt=\"ombrelloni ospedale mendrisio\" srcset=\"data:image\/svg+xml,%3Csvg%20xmlns%3D%27http%3A%2F%2Fwww.w3.org%2F2000%2Fsvg%27%20width%3D%271000%27%20height%3D%271000%27%20viewBox%3D%270%200%201000%201000%27%3E%3Crect%20width%3D%271000%27%20height%3D%271000%27%20fill-opacity%3D%220%22%2F%3E%3C%2Fsvg%3E\" data-orig-src=\"https:\/\/maisonshop.ch\/wp-content\/uploads\/2025\/10\/ombrelloni-ospedale-mendrisio.jpg\" data-srcset=\"https:\/\/maisonshop.ch\/wp-content\/uploads\/2025\/10\/ombrelloni-ospedale-mendrisio-200x200.jpg 200w, https:\/\/maisonshop.ch\/wp-content\/uploads\/2025\/10\/ombrelloni-ospedale-mendrisio-400x400.jpg 400w, https:\/\/maisonshop.ch\/wp-content\/uploads\/2025\/10\/ombrelloni-ospedale-mendrisio-600x600.jpg 600w, https:\/\/maisonshop.ch\/wp-content\/uploads\/2025\/10\/ombrelloni-ospedale-mendrisio-800x800.jpg 800w, https:\/\/maisonshop.ch\/wp-content\/uploads\/2025\/10\/ombrelloni-ospedale-mendrisio.jpg 1000w\" data-sizes=\"auto\" \/><div class=\"fusion-rollover\">\n\t<div class=\"fusion-rollover-content\">\n\n\t\t\t\t\n\t\t\n\t\t\t\t\t\t\t\t\n\t\t\t\t\t\t\t\t\n\t\t\n\t\t\t\t\t\t<a class=\"fusion-link-wrapper\" href=\"https:\/\/maisonshop.ch\/de\/projekt\/sonnenschirme-fuer-das-eoc-spital-mendrisio\/?portfolioCats=46%2C61%2C62%2C58%2C63%2C44%2C64\" aria-label=\"Sonnenschirme f\u00fcr das EOC-Spital Mendrisio\"><\/a>\n\t<\/div>\n<\/div>\n<\/div>\n<div class=\"fusion-portfolio-content\" style=\"background-color:var(--awb-color2);\"><h2 class=\"fusion-post-title\"><a href=\"https:\/\/maisonshop.ch\/de\/projekt\/sonnenschirme-fuer-das-eoc-spital-mendrisio\/?portfolioCats=46%2C61%2C62%2C58%2C63%2C44%2C64\">Sonnenschirme f\u00fcr das EOC-Spital Mendrisio<\/a><\/h2><div class=\"fusion-content-sep sep-none\" style=\"border-color:var(--awb-color3);\"><\/div><div class=\"fusion-post-content\"><p> Professionelle Sonnenschirme f\u00fcr das EOC-Spital Mendrisio: Komfort und Schutz im Au\u00dfenbereich  F\u00fcr das  ...<\/p><\/div><\/div><\/div><\/article><article id=\"portfolio-1-post-5551\" class=\"fusion-portfolio-post bodenbelage polsteratelier tapeten vorhange vorhange-lugano fusion-col-spacing post-5551\"><div class=\"fusion-portfolio-content-wrapper\" style=\"border:1px solid var(--awb-color3);border-bottom-width:3px;background-color:var(--awb-color2);\"><div  class=\"fusion-image-wrapper\" aria-haspopup=\"true\">\n\t\t\t\t<img decoding=\"async\" width=\"750\" height=\"1000\" src=\"https:\/\/maisonshop.ch\/wp-content\/uploads\/2025\/10\/IMG_20241227_112947.jpg\" class=\"attachment-full size-full lazyload wp-post-image\" alt=\"Banca Zarattini - Architettura d&#039;interni\" srcset=\"data:image\/svg+xml,%3Csvg%20xmlns%3D%27http%3A%2F%2Fwww.w3.org%2F2000%2Fsvg%27%20width%3D%27750%27%20height%3D%271000%27%20viewBox%3D%270%200%20750%201000%27%3E%3Crect%20width%3D%27750%27%20height%3D%271000%27%20fill-opacity%3D%220%22%2F%3E%3C%2Fsvg%3E\" data-orig-src=\"https:\/\/maisonshop.ch\/wp-content\/uploads\/2025\/10\/IMG_20241227_112947.jpg\" data-srcset=\"https:\/\/maisonshop.ch\/wp-content\/uploads\/2025\/10\/IMG_20241227_112947-200x267.jpg 200w, https:\/\/maisonshop.ch\/wp-content\/uploads\/2025\/10\/IMG_20241227_112947-400x533.jpg 400w, https:\/\/maisonshop.ch\/wp-content\/uploads\/2025\/10\/IMG_20241227_112947-600x800.jpg 600w, https:\/\/maisonshop.ch\/wp-content\/uploads\/2025\/10\/IMG_20241227_112947.jpg 750w\" data-sizes=\"auto\" \/><div class=\"fusion-rollover\">\n\t<div class=\"fusion-rollover-content\">\n\n\t\t\t\t\n\t\t\n\t\t\t\t\t\t\t\t\n\t\t\t\t\t\t\t\t\n\t\t\n\t\t\t\t\t\t<a class=\"fusion-link-wrapper\" href=\"https:\/\/maisonshop.ch\/de\/projekt\/innenarchitektur-bank-zarattini-lugano\/?portfolioCats=46%2C61%2C62%2C58%2C63%2C44%2C64\" aria-label=\"Innenarchitektur \u2013 Bank Zarattini Lugano\"><\/a>\n\t<\/div>\n<\/div>\n<\/div>\n<div class=\"fusion-portfolio-content\" style=\"background-color:var(--awb-color2);\"><h2 class=\"fusion-post-title\"><a href=\"https:\/\/maisonshop.ch\/de\/projekt\/innenarchitektur-bank-zarattini-lugano\/?portfolioCats=46%2C61%2C62%2C58%2C63%2C44%2C64\">Innenarchitektur \u2013 Bank Zarattini Lugano<\/a><\/h2><div class=\"fusion-content-sep sep-none\" style=\"border-color:var(--awb-color3);\"><\/div><div class=\"fusion-post-content\"><p>Funktionales Design und zeitgen\u00f6ssische Atmosph\u00e4re in Lugano Ein Projekt, das \u00c4sthetik und Komfort vereint, bei  ...<\/p><\/div><\/div><\/div><\/article><\/div><button class=\"fusion-load-more-button fusion-portfolio-button fusion-clearfix\">Mehr laden<\/button><div class=\"fusion-infinite-scroll-trigger\"><\/div><div class=\"pagination infinite-scroll clearfix\" style=\"display:none;\"><span class=\"current\">1<\/span><a href=\"https:\/\/maisonshop.ch\/de\/wp-json\/wp\/v2\/pages\/5411\/page\/2\/\" class=\"inactive\">2<\/a><a class=\"pagination-next\" rel=\"next\" href=\"https:\/\/maisonshop.ch\/de\/wp-json\/wp\/v2\/pages\/5411\/page\/2\/\"><span class=\"page-text\">Weiter<\/span><span class=\"page-next\"><\/span><\/a><\/div><div class=\"fusion-clearfix\"><\/div><\/div><\/div><\/div><\/div><\/div>\n","protected":false},"excerpt":{"rendered":"","protected":false},"author":1,"featured_media":0,"parent":0,"menu_order":0,"comment_status":"closed","ping_status":"closed","template":"100-width.php","meta":{"_monsterinsights_skip_tracking":false,"_monsterinsights_sitenote_active":false,"_monsterinsights_sitenote_note":"","_monsterinsights_sitenote_category":0,"_themeisle_gutenberg_block_has_review":false,"footnotes":""},"class_list":["post-5411","page","type-page","status-publish","hentry"],"yoast_head":"<!-- This site is optimized with the Yoast SEO plugin v27.2 - https:\/\/yoast.com\/product\/yoast-seo-wordpress\/ -->\n<title>Projekte \u2013 Insektenschutzgitter, Vorh\u00e4nge, B\u00f6den und Polsterarbeiten im TessinTitel<\/title>\n<meta name=\"description\" content=\"Scopri i nostri progetti realizzati in Ticino: zanzariere su misura, tende eleganti, pavimenti di qualit\u00e0, tappezzerie raffinate.\" \/>\n<meta name=\"robots\" content=\"index, follow, max-snippet:-1, max-image-preview:large, max-video-preview:-1\" \/>\n<link rel=\"canonical\" href=\"https:\/\/maisonshop.ch\/de\/projekte\/\" \/>\n<meta property=\"og:locale\" content=\"de_DE\" \/>\n<meta property=\"og:type\" content=\"article\" \/>\n<meta property=\"og:title\" content=\"Projekte \u2013 Insektenschutzgitter, Vorh\u00e4nge, B\u00f6den und Polsterarbeiten im TessinTitel\" \/>\n<meta property=\"og:description\" content=\"Scopri i nostri progetti realizzati in Ticino: zanzariere su misura, tende eleganti, pavimenti di qualit\u00e0, tappezzerie raffinate.\" \/>\n<meta property=\"og:url\" content=\"https:\/\/maisonshop.ch\/de\/projekte\/\" \/>\n<meta property=\"og:site_name\" content=\"Maisonshop.ch\" \/>\n<meta property=\"article:publisher\" content=\"https:\/\/www.facebook.com\/MaisonShopCh\" \/>\n<meta property=\"article:modified_time\" content=\"2025-10-10T09:45:32+00:00\" \/>\n<meta name=\"twitter:card\" content=\"summary_large_image\" \/>\n<meta name=\"twitter:label1\" content=\"Gesch\u00e4tzte Lesezeit\" \/>\n\t<meta name=\"twitter:data1\" content=\"3\u00a0Minuten\" \/>\n<script type=\"application\/ld+json\" class=\"yoast-schema-graph\">{\"@context\":\"https:\/\/schema.org\",\"@graph\":[{\"@type\":\"WebPage\",\"@id\":\"https:\/\/maisonshop.ch\/de\/projekte\/\",\"url\":\"https:\/\/maisonshop.ch\/de\/projekte\/\",\"name\":\"Projekte \u2013 Insektenschutzgitter, Vorh\u00e4nge, B\u00f6den und Polsterarbeiten im TessinTitel\",\"isPartOf\":{\"@id\":\"https:\/\/maisonshop.ch\/de\/#website\"},\"datePublished\":\"2025-10-10T07:12:36+00:00\",\"dateModified\":\"2025-10-10T09:45:32+00:00\",\"description\":\"Scopri i nostri progetti realizzati in Ticino: zanzariere su misura, tende eleganti, pavimenti di qualit\u00e0, tappezzerie raffinate.\",\"breadcrumb\":{\"@id\":\"https:\/\/maisonshop.ch\/de\/projekte\/#breadcrumb\"},\"inLanguage\":\"de\",\"potentialAction\":[{\"@type\":\"ReadAction\",\"target\":[\"https:\/\/maisonshop.ch\/de\/projekte\/\"]}]},{\"@type\":\"BreadcrumbList\",\"@id\":\"https:\/\/maisonshop.ch\/de\/projekte\/#breadcrumb\",\"itemListElement\":[{\"@type\":\"ListItem\",\"position\":1,\"name\":\"Home\",\"item\":\"https:\/\/maisonshop.ch\/de\/home\/\"},{\"@type\":\"ListItem\",\"position\":2,\"name\":\"Projekte\"}]},{\"@type\":\"WebSite\",\"@id\":\"https:\/\/maisonshop.ch\/de\/#website\",\"url\":\"https:\/\/maisonshop.ch\/de\/\",\"name\":\"Maisonshop.ch\",\"description\":\"Le ma\u00eetre d\u00e9corateur\",\"publisher\":{\"@id\":\"https:\/\/maisonshop.ch\/de\/#organization\"},\"alternateName\":\"Maison Shop\",\"potentialAction\":[{\"@type\":\"SearchAction\",\"target\":{\"@type\":\"EntryPoint\",\"urlTemplate\":\"https:\/\/maisonshop.ch\/de\/?s={search_term_string}\"},\"query-input\":{\"@type\":\"PropertyValueSpecification\",\"valueRequired\":true,\"valueName\":\"search_term_string\"}}],\"inLanguage\":\"de\"},{\"@type\":\"Organization\",\"@id\":\"https:\/\/maisonshop.ch\/de\/#organization\",\"name\":\"Maisonshop.ch Sagl\",\"url\":\"https:\/\/maisonshop.ch\/de\/\",\"logo\":{\"@type\":\"ImageObject\",\"inLanguage\":\"de\",\"@id\":\"https:\/\/maisonshop.ch\/de\/#\/schema\/logo\/image\/\",\"url\":\"https:\/\/maisonshop.ch\/wp-content\/uploads\/2022\/10\/ms-logo-400x90cm.png\",\"contentUrl\":\"https:\/\/maisonshop.ch\/wp-content\/uploads\/2022\/10\/ms-logo-400x90cm.png\",\"width\":400,\"height\":90,\"caption\":\"Maisonshop.ch Sagl\"},\"image\":{\"@id\":\"https:\/\/maisonshop.ch\/de\/#\/schema\/logo\/image\/\"},\"sameAs\":[\"https:\/\/www.facebook.com\/MaisonShopCh\"]}]}<\/script>\n<!-- \/ Yoast SEO plugin. -->","yoast_head_json":{"title":"Projekte \u2013 Insektenschutzgitter, Vorh\u00e4nge, B\u00f6den und Polsterarbeiten im TessinTitel","description":"Scopri i nostri progetti realizzati in Ticino: zanzariere su misura, tende eleganti, pavimenti di qualit\u00e0, tappezzerie raffinate.","robots":{"index":"index","follow":"follow","max-snippet":"max-snippet:-1","max-image-preview":"max-image-preview:large","max-video-preview":"max-video-preview:-1"},"canonical":"https:\/\/maisonshop.ch\/de\/projekte\/","og_locale":"de_DE","og_type":"article","og_title":"Projekte \u2013 Insektenschutzgitter, Vorh\u00e4nge, B\u00f6den und Polsterarbeiten im TessinTitel","og_description":"Scopri i nostri progetti realizzati in Ticino: zanzariere su misura, tende eleganti, pavimenti di qualit\u00e0, tappezzerie raffinate.","og_url":"https:\/\/maisonshop.ch\/de\/projekte\/","og_site_name":"Maisonshop.ch","article_publisher":"https:\/\/www.facebook.com\/MaisonShopCh","article_modified_time":"2025-10-10T09:45:32+00:00","twitter_card":"summary_large_image","twitter_misc":{"Gesch\u00e4tzte Lesezeit":"3\u00a0Minuten"},"schema":{"@context":"https:\/\/schema.org","@graph":[{"@type":"WebPage","@id":"https:\/\/maisonshop.ch\/de\/projekte\/","url":"https:\/\/maisonshop.ch\/de\/projekte\/","name":"Projekte \u2013 Insektenschutzgitter, Vorh\u00e4nge, B\u00f6den und Polsterarbeiten im TessinTitel","isPartOf":{"@id":"https:\/\/maisonshop.ch\/de\/#website"},"datePublished":"2025-10-10T07:12:36+00:00","dateModified":"2025-10-10T09:45:32+00:00","description":"Scopri i nostri progetti realizzati in Ticino: zanzariere su misura, tende eleganti, pavimenti di qualit\u00e0, tappezzerie raffinate.","breadcrumb":{"@id":"https:\/\/maisonshop.ch\/de\/projekte\/#breadcrumb"},"inLanguage":"de","potentialAction":[{"@type":"ReadAction","target":["https:\/\/maisonshop.ch\/de\/projekte\/"]}]},{"@type":"BreadcrumbList","@id":"https:\/\/maisonshop.ch\/de\/projekte\/#breadcrumb","itemListElement":[{"@type":"ListItem","position":1,"name":"Home","item":"https:\/\/maisonshop.ch\/de\/home\/"},{"@type":"ListItem","position":2,"name":"Projekte"}]},{"@type":"WebSite","@id":"https:\/\/maisonshop.ch\/de\/#website","url":"https:\/\/maisonshop.ch\/de\/","name":"Maisonshop.ch","description":"Le ma\u00eetre d\u00e9corateur","publisher":{"@id":"https:\/\/maisonshop.ch\/de\/#organization"},"alternateName":"Maison Shop","potentialAction":[{"@type":"SearchAction","target":{"@type":"EntryPoint","urlTemplate":"https:\/\/maisonshop.ch\/de\/?s={search_term_string}"},"query-input":{"@type":"PropertyValueSpecification","valueRequired":true,"valueName":"search_term_string"}}],"inLanguage":"de"},{"@type":"Organization","@id":"https:\/\/maisonshop.ch\/de\/#organization","name":"Maisonshop.ch Sagl","url":"https:\/\/maisonshop.ch\/de\/","logo":{"@type":"ImageObject","inLanguage":"de","@id":"https:\/\/maisonshop.ch\/de\/#\/schema\/logo\/image\/","url":"https:\/\/maisonshop.ch\/wp-content\/uploads\/2022\/10\/ms-logo-400x90cm.png","contentUrl":"https:\/\/maisonshop.ch\/wp-content\/uploads\/2022\/10\/ms-logo-400x90cm.png","width":400,"height":90,"caption":"Maisonshop.ch Sagl"},"image":{"@id":"https:\/\/maisonshop.ch\/de\/#\/schema\/logo\/image\/"},"sameAs":["https:\/\/www.facebook.com\/MaisonShopCh"]}]}},"_links":{"self":[{"href":"https:\/\/maisonshop.ch\/de\/wp-json\/wp\/v2\/pages\/5411","targetHints":{"allow":["GET"]}}],"collection":[{"href":"https:\/\/maisonshop.ch\/de\/wp-json\/wp\/v2\/pages"}],"about":[{"href":"https:\/\/maisonshop.ch\/de\/wp-json\/wp\/v2\/types\/page"}],"author":[{"embeddable":true,"href":"https:\/\/maisonshop.ch\/de\/wp-json\/wp\/v2\/users\/1"}],"replies":[{"embeddable":true,"href":"https:\/\/maisonshop.ch\/de\/wp-json\/wp\/v2\/comments?post=5411"}],"version-history":[{"count":1,"href":"https:\/\/maisonshop.ch\/de\/wp-json\/wp\/v2\/pages\/5411\/revisions"}],"predecessor-version":[{"id":5412,"href":"https:\/\/maisonshop.ch\/de\/wp-json\/wp\/v2\/pages\/5411\/revisions\/5412"}],"wp:attachment":[{"href":"https:\/\/maisonshop.ch\/de\/wp-json\/wp\/v2\/media?parent=5411"}],"curies":[{"name":"wp","href":"https:\/\/api.w.org\/{rel}","templated":true}]}}